{"id":1078,"date":"2025-09-09T12:06:45","date_gmt":"2025-09-09T12:06:45","guid":{"rendered":"https:\/\/landschaftskongress.ch\/2018\/?page_id=1078"},"modified":"2025-09-09T12:40:48","modified_gmt":"2025-09-09T12:40:48","slug":"was-wir-wollen","status":"publish","type":"page","link":"https:\/\/landschaftskongress.ch\/2018\/was-wir-wollen\/","title":{"rendered":"Was wir wollen"},"content":{"rendered":"\t\t<div data-elementor-type=\"wp-page\" data-elementor-id=\"1078\" class=\"elementor elementor-1078\" data-elementor-post-type=\"page\">\n\t\t\t\t<div class=\"elementor-element elementor-element-61b230c e-flex e-con-boxed e-con e-parent\" data-id=\"61b230c\" data-element_type=\"container\" data-e-type=\"container\" data-settings=\"{&quot;background_background&quot;:&quot;classic&quot;}\">\n\t\t\t\t\t<div class=\"e-con-inner\">\n\t\t<div class=\"elementor-element elementor-element-eecb991 e-con-full e-flex e-con e-child\" data-id=\"eecb991\" data-element_type=\"container\" data-e-type=\"container\">\n\t\t\t\t<div class=\"elementor-element elementor-element-e7df01d elementor-invisible elementor-widget elementor-widget-heading\" data-id=\"e7df01d\" data-element_type=\"widget\" data-e-type=\"widget\" id=\"headerTitel\" data-settings=\"{&quot;_animation&quot;:&quot;fadeInUp&quot;}\" data-widget_type=\"heading.default\">\n\t\t\t\t<div class=\"elementor-widget-container\">\n\t\t\t\t\t<h1 class=\"elementor-heading-title elementor-size-default\">Was wir wollen<\/h1>\t\t\t\t<\/div>\n\t\t\t\t<\/div>\n\t\t\t\t<\/div>\n\t\t\t\t\t<\/div>\n\t\t\t\t<\/div>\n\t\t<div class=\"elementor-element elementor-element-9271da4 e-con-full e-flex e-con e-parent\" data-id=\"9271da4\" data-element_type=\"container\" data-e-type=\"container\" data-settings=\"{&quot;background_background&quot;:&quot;classic&quot;}\">\n\t\t\t\t<div class=\"elementor-element elementor-element-59162a1 elementor-widget elementor-widget-spacer\" data-id=\"59162a1\" data-element_type=\"widget\" data-e-type=\"widget\" data-widget_type=\"spacer.default\">\n\t\t\t\t<div class=\"elementor-widget-container\">\n\t\t\t\t\t\t\t<div class=\"elementor-spacer\">\n\t\t\t<div class=\"elementor-spacer-inner\"><\/div>\n\t\t<\/div>\n\t\t\t\t\t\t<\/div>\n\t\t\t\t<\/div>\n\t\t\t\t<\/div>\n\t\t<div class=\"elementor-element elementor-element-0c59999 e-flex e-con-boxed e-con e-parent\" data-id=\"0c59999\" data-element_type=\"container\" data-e-type=\"container\" data-settings=\"{&quot;background_background&quot;:&quot;classic&quot;}\">\n\t\t\t\t\t<div class=\"e-con-inner\">\n\t\t\t\t<div class=\"elementor-element elementor-element-3a4fc3b elementor-invisible elementor-widget elementor-widget-heading\" data-id=\"3a4fc3b\" data-element_type=\"widget\" data-e-type=\"widget\" data-settings=\"{&quot;_animation&quot;:&quot;fadeInUp&quot;}\" data-widget_type=\"heading.default\">\n\t\t\t\t<div class=\"elementor-widget-container\">\n\t\t\t\t\t<h3 class=\"elementor-heading-title elementor-size-default\">Die Landschaft der Zukunft braucht Gestaltung<\/h3>\t\t\t\t<\/div>\n\t\t\t\t<\/div>\n\t\t\t\t<div class=\"elementor-element elementor-element-386b0cb elementor-widget__width-initial elementor-invisible elementor-widget elementor-widget-text-editor\" data-id=\"386b0cb\" data-element_type=\"widget\" data-e-type=\"widget\" data-settings=\"{&quot;_animation&quot;:&quot;fadeIn&quot;,&quot;_animation_delay&quot;:300}\" data-widget_type=\"text-editor.default\">\n\t\t\t\t<div class=\"elementor-widget-container\">\n\t\t\t\t\t\t\t\t\t<p>Landschaft ist wertvoll. F\u00fcr Bewohnerinnen und Bewohner der Schweiz steht sie ganz oben, wenn es um Wohnen, Freizeit oder Ferien geht. Sie f\u00fchlen sich ihr verbunden. Als Wahrzeichen mit weltweiter Ausstrahlung zieht Schweizer Landschaft auch viele Besucherinnen und Besucher an.<\/p><p>\u00a0<\/p><p>Landschaft ist aber kein statisches Gebilde, sondern befindet sich in stetem Wandel: Digitalisierung, globale wirtschaftliche und klimatische oder demographische Ver\u00e4nderungen beeinflussen die Landschaft und ihre Wahrnehmung. Die Biodiversit\u00e4t nimmt ab, kulturelle Zeugen gehen verloren und regionale Besonderheiten verwischen. Dieser Wandel hat sich in den letzten Jahrzehnten beschleunigt, besch\u00e4ftigt die Fachwelt und l\u00e4sst auch die Bev\u00f6lkerung nicht kalt \u00a0\u2013 sei es im Zusammenhang mit Zersiedelung, Strukturwandel in der Landwirtschaft, Energiewende,\u00a0 Bauen ausserhalb der Bauzone oder im Umgang mit Naturgefahren.<\/p><p>\u00a0<\/p><p>Die Ver\u00e4nderungen spielen sich ab vor dem Hintergrund einer grossen gesellschaftlichen Nachfrage nach \u00abhochwertigen\u00bb oder schlicht \u00absch\u00f6nen\u00bb Landschaften. Sie fordern aber auch einen anderen Umgang mit der Landschaft und er\u00f6ffnen ein weites Spannungsfeld, in dem es den Landschaftswandel bewusster zu gestalten gilt.<\/p>\t\t\t\t\t\t\t\t<\/div>\n\t\t\t\t<\/div>\n\t\t\t\t\t<\/div>\n\t\t\t\t<\/div>\n\t\t<div class=\"elementor-element elementor-element-86cd191 e-flex e-con-boxed e-con e-parent\" data-id=\"86cd191\" data-element_type=\"container\" data-e-type=\"container\" data-settings=\"{&quot;background_background&quot;:&quot;classic&quot;}\">\n\t\t\t\t\t<div class=\"e-con-inner\">\n\t\t\t\t<div class=\"elementor-element elementor-element-96750da elementor-invisible elementor-widget elementor-widget-heading\" data-id=\"96750da\" data-element_type=\"widget\" data-e-type=\"widget\" data-settings=\"{&quot;_animation&quot;:&quot;fadeInUp&quot;}\" data-widget_type=\"heading.default\">\n\t\t\t\t<div class=\"elementor-widget-container\">\n\t\t\t\t\t<h3 class=\"elementor-heading-title elementor-size-default\">Landschaft zur Diskussion stellen<\/h3>\t\t\t\t<\/div>\n\t\t\t\t<\/div>\n\t\t\t\t<div class=\"elementor-element elementor-element-81fb7da elementor-widget__width-initial elementor-invisible elementor-widget elementor-widget-text-editor\" data-id=\"81fb7da\" data-element_type=\"widget\" data-e-type=\"widget\" data-settings=\"{&quot;_animation&quot;:&quot;fadeIn&quot;,&quot;_animation_delay&quot;:300}\" data-widget_type=\"text-editor.default\">\n\t\t\t\t<div class=\"elementor-widget-container\">\n\t\t\t\t\t\t\t\t\t<p>Der 1. Schweizer Landschaftskongress stellt die Landschaft in der Schweiz zur Diskussion. In drei thematischen <a class=\"internal\" href=\"https:\/\/landschaftskongress.ch\/2018#aufruf_fuer_beitraege_5\">Schwerpunkten<\/a>\u00a0stellen wir die Frage nach den Wurzeln unseres Landschaftsverst\u00e4ndnisses, nach den Faktoren, die zum Landschaftswandel beitragen und nach der k\u00fcnftigen Entwicklung der Landschaft.<\/p><p>Vertreterinnen und Vertreter aus Politik und Praxis, Forschung und Lehre sind eingeladen, sich am Dialog zu beteiligen und zusammen L\u00f6sungen f\u00fcr eine qualitative Weiterentwicklung der Schweizer Landschaft zu suchen und zu entwickeln.<\/p>\t\t\t\t\t\t\t\t<\/div>\n\t\t\t\t<\/div>\n\t\t\t\t\t<\/div>\n\t\t\t\t<\/div>\n\t\t<div class=\"elementor-element elementor-element-ed91dfa e-flex e-con-boxed e-con e-parent\" data-id=\"ed91dfa\" data-element_type=\"container\" data-e-type=\"container\" data-settings=\"{&quot;background_background&quot;:&quot;classic&quot;}\">\n\t\t\t\t\t<div class=\"e-con-inner\">\n\t\t\t\t<div class=\"elementor-element elementor-element-2b79e19 elementor-invisible elementor-widget elementor-widget-heading\" data-id=\"2b79e19\" data-element_type=\"widget\" data-e-type=\"widget\" data-settings=\"{&quot;_animation&quot;:&quot;fadeInUp&quot;}\" data-widget_type=\"heading.default\">\n\t\t\t\t<div class=\"elementor-widget-container\">\n\t\t\t\t\t<h3 class=\"elementor-heading-title elementor-size-default\">Organisation und Tr\u00e4gerschaft<\/h3>\t\t\t\t<\/div>\n\t\t\t\t<\/div>\n\t\t\t\t<div class=\"elementor-element elementor-element-4657b58 elementor-widget__width-initial elementor-invisible elementor-widget elementor-widget-text-editor\" data-id=\"4657b58\" data-element_type=\"widget\" data-e-type=\"widget\" data-settings=\"{&quot;_animation&quot;:&quot;fadeIn&quot;,&quot;_animation_delay&quot;:300}\" data-widget_type=\"text-editor.default\">\n\t\t\t\t<div class=\"elementor-widget-container\">\n\t\t\t\t\t\t\t\t\t<p>Organisiert wird die Tagung vom Forum Landschaft, einem unabh\u00e4ngigen Verein aus Fachpersonen und institutionellen Mitgliedern aus Forschung, Praxis und Verwaltung, zusammen mit einer breit aufgestellten <a class=\"internal\" href=\"https:\/\/landschaftskongress.ch\/2018#traegerschaft_9\">Tr\u00e4ger- und Partnerschaft<\/a>. Eine daraus gebildete <a class=\"internal\" href=\"https:\/\/landschaftskongress.ch\/2018#ueber_uns_8\">Programmgruppe<\/a>\u00a0ist f\u00fcr die Programmgestaltung verantwortlich.<\/p>\t\t\t\t\t\t\t\t<\/div>\n\t\t\t\t<\/div>\n\t\t\t\t\t<\/div>\n\t\t\t\t<\/div>\n\t\t<div class=\"elementor-element elementor-element-71a9bd9 e-flex e-con-boxed e-con e-parent\" data-id=\"71a9bd9\" data-element_type=\"container\" data-e-type=\"container\" data-settings=\"{&quot;background_background&quot;:&quot;classic&quot;}\">\n\t\t\t\t\t<div class=\"e-con-inner\">\n\t\t\t\t<div class=\"elementor-element elementor-element-60a367b elementor-invisible elementor-widget elementor-widget-heading\" data-id=\"60a367b\" data-element_type=\"widget\" data-e-type=\"widget\" data-settings=\"{&quot;_animation&quot;:&quot;fadeInUp&quot;}\" data-widget_type=\"heading.default\">\n\t\t\t\t<div class=\"elementor-widget-container\">\n\t\t\t\t\t<h3 class=\"elementor-heading-title elementor-size-default\">Wer soll am Landschaftskongress teilnehmen?<\/h3>\t\t\t\t<\/div>\n\t\t\t\t<\/div>\n\t\t\t\t<div class=\"elementor-element elementor-element-2673477 elementor-widget__width-initial elementor-invisible elementor-widget elementor-widget-text-editor\" data-id=\"2673477\" data-element_type=\"widget\" data-e-type=\"widget\" data-settings=\"{&quot;_animation&quot;:&quot;fadeIn&quot;,&quot;_animation_delay&quot;:300}\" data-widget_type=\"text-editor.default\">\n\t\t\t\t<div class=\"elementor-widget-container\">\n\t\t\t\t\t\t\t\t\t<p>Der Landschaftskongress richtet sich an alle, die sich mit der Zukunft der Landschaft in der Schweiz und im angrenzenden Ausland befassen: Agronominnen, Architekten, Biologinnen, Forstingenieure, Geographinnen, Historiker, Ingenieurinnen, Kulturhistoriker, Landschaftsarchitektinnen, Naturwissenschaftler, \u00d6konominnen, Politiker, Politikwissenschaftlerinnen, Raumplaner, Sozialanthropologinnen, Sozialwissenschaftlerinnen, Sprachwissenschaftler, Tourismusfachleute, Umweltfachleute und andere mehr.<\/p>\t\t\t\t\t\t\t\t<\/div>\n\t\t\t\t<\/div>\n\t\t\t\t\t<\/div>\n\t\t\t\t<\/div>\n\t\t<div class=\"elementor-element elementor-element-fa62ccb e-flex e-con-boxed e-con e-parent\" data-id=\"fa62ccb\" data-element_type=\"container\" data-e-type=\"container\" data-settings=\"{&quot;background_background&quot;:&quot;classic&quot;}\">\n\t\t\t\t\t<div class=\"e-con-inner\">\n\t\t\t\t<div class=\"elementor-element elementor-element-9b8bbb3 elementor-invisible elementor-widget elementor-widget-heading\" data-id=\"9b8bbb3\" data-element_type=\"widget\" data-e-type=\"widget\" data-settings=\"{&quot;_animation&quot;:&quot;fadeInUp&quot;}\" data-widget_type=\"heading.default\">\n\t\t\t\t<div class=\"elementor-widget-container\">\n\t\t\t\t\t<h2 class=\"elementor-heading-title elementor-size-default\">Schwerpunkte<\/h2>\t\t\t\t<\/div>\n\t\t\t\t<\/div>\n\t\t\t\t<div class=\"elementor-element elementor-element-ad19b0a elementor-widget__width-initial elementor-invisible elementor-widget elementor-widget-text-editor\" data-id=\"ad19b0a\" data-element_type=\"widget\" data-e-type=\"widget\" data-settings=\"{&quot;_animation&quot;:&quot;fadeIn&quot;,&quot;_animation_delay&quot;:300}\" data-widget_type=\"text-editor.default\">\n\t\t\t\t<div class=\"elementor-widget-container\">\n\t\t\t\t\t\t\t\t\t<p>Die drei Schwerpunkte des Kongresses widmen sich dem Landschaftsverst\u00e4ndnis, den Akteuren und Prozessen des Landschaftswandels sowie der Zukunft der Landschaft in der Schweiz. Ihnen zugeordnete Themen vertiefen die Fragestellungen.\u00a0<\/p><p>Der Kongress n\u00e4hert sich den drei gesetzten Schwerpunkten auf verschiedenen Wegen: Referate im Plenum zeigen die grossen Linien auf, parallel gef\u00fchrte Veranstaltungen vertiefen anschliessend die darin angeschnittenen Themen. Daf\u00fcr vorgesehen sind unterschiedliche Formate wie Vortragsbl\u00f6cke, Workshops und Diskussionsrunden. Auf dem Marktplatz lassen sich anhand von Postern und Ausstellungsobjekten weitere Herangehensweisen diskutieren.<\/p>\t\t\t\t\t\t\t\t<\/div>\n\t\t\t\t<\/div>\n\t\t\t\t\t<\/div>\n\t\t\t\t<\/div>\n\t\t<div class=\"elementor-element elementor-element-18a44f8 e-flex e-con-boxed e-con e-parent\" data-id=\"18a44f8\" data-element_type=\"container\" data-e-type=\"container\">\n\t\t\t\t\t<div class=\"e-con-inner\">\n\t\t<div class=\"elementor-element elementor-element-0eb2faa e-con-full e-flex e-con e-child\" data-id=\"0eb2faa\" data-element_type=\"container\" data-e-type=\"container\">\n\t\t\t\t<div class=\"elementor-element elementor-element-ac3555f elementor-invisible elementor-widget elementor-widget-heading\" data-id=\"ac3555f\" data-element_type=\"widget\" data-e-type=\"widget\" data-settings=\"{&quot;_animation&quot;:&quot;fadeInUp&quot;}\" data-widget_type=\"heading.default\">\n\t\t\t\t<div class=\"elementor-widget-container\">\n\t\t\t\t\t<h3 class=\"elementor-heading-title elementor-size-default\">1. Landschaftsverst\u00e4ndnis: <br>Woher kommen wir?<\/h3>\t\t\t\t<\/div>\n\t\t\t\t<\/div>\n\t\t\t\t<div class=\"elementor-element elementor-element-a0ce4cd elementor-widget__width-initial elementor-invisible elementor-widget elementor-widget-text-editor\" data-id=\"a0ce4cd\" data-element_type=\"widget\" data-e-type=\"widget\" data-settings=\"{&quot;_animation&quot;:&quot;fadeIn&quot;,&quot;_animation_delay&quot;:300}\" data-widget_type=\"text-editor.default\">\n\t\t\t\t<div class=\"elementor-widget-container\">\n\t\t\t\t\t\t\t\t\t<p>Im Fokus von Schwerpunkt 1 steht die Auseinandersetzung \u00fcber Wert und Wertsch\u00e4tzung der Landschaft als Lebensraum und Denkmodell. Gesucht sind Ans\u00e4tze aus verschiedenen Bereichen \u2013 von der Kulturgeschichte bis hin zum Modell der Landschaftsleistungen. Ein besonderes Augenmerk liegt auf der Landschaft als kulturelles Erbe, das es f\u00fcr die Zukunft zu sichern gilt.<\/p>\t\t\t\t\t\t\t\t<\/div>\n\t\t\t\t<\/div>\n\t\t\t\t<div class=\"elementor-element elementor-element-4b5b374 elementor-widget elementor-widget-n-accordion\" data-id=\"4b5b374\" data-element_type=\"widget\" data-e-type=\"widget\" data-settings=\"{&quot;default_state&quot;:&quot;all_collapsed&quot;,&quot;max_items_expended&quot;:&quot;one&quot;,&quot;n_accordion_animation_duration&quot;:{&quot;unit&quot;:&quot;ms&quot;,&quot;size&quot;:400,&quot;sizes&quot;:[]}}\" data-widget_type=\"nested-accordion.default\">\n\t\t\t\t<div class=\"elementor-widget-container\">\n\t\t\t\t\t\t\t<div class=\"e-n-accordion\" aria-label=\"Accordion. Open links with Enter or Space, close with Escape, and navigate with Arrow Keys\">\n\t\t\t\t\t\t<details id=\"e-n-accordion-item-7900\" class=\"e-n-accordion-item\" >\n\t\t\t\t<summary class=\"e-n-accordion-item-title\" data-accordion-index=\"1\" tabindex=\"0\" aria-expanded=\"false\" aria-controls=\"e-n-accordion-item-7900\" >\n\t\t\t\t\t<span class='e-n-accordion-item-title-header'><div class=\"e-n-accordion-item-title-text\"> Thema 1.1 Landschaft als kulturelles Erbe <\/div><\/span>\n\t\t\t\t\t\t\t<span class='e-n-accordion-item-title-icon'>\n\t\t\t<span class='e-opened' ><svg aria-hidden=\"true\" class=\"e-font-icon-svg e-fas-minus\" viewBox=\"0 0 448 512\" xmlns=\"http:\/\/www.w3.org\/2000\/svg\"><path d=\"M416 208H32c-17.67 0-32 14.33-32 32v32c0 17.67 14.33 32 32 32h384c17.67 0 32-14.33 32-32v-32c0-17.67-14.33-32-32-32z\"><\/path><\/svg><\/span>\n\t\t\t<span class='e-closed'><svg aria-hidden=\"true\" class=\"e-font-icon-svg e-fas-plus\" viewBox=\"0 0 448 512\" xmlns=\"http:\/\/www.w3.org\/2000\/svg\"><path d=\"M416 208H272V64c0-17.67-14.33-32-32-32h-32c-17.67 0-32 14.33-32 32v144H32c-17.67 0-32 14.33-32 32v32c0 17.67 14.33 32 32 32h144v144c0 17.67 14.33 32 32 32h32c17.67 0 32-14.33 32-32V304h144c17.67 0 32-14.33 32-32v-32c0-17.67-14.33-32-32-32z\"><\/path><\/svg><\/span>\n\t\t<\/span>\n\n\t\t\t\t\t\t<\/summary>\n\t\t\t\t<div role=\"region\" aria-labelledby=\"e-n-accordion-item-7900\" class=\"elementor-element elementor-element-06a412c e-con-full e-flex e-con e-child\" data-id=\"06a412c\" data-element_type=\"container\" data-e-type=\"container\">\n\t\t\t\t<div class=\"elementor-element elementor-element-980c9b2 elementor-widget elementor-widget-text-editor\" data-id=\"980c9b2\" data-element_type=\"widget\" data-e-type=\"widget\" data-widget_type=\"text-editor.default\">\n\t\t\t\t<div class=\"elementor-widget-container\">\n\t\t\t\t\t\t\t\t\t<p>Die regionalen Kulturlandschaften entstanden \u00fcber lange Zeitr\u00e4ume in komplexen Interaktionen zwischen Naturraum und Gesellschaft. Heute bem\u00fcht man sich, sie als kulturelles Erbe zu bewahren oder Landschaftselemente zu restaurieren. Dabei bestehen enge Verbindungen zu den r\u00e4umlich differenzierten Inventaren der l\u00e4ndlichen Baukultur, der historischen Verkehrswege, des kulinarischen Erbes, des immateriellen Erbes und der \u00f6kologischen Lebensr\u00e4ume. Neben den aktuellen Entwicklungen interessiert auch die Geschichte des Umgangs mit dem landschaftlichen Kulturerbe.<\/p><ul><li>Welche landschaftsbildenden Wirkungen gehen von den traditionellen Nutzungsformen aus und zu welchen Landschafts- und Naturqualit\u00e4ten f\u00fchren sie?<br \/><br \/><\/li><li>Was motiviert wann und wie, gef\u00e4hrdete Kulturlandschaften zu dokumentieren und zu sch\u00fctzen?<br \/><br \/><\/li><li>Wie setzt man das landschaftliche Kulturerbe touristisch in Wert?<br \/><br \/><\/li><li>Welche Konflikte ergeben sich aus dem Bem\u00fchen um Schutz einer Kulturlandschaft und deren dynamischer Weiterentwicklung?<\/li><\/ul>\t\t\t\t\t\t\t\t<\/div>\n\t\t\t\t<\/div>\n\t\t\t\t<\/div>\n\t\t\t\t\t<\/details>\n\t\t\t\t\t\t<details id=\"e-n-accordion-item-7901\" class=\"e-n-accordion-item\" >\n\t\t\t\t<summary class=\"e-n-accordion-item-title\" data-accordion-index=\"2\" tabindex=\"-1\" aria-expanded=\"false\" aria-controls=\"e-n-accordion-item-7901\" >\n\t\t\t\t\t<span class='e-n-accordion-item-title-header'><div class=\"e-n-accordion-item-title-text\"> Thema 1.2 Gesellschaftliche Wahrnehmung, Pr\u00e4ferenzen und Identifikation <\/div><\/span>\n\t\t\t\t\t\t\t<span class='e-n-accordion-item-title-icon'>\n\t\t\t<span class='e-opened' ><svg aria-hidden=\"true\" class=\"e-font-icon-svg e-fas-minus\" viewBox=\"0 0 448 512\" xmlns=\"http:\/\/www.w3.org\/2000\/svg\"><path d=\"M416 208H32c-17.67 0-32 14.33-32 32v32c0 17.67 14.33 32 32 32h384c17.67 0 32-14.33 32-32v-32c0-17.67-14.33-32-32-32z\"><\/path><\/svg><\/span>\n\t\t\t<span class='e-closed'><svg aria-hidden=\"true\" class=\"e-font-icon-svg e-fas-plus\" viewBox=\"0 0 448 512\" xmlns=\"http:\/\/www.w3.org\/2000\/svg\"><path d=\"M416 208H272V64c0-17.67-14.33-32-32-32h-32c-17.67 0-32 14.33-32 32v144H32c-17.67 0-32 14.33-32 32v32c0 17.67 14.33 32 32 32h144v144c0 17.67 14.33 32 32 32h32c17.67 0 32-14.33 32-32V304h144c17.67 0 32-14.33 32-32v-32c0-17.67-14.33-32-32-32z\"><\/path><\/svg><\/span>\n\t\t<\/span>\n\n\t\t\t\t\t\t<\/summary>\n\t\t\t\t<div role=\"region\" aria-labelledby=\"e-n-accordion-item-7901\" class=\"elementor-element elementor-element-7bd66d7 e-con-full e-flex e-con e-child\" data-id=\"7bd66d7\" data-element_type=\"container\" data-e-type=\"container\">\n\t\t\t\t<div class=\"elementor-element elementor-element-1b9dd57 elementor-widget elementor-widget-text-editor\" data-id=\"1b9dd57\" data-element_type=\"widget\" data-e-type=\"widget\" data-widget_type=\"text-editor.default\">\n\t\t\t\t<div class=\"elementor-widget-container\">\n\t\t\t\t\t\t\t\t\t<p>Das Verh\u00e4ltnis zwischen Mensch und Landschaft ist vielschichtig. Das Thema l\u00e4dt ein zu Analyse und Diskussion von Aspekten wie Landschaftsvorstellungen, Wahrnehmung, Pr\u00e4ferenzurteilen, Gesundheitswirkung oder Identifikation.<\/p><div class=\"tab-content blue\"><ul><li>Welche Landschaften gefallen den Leuten und warum? Wandelt sich das Bild von idealen Landschaften im Laufe der Zeit?<br \/><br \/><\/li><li><span style=\"font-family: var( --e-global-typography-text-font-family ), Sans-serif; font-style: var( --e-global-typography-text-font-style ); text-transform: var( --e-global-typography-text-text-transform ); text-align: var(--text-align);\">Was denken junge Menschen \u00fcber die Landschaft und wie sehen sie deren Zukunft?<br \/><\/span><\/li><li>Welche Rolle spielt die Landschaft als sozialer Raum?<br \/><br \/><\/li><li>Welche Bedeutung haben Ortsbindung und r\u00e4umliche Identifikation f\u00fcr die wahrgenommene Landschaftsqualit\u00e4t innerhalb und ausserhalb der Siedlungen?<br \/><br \/><\/li><li>Wie wirken sich Digitalisierung und mediale Repr\u00e4sentation auf die wahrgenommene Landschaftsqualit\u00e4t aus?<\/li><\/ul><\/div>\t\t\t\t\t\t\t\t<\/div>\n\t\t\t\t<\/div>\n\t\t\t\t<\/div>\n\t\t\t\t\t<\/details>\n\t\t\t\t\t\t<details id=\"e-n-accordion-item-7902\" class=\"e-n-accordion-item\" >\n\t\t\t\t<summary class=\"e-n-accordion-item-title\" data-accordion-index=\"3\" tabindex=\"-1\" aria-expanded=\"false\" aria-controls=\"e-n-accordion-item-7902\" >\n\t\t\t\t\t<span class='e-n-accordion-item-title-header'><div class=\"e-n-accordion-item-title-text\"> Thema 1.3 Landschaft beanspruchen, gestalten oder bewahren? <\/div><\/span>\n\t\t\t\t\t\t\t<span class='e-n-accordion-item-title-icon'>\n\t\t\t<span class='e-opened' ><svg aria-hidden=\"true\" class=\"e-font-icon-svg e-fas-minus\" viewBox=\"0 0 448 512\" xmlns=\"http:\/\/www.w3.org\/2000\/svg\"><path d=\"M416 208H32c-17.67 0-32 14.33-32 32v32c0 17.67 14.33 32 32 32h384c17.67 0 32-14.33 32-32v-32c0-17.67-14.33-32-32-32z\"><\/path><\/svg><\/span>\n\t\t\t<span class='e-closed'><svg aria-hidden=\"true\" class=\"e-font-icon-svg e-fas-plus\" viewBox=\"0 0 448 512\" xmlns=\"http:\/\/www.w3.org\/2000\/svg\"><path d=\"M416 208H272V64c0-17.67-14.33-32-32-32h-32c-17.67 0-32 14.33-32 32v144H32c-17.67 0-32 14.33-32 32v32c0 17.67 14.33 32 32 32h144v144c0 17.67 14.33 32 32 32h32c17.67 0 32-14.33 32-32V304h144c17.67 0 32-14.33 32-32v-32c0-17.67-14.33-32-32-32z\"><\/path><\/svg><\/span>\n\t\t<\/span>\n\n\t\t\t\t\t\t<\/summary>\n\t\t\t\t<div role=\"region\" aria-labelledby=\"e-n-accordion-item-7902\" class=\"elementor-element elementor-element-e503f3d e-con-full e-flex e-con e-child\" data-id=\"e503f3d\" data-element_type=\"container\" data-e-type=\"container\">\n\t\t\t\t<div class=\"elementor-element elementor-element-2e694a1 elementor-widget elementor-widget-text-editor\" data-id=\"2e694a1\" data-element_type=\"widget\" data-e-type=\"widget\" data-widget_type=\"text-editor.default\">\n\t\t\t\t<div class=\"elementor-widget-container\">\n\t\t\t\t\t\t\t\t\t<p>Landschaft ist ein \u00f6ffentliches Gut, mit allen damit verbundenen Chancen und Problemen. Das Thema umfasst Fragestellungen zur Siedlungsentwicklung, zu Naherholung und landwirtschaftlicher Nutzung, zu Natur- und Landschaftsschutz, aber auch zu Ressourcen- und Energiefragen und zum Stellenwert der Landschaft als Kulturerbe.<\/p><div class=\"tab-content blue\"><ul><li>Wer pr\u00e4gt die Landschaft wie und mit welcher Absicht?<br \/><br \/><\/li><li>Welche Interessen und Anspr\u00fcche an die Landschaft haben Nutzerinnen, Sch\u00fctzer und Produzentinnen und wo treffen diese aufeinander? Welche Konflikte und L\u00f6sungsm\u00f6glichkeiten ergeben sich daraus?<br \/><br \/><\/li><li>Welches Landschaftsbild, welche Landschaftsvorstellungen bringen diese unterschiedlichen Akteure mit?<br \/><br \/><\/li><li>Braucht es neue grosse Schutzgebiete oder reicht eine fl\u00e4chendeckende nachhaltige Entwicklung?<\/li><\/ul><\/div>\t\t\t\t\t\t\t\t<\/div>\n\t\t\t\t<\/div>\n\t\t\t\t<\/div>\n\t\t\t\t\t<\/details>\n\t\t\t\t\t\t<details id=\"e-n-accordion-item-7903\" class=\"e-n-accordion-item\" >\n\t\t\t\t<summary class=\"e-n-accordion-item-title\" data-accordion-index=\"4\" tabindex=\"-1\" aria-expanded=\"false\" aria-controls=\"e-n-accordion-item-7903\" >\n\t\t\t\t\t<span class='e-n-accordion-item-title-header'><div class=\"e-n-accordion-item-title-text\"> Thema 1.4 Innovative Methoden im Zugang zum Landschaftsverst\u00e4ndnis <\/div><\/span>\n\t\t\t\t\t\t\t<span class='e-n-accordion-item-title-icon'>\n\t\t\t<span class='e-opened' ><svg aria-hidden=\"true\" class=\"e-font-icon-svg e-fas-minus\" viewBox=\"0 0 448 512\" xmlns=\"http:\/\/www.w3.org\/2000\/svg\"><path d=\"M416 208H32c-17.67 0-32 14.33-32 32v32c0 17.67 14.33 32 32 32h384c17.67 0 32-14.33 32-32v-32c0-17.67-14.33-32-32-32z\"><\/path><\/svg><\/span>\n\t\t\t<span class='e-closed'><svg aria-hidden=\"true\" class=\"e-font-icon-svg e-fas-plus\" viewBox=\"0 0 448 512\" xmlns=\"http:\/\/www.w3.org\/2000\/svg\"><path d=\"M416 208H272V64c0-17.67-14.33-32-32-32h-32c-17.67 0-32 14.33-32 32v144H32c-17.67 0-32 14.33-32 32v32c0 17.67 14.33 32 32 32h144v144c0 17.67 14.33 32 32 32h32c17.67 0 32-14.33 32-32V304h144c17.67 0 32-14.33 32-32v-32c0-17.67-14.33-32-32-32z\"><\/path><\/svg><\/span>\n\t\t<\/span>\n\n\t\t\t\t\t\t<\/summary>\n\t\t\t\t<div role=\"region\" aria-labelledby=\"e-n-accordion-item-7903\" class=\"elementor-element elementor-element-c62ea85 e-con-full e-flex e-con e-child\" data-id=\"c62ea85\" data-element_type=\"container\" data-e-type=\"container\">\n\t\t\t\t<div class=\"elementor-element elementor-element-ffc3a8e elementor-widget elementor-widget-text-editor\" data-id=\"ffc3a8e\" data-element_type=\"widget\" data-e-type=\"widget\" data-widget_type=\"text-editor.default\">\n\t\t\t\t<div class=\"elementor-widget-container\">\n\t\t\t\t\t\t\t\t\t<p>Verschiedene Methoden erfassen, was die Landschaft wem bedeutet, welche Funktionen sie erf\u00fcllt und welche Landschaftsleistungen unterschiedliche Akteure in welchem Masse nachfragen. Zudem entstehen zunehmend neue Instrumente und Ans\u00e4tze, die es erlauben, die gesellschaftliche Wahrnehmung der Landschaft, den Wert von Landschaftsleistungen sowie Pr\u00e4ferenzen und Priorit\u00e4ten der Bev\u00f6lkerung in Planungs- und Gestaltungsprozesse zur Landschaftsentwicklung einfliessen zu lassen. Uns interessieren innovative Methoden im Bereich Modellierungen, Daten und Visualisierungen. Wir m\u00f6chten zudem wissen, welchen Nutzen das so erarbeitete Grundwissen f\u00fcr das Landschaftsverst\u00e4ndnis hat.<\/p><div class=\"tab-content blue\"><ul><li>Wie lassen sich Landschaftsleistungen und -pr\u00e4ferenzen erfassen?<br \/><br \/><\/li><li>Wie werden Landschaftsqualit\u00e4tsziele ausgehandelt?<br \/><br \/><\/li><li>Welche (neuen) Modellierungen gibt es und wie werden Visualisierungstechniken eingesetzt?<br \/><br \/><\/li><li>Was kann man mit nutzergenerierten Daten (big data, social media, citizen science) in Bezug auf die Landschaft herausfinden?<\/li><\/ul><\/div>\t\t\t\t\t\t\t\t<\/div>\n\t\t\t\t<\/div>\n\t\t\t\t<\/div>\n\t\t\t\t\t<\/details>\n\t\t\t\t\t\t<details id=\"e-n-accordion-item-7904\" class=\"e-n-accordion-item\" >\n\t\t\t\t<summary class=\"e-n-accordion-item-title\" data-accordion-index=\"5\" tabindex=\"-1\" aria-expanded=\"false\" aria-controls=\"e-n-accordion-item-7904\" >\n\t\t\t\t\t<span class='e-n-accordion-item-title-header'><div class=\"e-n-accordion-item-title-text\"> Diskussionsrunde 1: Wege zu einem gemeinsamen Landschaftsverst\u00e4ndnis <\/div><\/span>\n\t\t\t\t\t\t\t<span class='e-n-accordion-item-title-icon'>\n\t\t\t<span class='e-opened' ><svg aria-hidden=\"true\" class=\"e-font-icon-svg e-fas-minus\" viewBox=\"0 0 448 512\" xmlns=\"http:\/\/www.w3.org\/2000\/svg\"><path d=\"M416 208H32c-17.67 0-32 14.33-32 32v32c0 17.67 14.33 32 32 32h384c17.67 0 32-14.33 32-32v-32c0-17.67-14.33-32-32-32z\"><\/path><\/svg><\/span>\n\t\t\t<span class='e-closed'><svg aria-hidden=\"true\" class=\"e-font-icon-svg e-fas-plus\" viewBox=\"0 0 448 512\" xmlns=\"http:\/\/www.w3.org\/2000\/svg\"><path d=\"M416 208H272V64c0-17.67-14.33-32-32-32h-32c-17.67 0-32 14.33-32 32v144H32c-17.67 0-32 14.33-32 32v32c0 17.67 14.33 32 32 32h144v144c0 17.67 14.33 32 32 32h32c17.67 0 32-14.33 32-32V304h144c17.67 0 32-14.33 32-32v-32c0-17.67-14.33-32-32-32z\"><\/path><\/svg><\/span>\n\t\t<\/span>\n\n\t\t\t\t\t\t<\/summary>\n\t\t\t\t<div role=\"region\" aria-labelledby=\"e-n-accordion-item-7904\" class=\"elementor-element elementor-element-4aea866 e-con-full e-flex e-con e-child\" data-id=\"4aea866\" data-element_type=\"container\" data-e-type=\"container\">\n\t\t\t\t<div class=\"elementor-element elementor-element-f8877b0 elementor-widget elementor-widget-text-editor\" data-id=\"f8877b0\" data-element_type=\"widget\" data-e-type=\"widget\" data-widget_type=\"text-editor.default\">\n\t\t\t\t<div class=\"elementor-widget-container\">\n\t\t\t\t\t\t\t\t\t<p>Das Verst\u00e4ndnis von Landschaft variiert je nach Disziplin und Berufsfeld und ist auch regional unterschiedlich. Mit dem Ziel, den Dialog unter verschiedenen Akteurinnen und Akteuren zu f\u00f6rdern, m\u00f6chten wir das Landschaftsverst\u00e4ndnis verschiedener Disziplinen \u2013 von \u00d6kologie und Naturschutz \u00fcber Landschaftsarchitektur und Raumplanung bis hin zu Sozialwissenschaft und Kunst \u2013 zur Diskussion stellen.<\/p>\t\t\t\t\t\t\t\t<\/div>\n\t\t\t\t<\/div>\n\t\t\t\t<\/div>\n\t\t\t\t\t<\/details>\n\t\t\t\t\t<\/div>\n\t\t\t\t\t\t<\/div>\n\t\t\t\t<\/div>\n\t\t\t\t<\/div>\n\t\t<div class=\"elementor-element elementor-element-8d145c0 e-con-full e-flex e-con e-child\" data-id=\"8d145c0\" data-element_type=\"container\" data-e-type=\"container\">\n\t\t\t\t<div class=\"elementor-element elementor-element-98a3472 elementor-invisible elementor-widget elementor-widget-heading\" data-id=\"98a3472\" data-element_type=\"widget\" data-e-type=\"widget\" data-settings=\"{&quot;_animation&quot;:&quot;fadeInUp&quot;}\" data-widget_type=\"heading.default\">\n\t\t\t\t<div class=\"elementor-widget-container\">\n\t\t\t\t\t<h3 class=\"elementor-heading-title elementor-size-default\">2. Treibende Kr\u00e4fte und Prozesse: <br>Wer bewirkt was?<\/h3>\t\t\t\t<\/div>\n\t\t\t\t<\/div>\n\t\t\t\t<div class=\"elementor-element elementor-element-1f407f8 elementor-widget__width-initial elementor-invisible elementor-widget elementor-widget-text-editor\" data-id=\"1f407f8\" data-element_type=\"widget\" data-e-type=\"widget\" data-settings=\"{&quot;_animation&quot;:&quot;fadeIn&quot;,&quot;_animation_delay&quot;:300}\" data-widget_type=\"text-editor.default\">\n\t\t\t\t<div class=\"elementor-widget-container\">\n\t\t\t\t\t\t\t\t\t<p>Landschaft ver\u00e4ndert sich stetig. Seit der Industrialisierung hat sich der Wandel beschleunigt. Der Schwerpunkt widmet sich der Frage nach den Ursachen, Triebfedern und Treibern der grossen Landschaftsver\u00e4nderungen der letzten Jahre und ihren Auswirkungen. Er richtet sein Augenmerk sowohl auf zu erwartende Entwicklungen wie auch auf den k\u00fcnftigen Handlungsbedarf.<\/p>\t\t\t\t\t\t\t\t<\/div>\n\t\t\t\t<\/div>\n\t\t\t\t<div class=\"elementor-element elementor-element-16bb3d2 elementor-widget elementor-widget-n-accordion\" data-id=\"16bb3d2\" data-element_type=\"widget\" data-e-type=\"widget\" data-settings=\"{&quot;default_state&quot;:&quot;all_collapsed&quot;,&quot;max_items_expended&quot;:&quot;one&quot;,&quot;n_accordion_animation_duration&quot;:{&quot;unit&quot;:&quot;ms&quot;,&quot;size&quot;:400,&quot;sizes&quot;:[]}}\" data-widget_type=\"nested-accordion.default\">\n\t\t\t\t<div class=\"elementor-widget-container\">\n\t\t\t\t\t\t\t<div class=\"e-n-accordion\" aria-label=\"Accordion. Open links with Enter or Space, close with Escape, and navigate with Arrow Keys\">\n\t\t\t\t\t\t<details id=\"e-n-accordion-item-2380\" class=\"e-n-accordion-item\" >\n\t\t\t\t<summary class=\"e-n-accordion-item-title\" data-accordion-index=\"1\" tabindex=\"0\" aria-expanded=\"false\" aria-controls=\"e-n-accordion-item-2380\" >\n\t\t\t\t\t<span class='e-n-accordion-item-title-header'><div class=\"e-n-accordion-item-title-text\"> Thema 2.1 Klimawandel <\/div><\/span>\n\t\t\t\t\t\t\t<span class='e-n-accordion-item-title-icon'>\n\t\t\t<span class='e-opened' ><svg aria-hidden=\"true\" class=\"e-font-icon-svg e-fas-minus\" viewBox=\"0 0 448 512\" xmlns=\"http:\/\/www.w3.org\/2000\/svg\"><path d=\"M416 208H32c-17.67 0-32 14.33-32 32v32c0 17.67 14.33 32 32 32h384c17.67 0 32-14.33 32-32v-32c0-17.67-14.33-32-32-32z\"><\/path><\/svg><\/span>\n\t\t\t<span class='e-closed'><svg aria-hidden=\"true\" class=\"e-font-icon-svg e-fas-plus\" viewBox=\"0 0 448 512\" xmlns=\"http:\/\/www.w3.org\/2000\/svg\"><path d=\"M416 208H272V64c0-17.67-14.33-32-32-32h-32c-17.67 0-32 14.33-32 32v144H32c-17.67 0-32 14.33-32 32v32c0 17.67 14.33 32 32 32h144v144c0 17.67 14.33 32 32 32h32c17.67 0 32-14.33 32-32V304h144c17.67 0 32-14.33 32-32v-32c0-17.67-14.33-32-32-32z\"><\/path><\/svg><\/span>\n\t\t<\/span>\n\n\t\t\t\t\t\t<\/summary>\n\t\t\t\t<div role=\"region\" aria-labelledby=\"e-n-accordion-item-2380\" class=\"elementor-element elementor-element-5e55c07 e-con-full e-flex e-con e-child\" data-id=\"5e55c07\" data-element_type=\"container\" data-e-type=\"container\">\n\t\t\t\t<div class=\"elementor-element elementor-element-b5f55e0 elementor-widget elementor-widget-text-editor\" data-id=\"b5f55e0\" data-element_type=\"widget\" data-e-type=\"widget\" data-widget_type=\"text-editor.default\">\n\t\t\t\t<div class=\"elementor-widget-container\">\n\t\t\t\t\t\t\t\t\t<p>Der Klimawandel ver\u00e4ndert die Landschaft: St\u00e4dte werden zu Hitzeinseln, die man etwa mit mehr Gr\u00fcnraum abzuk\u00fchlen versucht; Starkniederschl\u00e4ge, Trockenheitsphasen, abschmelzende Gletscher und Permafrost fordern einen neuen Umgang mit Naturgefahren und stellen andere Herausforderungen an die Wasserversorgung. Klimatische Ver\u00e4nderungen beeinflussen die Land- und Forstwirtschaft und den Tourismus. Und nicht zuletzt wirkt sich die Ver\u00e4nderung der Artenzusammensetzung auch auf das zuk\u00fcnftige Landschaftsbild aus.<\/p><div class=\"tab-content blue\"><ul><li>Welche Auswirkungen hat der Klimawandel in den n\u00e4chsten 30-50 Jahren auf unsere Landschaft? Welche Methoden bieten sich, darauf zu reagieren?<br \/><br \/><\/li><li>Was bedeutet die Klimaerw\u00e4rmung f\u00fcr den Tourismus? Welche Chancen und Risiken f\u00fcr die Landschaftsentwicklung sind davon zu erwarten?<br \/><br \/><\/li><li>Was wird wie gesch\u00fctzt oder der Dynamik der Natur \u00fcberlassen? Sind Schutzmassnahmen ein Motor der Landschaftsgestaltung?<\/li><\/ul><\/div>\t\t\t\t\t\t\t\t<\/div>\n\t\t\t\t<\/div>\n\t\t\t\t<\/div>\n\t\t\t\t\t<\/details>\n\t\t\t\t\t\t<details id=\"e-n-accordion-item-2381\" class=\"e-n-accordion-item\" >\n\t\t\t\t<summary class=\"e-n-accordion-item-title\" data-accordion-index=\"2\" tabindex=\"-1\" aria-expanded=\"false\" aria-controls=\"e-n-accordion-item-2381\" >\n\t\t\t\t\t<span class='e-n-accordion-item-title-header'><div class=\"e-n-accordion-item-title-text\"> Thema 2.2 Landschaft vernetzt Lebensr\u00e4ume und schafft Vielfalt <\/div><\/span>\n\t\t\t\t\t\t\t<span class='e-n-accordion-item-title-icon'>\n\t\t\t<span class='e-opened' ><svg aria-hidden=\"true\" class=\"e-font-icon-svg e-fas-minus\" viewBox=\"0 0 448 512\" xmlns=\"http:\/\/www.w3.org\/2000\/svg\"><path d=\"M416 208H32c-17.67 0-32 14.33-32 32v32c0 17.67 14.33 32 32 32h384c17.67 0 32-14.33 32-32v-32c0-17.67-14.33-32-32-32z\"><\/path><\/svg><\/span>\n\t\t\t<span class='e-closed'><svg aria-hidden=\"true\" class=\"e-font-icon-svg e-fas-plus\" viewBox=\"0 0 448 512\" xmlns=\"http:\/\/www.w3.org\/2000\/svg\"><path d=\"M416 208H272V64c0-17.67-14.33-32-32-32h-32c-17.67 0-32 14.33-32 32v144H32c-17.67 0-32 14.33-32 32v32c0 17.67 14.33 32 32 32h144v144c0 17.67 14.33 32 32 32h32c17.67 0 32-14.33 32-32V304h144c17.67 0 32-14.33 32-32v-32c0-17.67-14.33-32-32-32z\"><\/path><\/svg><\/span>\n\t\t<\/span>\n\n\t\t\t\t\t\t<\/summary>\n\t\t\t\t<div role=\"region\" aria-labelledby=\"e-n-accordion-item-2381\" class=\"elementor-element elementor-element-19e852b e-con-full e-flex e-con e-child\" data-id=\"19e852b\" data-element_type=\"container\" data-e-type=\"container\">\n\t\t\t\t<div class=\"elementor-element elementor-element-652e169 elementor-widget elementor-widget-text-editor\" data-id=\"652e169\" data-element_type=\"widget\" data-e-type=\"widget\" data-widget_type=\"text-editor.default\">\n\t\t\t\t<div class=\"elementor-widget-container\">\n\t\t\t\t\t\t\t\t\t<p>Wie sieht die Zukunft der belebten Landschaft aus? F\u00fcr die Lebewesen ist die Landschaft ein Kontinuum und erf\u00fcllt als solches wichtige Funktionen wie die Vernetzung komplement\u00e4rer und vielf\u00e4ltiger Lebensr\u00e4ume, den genetischen Austausch oder zusammenh\u00e4ngende Erholungsr\u00e4ume. Beitr\u00e4ge zu folgenden Fragen stehen im Vordergrund:<\/p><div class=\"tab-content blue\"><ul><li>Wie wirken sich Vernetzung\/Trennung auf die Biodiversit\u00e4t und Landschafts\u00f6kologie aus?<br \/><br \/><\/li><li>Mit welchen Schutz- und Planungsinstrumenten kann die Konnektivit\u00e4t der Landschaft erhalten oder wiederhergestellt werden und wo sind Massnahmen im Bereich der \u00f6kologischen Infrastruktur am dringlichsten?<br \/><br \/><\/li><li>Welche Anspr\u00fcche stellen Freizeitnutzungen an die Vernetzung der Landschaft?<\/li><\/ul><\/div>\t\t\t\t\t\t\t\t<\/div>\n\t\t\t\t<\/div>\n\t\t\t\t<\/div>\n\t\t\t\t\t<\/details>\n\t\t\t\t\t\t<details id=\"e-n-accordion-item-2382\" class=\"e-n-accordion-item\" >\n\t\t\t\t<summary class=\"e-n-accordion-item-title\" data-accordion-index=\"3\" tabindex=\"-1\" aria-expanded=\"false\" aria-controls=\"e-n-accordion-item-2382\" >\n\t\t\t\t\t<span class='e-n-accordion-item-title-header'><div class=\"e-n-accordion-item-title-text\"> Thema 2.3 Land- und Forstwirtschaft, Energiewirtschaft und Rohstoffnutzung <\/div><\/span>\n\t\t\t\t\t\t\t<span class='e-n-accordion-item-title-icon'>\n\t\t\t<span class='e-opened' ><svg aria-hidden=\"true\" class=\"e-font-icon-svg e-fas-minus\" viewBox=\"0 0 448 512\" xmlns=\"http:\/\/www.w3.org\/2000\/svg\"><path d=\"M416 208H32c-17.67 0-32 14.33-32 32v32c0 17.67 14.33 32 32 32h384c17.67 0 32-14.33 32-32v-32c0-17.67-14.33-32-32-32z\"><\/path><\/svg><\/span>\n\t\t\t<span class='e-closed'><svg aria-hidden=\"true\" class=\"e-font-icon-svg e-fas-plus\" viewBox=\"0 0 448 512\" xmlns=\"http:\/\/www.w3.org\/2000\/svg\"><path d=\"M416 208H272V64c0-17.67-14.33-32-32-32h-32c-17.67 0-32 14.33-32 32v144H32c-17.67 0-32 14.33-32 32v32c0 17.67 14.33 32 32 32h144v144c0 17.67 14.33 32 32 32h32c17.67 0 32-14.33 32-32V304h144c17.67 0 32-14.33 32-32v-32c0-17.67-14.33-32-32-32z\"><\/path><\/svg><\/span>\n\t\t<\/span>\n\n\t\t\t\t\t\t<\/summary>\n\t\t\t\t<div role=\"region\" aria-labelledby=\"e-n-accordion-item-2382\" class=\"elementor-element elementor-element-f3b39b3 e-con-full e-flex e-con e-child\" data-id=\"f3b39b3\" data-element_type=\"container\" data-e-type=\"container\">\n\t\t\t\t<div class=\"elementor-element elementor-element-bd0575d elementor-widget elementor-widget-text-editor\" data-id=\"bd0575d\" data-element_type=\"widget\" data-e-type=\"widget\" data-widget_type=\"text-editor.default\">\n\t\t\t\t<div class=\"elementor-widget-container\">\n\t\t\t\t\t\t\t\t\t<p>Land- und Forstwirtschaft, aber auch der Abbau von Rohstoffen wie Kies und Sand sind bis heute zentrale Akteure der Landschaftsver\u00e4nderung, unterliegen aber zum Teil einem starken Wandel: Die Landwirtschaft steht im Spannungsfeld zwischen Industrialisierung, Nachhaltigkeit und regionaler Identit\u00e4t, die Forstwirtschaft zwischen effizienter Holzproduktion, Nachhaltigkeit und Erholungsnutzung. Der Rohstoffabbau ist oft an Standorte mit besonderer Landschaftsqualit\u00e4t gebunden. Auch die Infrastrukturen der Energiewirtschaft d\u00fcrften k\u00fcnftig die Landschaft massgeblich beeinflussen.<\/p><div class=\"tab-content blue\"><ul><li>Was bedeutet der Wandel von traditionellen Bewirtschaftungsformen und Nutzungen f\u00fcr die damit verbundene Kulturlandschaft?<br \/><br \/><\/li><li>Wie beeinflusst der Bedarf nach Baustoffen und erneuerbaren Energietr\u00e4gern die Landschaft?<br \/><br \/><\/li><li>Wie ver\u00e4ndert sich die Landwirtschaft und wie gehen wir mit wachsenden Waldgebieten um?<br \/><br \/><\/li><li>Welche \u00f6konomischen oder raumplanerischen Regelungen sind geeignet, die Landschaftsentwicklung durch Land- und Forstwirtschaft, Energiewirtschaft und Rohstoffnutzung zu steuern? Welche Vorteile haben sie im Vergleich zu herk\u00f6mmlichen Schutzinstrumenten?<\/li><\/ul><\/div>\t\t\t\t\t\t\t\t<\/div>\n\t\t\t\t<\/div>\n\t\t\t\t<\/div>\n\t\t\t\t\t<\/details>\n\t\t\t\t\t\t<details id=\"e-n-accordion-item-2383\" class=\"e-n-accordion-item\" >\n\t\t\t\t<summary class=\"e-n-accordion-item-title\" data-accordion-index=\"4\" tabindex=\"-1\" aria-expanded=\"false\" aria-controls=\"e-n-accordion-item-2383\" >\n\t\t\t\t\t<span class='e-n-accordion-item-title-header'><div class=\"e-n-accordion-item-title-text\"> Thema 2.4 Siedlungsentwicklung und Immobilienmarkt <\/div><\/span>\n\t\t\t\t\t\t\t<span class='e-n-accordion-item-title-icon'>\n\t\t\t<span class='e-opened' ><svg aria-hidden=\"true\" class=\"e-font-icon-svg e-fas-minus\" viewBox=\"0 0 448 512\" xmlns=\"http:\/\/www.w3.org\/2000\/svg\"><path d=\"M416 208H32c-17.67 0-32 14.33-32 32v32c0 17.67 14.33 32 32 32h384c17.67 0 32-14.33 32-32v-32c0-17.67-14.33-32-32-32z\"><\/path><\/svg><\/span>\n\t\t\t<span class='e-closed'><svg aria-hidden=\"true\" class=\"e-font-icon-svg e-fas-plus\" viewBox=\"0 0 448 512\" xmlns=\"http:\/\/www.w3.org\/2000\/svg\"><path d=\"M416 208H272V64c0-17.67-14.33-32-32-32h-32c-17.67 0-32 14.33-32 32v144H32c-17.67 0-32 14.33-32 32v32c0 17.67 14.33 32 32 32h144v144c0 17.67 14.33 32 32 32h32c17.67 0 32-14.33 32-32V304h144c17.67 0 32-14.33 32-32v-32c0-17.67-14.33-32-32-32z\"><\/path><\/svg><\/span>\n\t\t<\/span>\n\n\t\t\t\t\t\t<\/summary>\n\t\t\t\t<div role=\"region\" aria-labelledby=\"e-n-accordion-item-2383\" class=\"elementor-element elementor-element-a387866 e-con-full e-flex e-con e-child\" data-id=\"a387866\" data-element_type=\"container\" data-e-type=\"container\">\n\t\t\t\t<div class=\"elementor-element elementor-element-b1a55a1 elementor-widget elementor-widget-text-editor\" data-id=\"b1a55a1\" data-element_type=\"widget\" data-e-type=\"widget\" data-widget_type=\"text-editor.default\">\n\t\t\t\t<div class=\"elementor-widget-container\">\n\t\t\t\t\t\t\t\t\t<p>Die Siedlungsfl\u00e4che hat sich in den letzten Jahrzehnten stetig ausgedehnt, die Nachfrage nach Wohnraum nimmt laufend zu. Zudem hat sich der Investitionsdruck in der Immobilienwirtschaft im Niedrigzinsumfeld der letzten Jahre erh\u00f6ht. Auch der Ausbau des Schienen- und Strassennetzes ver\u00e4ndert Siedlungsstrukturen und die Landschaft.<\/p><div class=\"tab-content blue\"><ul><li>Welche Marktdynamiken und Anreizmechanismen im Immobilienmarkt pr\u00e4gen die Siedlungs- und Landschaftsentwicklung? Wie kann dieser Sektor zu ihrer qualitativen Entwicklung beitragen? Wie ist die Nachfrage nach landschaftlicher Qualit\u00e4t im Siedlungsraum?<br \/><br \/><\/li><li>Wie spielen Siedlungs- und Verkehrsentwicklung zusammen?<br \/><br \/><\/li><li>Welche Entwicklungen f\u00fchren zur Privatisierung der Landschaft?<br \/><br \/><\/li><li>Wie wirkt sich die Zweitwohnungsinitiative auf die Raumentwicklung aus?<br \/><br \/><\/li><li>Wie ist mit dem Siedlungsdruck ausserhalb der Bauzonen umzugehen?<\/li><\/ul><\/div>\t\t\t\t\t\t\t\t<\/div>\n\t\t\t\t<\/div>\n\t\t\t\t<\/div>\n\t\t\t\t\t<\/details>\n\t\t\t\t\t\t<details id=\"e-n-accordion-item-2384\" class=\"e-n-accordion-item\" >\n\t\t\t\t<summary class=\"e-n-accordion-item-title\" data-accordion-index=\"5\" tabindex=\"-1\" aria-expanded=\"false\" aria-controls=\"e-n-accordion-item-2384\" >\n\t\t\t\t\t<span class='e-n-accordion-item-title-header'><div class=\"e-n-accordion-item-title-text\"> Thema 2.5 Digitalisierung, technologischer Wandel, Energiewende <\/div><\/span>\n\t\t\t\t\t\t\t<span class='e-n-accordion-item-title-icon'>\n\t\t\t<span class='e-opened' ><svg aria-hidden=\"true\" class=\"e-font-icon-svg e-fas-minus\" viewBox=\"0 0 448 512\" xmlns=\"http:\/\/www.w3.org\/2000\/svg\"><path d=\"M416 208H32c-17.67 0-32 14.33-32 32v32c0 17.67 14.33 32 32 32h384c17.67 0 32-14.33 32-32v-32c0-17.67-14.33-32-32-32z\"><\/path><\/svg><\/span>\n\t\t\t<span class='e-closed'><svg aria-hidden=\"true\" class=\"e-font-icon-svg e-fas-plus\" viewBox=\"0 0 448 512\" xmlns=\"http:\/\/www.w3.org\/2000\/svg\"><path d=\"M416 208H272V64c0-17.67-14.33-32-32-32h-32c-17.67 0-32 14.33-32 32v144H32c-17.67 0-32 14.33-32 32v32c0 17.67 14.33 32 32 32h144v144c0 17.67 14.33 32 32 32h32c17.67 0 32-14.33 32-32V304h144c17.67 0 32-14.33 32-32v-32c0-17.67-14.33-32-32-32z\"><\/path><\/svg><\/span>\n\t\t<\/span>\n\n\t\t\t\t\t\t<\/summary>\n\t\t\t\t<div role=\"region\" aria-labelledby=\"e-n-accordion-item-2384\" class=\"elementor-element elementor-element-858d119 e-con-full e-flex e-con e-child\" data-id=\"858d119\" data-element_type=\"container\" data-e-type=\"container\">\n\t\t\t\t<div class=\"elementor-element elementor-element-c37a299 elementor-widget elementor-widget-text-editor\" data-id=\"c37a299\" data-element_type=\"widget\" data-e-type=\"widget\" data-widget_type=\"text-editor.default\">\n\t\t\t\t<div class=\"elementor-widget-container\">\n\t\t\t\t\t\t\t\t\t<p>Die technologische Entwicklung wirkt sich auf verschiedenen Ebenen auf die Landschaft und die Landschaftswahrnehmung aus: Wege und Siedlungsstrukturen wandeln sich als Folge des wachsenden Onlinehandels. Die Digitalisierung \u00e4ndert das Freizeitverhalten. Neue Mobilit\u00e4tformen wie selbstfahrende Autos, Elektromobilit\u00e4t, neue Logistikstrukturen und der Ausbau der erneuerbaren Energietr\u00e4ger werden in der Landschaft mit neuen Infrastrukturen sichtbar und werden sich auf unsere Gewohnheiten auswirken.<\/p><div class=\"tab-content blue\"><ul><li>Ver\u00e4ndert der (digitale) Medienkonsum die Landschaftswahrnehmung? Wenn ja, wie und f\u00fcr wen?<br \/><br \/><\/li><li>Wie wirkt sich die Digitalisierung des Freizeitverhaltens auf die Landschaftsnutzung aus?<br \/><br \/><\/li><li>Welche Rolle spielen technologiebedingte Transformationsprozesse im Mobilit\u00e4tssektor f\u00fcr die Landschaft: selbstfahrende Autos, Elektromobilit\u00e4t, Logistik und der Strukturwandel im Detailhandel?<br \/><br \/><\/li><li>Wie wirkt sich der Ausbau der erneuerbaren Energiegewinnung oder die dezentrale Energieversorgung auf die Landschaft aus?<\/li><\/ul><\/div>\t\t\t\t\t\t\t\t<\/div>\n\t\t\t\t<\/div>\n\t\t\t\t<\/div>\n\t\t\t\t\t<\/details>\n\t\t\t\t\t\t<details id=\"e-n-accordion-item-2385\" class=\"e-n-accordion-item\" >\n\t\t\t\t<summary class=\"e-n-accordion-item-title\" data-accordion-index=\"6\" tabindex=\"-1\" aria-expanded=\"false\" aria-controls=\"e-n-accordion-item-2385\" >\n\t\t\t\t\t<span class='e-n-accordion-item-title-header'><div class=\"e-n-accordion-item-title-text\"> Thema 2.6 Demographischer und kultureller Wandel <\/div><\/span>\n\t\t\t\t\t\t\t<span class='e-n-accordion-item-title-icon'>\n\t\t\t<span class='e-opened' ><svg aria-hidden=\"true\" class=\"e-font-icon-svg e-fas-minus\" viewBox=\"0 0 448 512\" xmlns=\"http:\/\/www.w3.org\/2000\/svg\"><path d=\"M416 208H32c-17.67 0-32 14.33-32 32v32c0 17.67 14.33 32 32 32h384c17.67 0 32-14.33 32-32v-32c0-17.67-14.33-32-32-32z\"><\/path><\/svg><\/span>\n\t\t\t<span class='e-closed'><svg aria-hidden=\"true\" class=\"e-font-icon-svg e-fas-plus\" viewBox=\"0 0 448 512\" xmlns=\"http:\/\/www.w3.org\/2000\/svg\"><path d=\"M416 208H272V64c0-17.67-14.33-32-32-32h-32c-17.67 0-32 14.33-32 32v144H32c-17.67 0-32 14.33-32 32v32c0 17.67 14.33 32 32 32h144v144c0 17.67 14.33 32 32 32h32c17.67 0 32-14.33 32-32V304h144c17.67 0 32-14.33 32-32v-32c0-17.67-14.33-32-32-32z\"><\/path><\/svg><\/span>\n\t\t<\/span>\n\n\t\t\t\t\t\t<\/summary>\n\t\t\t\t<div role=\"region\" aria-labelledby=\"e-n-accordion-item-2385\" class=\"elementor-element elementor-element-581ad99 e-con-full e-flex e-con e-child\" data-id=\"581ad99\" data-element_type=\"container\" data-e-type=\"container\">\n\t\t\t\t<div class=\"elementor-element elementor-element-07637e4 elementor-widget elementor-widget-text-editor\" data-id=\"07637e4\" data-element_type=\"widget\" data-e-type=\"widget\" data-widget_type=\"text-editor.default\">\n\t\t\t\t<div class=\"elementor-widget-container\">\n\t\t\t\t\t\t\t\t\t<p>Demographische Ver\u00e4nderungen wie die Bev\u00f6lkerungszunahme, Migration, kulturelle Vielfalt und die Alterung der Gesellschaft hinterlassen ihre Spuren in der Landschaft. Gleichzeitig ver\u00e4ndern sich das Landschaftsverst\u00e4ndnis, die individuelle Bedeutungsbeimessung und das Nutzungsverhalten. Letzteres \u00e4ussert sich etwa im Wunsch nach erlebnisreichen Erholungsaktivit\u00e4ten in Wald und Berggebieten, vom Biketrail \u00fcber \u00aburban farming\u00bb in all seinen Facetten bis hin zur Verbindung und \u00dcberlagerung von Landwirtschaft und Erholung.<\/p><div class=\"tab-content blue\"><ul><li>Wie wirken sich Bev\u00f6lkerungszunahme und die Ver\u00e4nderung der Bev\u00f6lkerungsstruktur auf Landschaftswahrnehmung und -nutzung aus?<br \/><br \/><\/li><li>Welche Chancen und Risiken bringen die Bev\u00f6lkerungskonzentration in Ballungsr\u00e4umen und die damit verbundene Entleerung peripherer Gebiete f\u00fcr die Landschaftsentwicklung mit sich?<br \/><br \/><\/li><li>Wie ist mit vermehrten Konflikten in Bezug auf die Landschaftsnutzung in urbanisierten und verdichteten Agglomerationen des Mittellandes umzugehen? Braucht es neue Regelungen?<\/li><\/ul><\/div>\t\t\t\t\t\t\t\t<\/div>\n\t\t\t\t<\/div>\n\t\t\t\t<\/div>\n\t\t\t\t\t<\/details>\n\t\t\t\t\t\t<details id=\"e-n-accordion-item-2386\" class=\"e-n-accordion-item\" >\n\t\t\t\t<summary class=\"e-n-accordion-item-title\" data-accordion-index=\"7\" tabindex=\"-1\" aria-expanded=\"false\" aria-controls=\"e-n-accordion-item-2386\" >\n\t\t\t\t\t<span class='e-n-accordion-item-title-header'><div class=\"e-n-accordion-item-title-text\"> Diskussionsrunde 2: Megatrends und Landschaftsentwicklung <\/div><\/span>\n\t\t\t\t\t\t\t<span class='e-n-accordion-item-title-icon'>\n\t\t\t<span class='e-opened' ><svg aria-hidden=\"true\" class=\"e-font-icon-svg e-fas-minus\" viewBox=\"0 0 448 512\" xmlns=\"http:\/\/www.w3.org\/2000\/svg\"><path d=\"M416 208H32c-17.67 0-32 14.33-32 32v32c0 17.67 14.33 32 32 32h384c17.67 0 32-14.33 32-32v-32c0-17.67-14.33-32-32-32z\"><\/path><\/svg><\/span>\n\t\t\t<span class='e-closed'><svg aria-hidden=\"true\" class=\"e-font-icon-svg e-fas-plus\" viewBox=\"0 0 448 512\" xmlns=\"http:\/\/www.w3.org\/2000\/svg\"><path d=\"M416 208H272V64c0-17.67-14.33-32-32-32h-32c-17.67 0-32 14.33-32 32v144H32c-17.67 0-32 14.33-32 32v32c0 17.67 14.33 32 32 32h144v144c0 17.67 14.33 32 32 32h32c17.67 0 32-14.33 32-32V304h144c17.67 0 32-14.33 32-32v-32c0-17.67-14.33-32-32-32z\"><\/path><\/svg><\/span>\n\t\t<\/span>\n\n\t\t\t\t\t\t<\/summary>\n\t\t\t\t<div role=\"region\" aria-labelledby=\"e-n-accordion-item-2386\" class=\"elementor-element elementor-element-9e8f68b e-con-full e-flex e-con e-child\" data-id=\"9e8f68b\" data-element_type=\"container\" data-e-type=\"container\">\n\t\t\t\t<div class=\"elementor-element elementor-element-2ed1a0b elementor-widget elementor-widget-text-editor\" data-id=\"2ed1a0b\" data-element_type=\"widget\" data-e-type=\"widget\" data-widget_type=\"text-editor.default\">\n\t\t\t\t<div class=\"elementor-widget-container\">\n\t\t\t\t\t\t\t\t\t<p>Menschliches Handeln ver\u00e4ndert den Raum und damit die Landschaft. Bilder und Pr\u00e4ferenzen sind im Umbruch. Wir diskutieren die Auswirkungen von Megatrends wie Urbanisierung, Digitalisierung, Globalisierung, demographischer Ver\u00e4nderung auf die Landschaft und verbinden sie mit aktuellen Themen der Schweizer Raumplanungs-, Landwirtschafts-, Energie- und Verkehrspolitik.<\/p>\t\t\t\t\t\t\t\t<\/div>\n\t\t\t\t<\/div>\n\t\t\t\t<\/div>\n\t\t\t\t\t<\/details>\n\t\t\t\t\t<\/div>\n\t\t\t\t\t\t<\/div>\n\t\t\t\t<\/div>\n\t\t\t\t<\/div>\n\t\t<div class=\"elementor-element elementor-element-3319c79 e-con-full e-flex e-con e-child\" data-id=\"3319c79\" data-element_type=\"container\" data-e-type=\"container\">\n\t\t\t\t<div class=\"elementor-element elementor-element-0ec40b8 elementor-invisible elementor-widget elementor-widget-heading\" data-id=\"0ec40b8\" data-element_type=\"widget\" data-e-type=\"widget\" data-settings=\"{&quot;_animation&quot;:&quot;fadeInUp&quot;}\" data-widget_type=\"heading.default\">\n\t\t\t\t<div class=\"elementor-widget-container\">\n\t\t\t\t\t<h3 class=\"elementor-heading-title elementor-size-default\">3. Visionen und Gestaltung: <br>Wohin wollen wir?<\/h3>\t\t\t\t<\/div>\n\t\t\t\t<\/div>\n\t\t\t\t<div class=\"elementor-element elementor-element-f7ab06b elementor-widget__width-initial elementor-invisible elementor-widget elementor-widget-text-editor\" data-id=\"f7ab06b\" data-element_type=\"widget\" data-e-type=\"widget\" data-settings=\"{&quot;_animation&quot;:&quot;fadeIn&quot;,&quot;_animation_delay&quot;:300}\" data-widget_type=\"text-editor.default\">\n\t\t\t\t<div class=\"elementor-widget-container\">\n\t\t\t\t\t\t\t\t\t<p>Die zahlreichen Facetten des beschleunigten Landschaftswandels setzen sich zu einem Landschaftsbild der Zukunft zusammen. Neue Bed\u00fcrfnisse oder ver\u00e4ndertes Freizeitverhalten erfordern konkrete L\u00f6sungen und Projekte in unterschiedlichsten R\u00e4umen und Dimensionen von der Kernstadt bis in hochalpine Tourismusregionen. Wir m\u00f6chten unterschiedlichste Vorstellungen zur Landschaft der Zukunft diskutieren und stellen Fragen nach deren Qualit\u00e4ten und m\u00f6glichen Wegen, diese zu erreichen.<\/p>\t\t\t\t\t\t\t\t<\/div>\n\t\t\t\t<\/div>\n\t\t\t\t<div class=\"elementor-element elementor-element-b57b5ae elementor-widget elementor-widget-n-accordion\" data-id=\"b57b5ae\" data-element_type=\"widget\" data-e-type=\"widget\" data-settings=\"{&quot;default_state&quot;:&quot;all_collapsed&quot;,&quot;max_items_expended&quot;:&quot;one&quot;,&quot;n_accordion_animation_duration&quot;:{&quot;unit&quot;:&quot;ms&quot;,&quot;size&quot;:400,&quot;sizes&quot;:[]}}\" data-widget_type=\"nested-accordion.default\">\n\t\t\t\t<div class=\"elementor-widget-container\">\n\t\t\t\t\t\t\t<div class=\"e-n-accordion\" aria-label=\"Accordion. Open links with Enter or Space, close with Escape, and navigate with Arrow Keys\">\n\t\t\t\t\t\t<details id=\"e-n-accordion-item-1900\" class=\"e-n-accordion-item\" >\n\t\t\t\t<summary class=\"e-n-accordion-item-title\" data-accordion-index=\"1\" tabindex=\"0\" aria-expanded=\"false\" aria-controls=\"e-n-accordion-item-1900\" >\n\t\t\t\t\t<span class='e-n-accordion-item-title-header'><div class=\"e-n-accordion-item-title-text\"> Thema 3.1 Ideen, Visionen, Entw\u00fcrfe, Konzepte f\u00fcr die Landschaft der Zukunft <\/div><\/span>\n\t\t\t\t\t\t\t<span class='e-n-accordion-item-title-icon'>\n\t\t\t<span class='e-opened' ><svg aria-hidden=\"true\" class=\"e-font-icon-svg e-fas-minus\" viewBox=\"0 0 448 512\" xmlns=\"http:\/\/www.w3.org\/2000\/svg\"><path d=\"M416 208H32c-17.67 0-32 14.33-32 32v32c0 17.67 14.33 32 32 32h384c17.67 0 32-14.33 32-32v-32c0-17.67-14.33-32-32-32z\"><\/path><\/svg><\/span>\n\t\t\t<span class='e-closed'><svg aria-hidden=\"true\" class=\"e-font-icon-svg e-fas-plus\" viewBox=\"0 0 448 512\" xmlns=\"http:\/\/www.w3.org\/2000\/svg\"><path d=\"M416 208H272V64c0-17.67-14.33-32-32-32h-32c-17.67 0-32 14.33-32 32v144H32c-17.67 0-32 14.33-32 32v32c0 17.67 14.33 32 32 32h144v144c0 17.67 14.33 32 32 32h32c17.67 0 32-14.33 32-32V304h144c17.67 0 32-14.33 32-32v-32c0-17.67-14.33-32-32-32z\"><\/path><\/svg><\/span>\n\t\t<\/span>\n\n\t\t\t\t\t\t<\/summary>\n\t\t\t\t<div role=\"region\" aria-labelledby=\"e-n-accordion-item-1900\" class=\"elementor-element elementor-element-6e04c0c e-con-full e-flex e-con e-child\" data-id=\"6e04c0c\" data-element_type=\"container\" data-e-type=\"container\">\n\t\t\t\t<div class=\"elementor-element elementor-element-2600c70 elementor-widget elementor-widget-text-editor\" data-id=\"2600c70\" data-element_type=\"widget\" data-e-type=\"widget\" data-widget_type=\"text-editor.default\">\n\t\t\t\t<div class=\"elementor-widget-container\">\n\t\t\t\t\t\t\t\t\t<p>Innovative Projekte auf allen Massstabsebenen, Forschungsprojekte und Ausbildungsmodelle zeichnen eine Vielzahl verschiedener Bilder und Szenarien. Immer mehr Menschen \u00e4ussern immer unterschiedlichere Bed\u00fcrfnisse und Pr\u00e4ferenzen. Der Raum ist beschr\u00e4nkt. Die \u00dcberlagerung von Funktionen erm\u00f6glicht, Konflikte zu mindern und Synergien zu nutzen. Priorit\u00e4ten verschieben sich, neue Allianzen entstehen.<\/p><div class=\"tab-content blue\"><ul><li>Welche Trends werden die Landschaft der Zukunft pr\u00e4gen?<br \/><br \/><\/li><li>Welche Szenarien und Bilder der Zukunftslandschaft lassen sich von wem entwickeln und zeichnen?<br \/><br \/><\/li><li>Ist die Landschaft der Zukunft das Resultat eines bewussten Gestaltungsprozesses auf unterschiedlichsten Massstabsebenen? Welches sind die Konsequenzen des Nichtgestaltens?<br \/><br \/><\/li><li>Welche aktuellen Projekte und Planungen sind zukunftsweisend?<\/li><\/ul><\/div>\t\t\t\t\t\t\t\t<\/div>\n\t\t\t\t<\/div>\n\t\t\t\t<\/div>\n\t\t\t\t\t<\/details>\n\t\t\t\t\t\t<details id=\"e-n-accordion-item-1901\" class=\"e-n-accordion-item\" >\n\t\t\t\t<summary class=\"e-n-accordion-item-title\" data-accordion-index=\"2\" tabindex=\"-1\" aria-expanded=\"false\" aria-controls=\"e-n-accordion-item-1901\" >\n\t\t\t\t\t<span class='e-n-accordion-item-title-header'><div class=\"e-n-accordion-item-title-text\"> Thema 3.2 Rahmenbedingungen der zuk\u00fcnftigen Landschaftsentwicklung <\/div><\/span>\n\t\t\t\t\t\t\t<span class='e-n-accordion-item-title-icon'>\n\t\t\t<span class='e-opened' ><svg aria-hidden=\"true\" class=\"e-font-icon-svg e-fas-minus\" viewBox=\"0 0 448 512\" xmlns=\"http:\/\/www.w3.org\/2000\/svg\"><path d=\"M416 208H32c-17.67 0-32 14.33-32 32v32c0 17.67 14.33 32 32 32h384c17.67 0 32-14.33 32-32v-32c0-17.67-14.33-32-32-32z\"><\/path><\/svg><\/span>\n\t\t\t<span class='e-closed'><svg aria-hidden=\"true\" class=\"e-font-icon-svg e-fas-plus\" viewBox=\"0 0 448 512\" xmlns=\"http:\/\/www.w3.org\/2000\/svg\"><path d=\"M416 208H272V64c0-17.67-14.33-32-32-32h-32c-17.67 0-32 14.33-32 32v144H32c-17.67 0-32 14.33-32 32v32c0 17.67 14.33 32 32 32h144v144c0 17.67 14.33 32 32 32h32c17.67 0 32-14.33 32-32V304h144c17.67 0 32-14.33 32-32v-32c0-17.67-14.33-32-32-32z\"><\/path><\/svg><\/span>\n\t\t<\/span>\n\n\t\t\t\t\t\t<\/summary>\n\t\t\t\t<div role=\"region\" aria-labelledby=\"e-n-accordion-item-1901\" class=\"elementor-element elementor-element-4c2ecae e-con-full e-flex e-con e-child\" data-id=\"4c2ecae\" data-element_type=\"container\" data-e-type=\"container\">\n\t\t\t\t<div class=\"elementor-element elementor-element-0f91808 elementor-widget elementor-widget-text-editor\" data-id=\"0f91808\" data-element_type=\"widget\" data-e-type=\"widget\" data-widget_type=\"text-editor.default\">\n\t\t\t\t<div class=\"elementor-widget-container\">\n\t\t\t\t\t\t\t\t\t<p>Die Landschaftsentwicklung h\u00e4ngt von vielen Kr\u00e4ften und Akteurinnen und Akteuren ab. Wirtschaftliche, gesellschaftliche und \u00f6kologische Rahmenbedingungen beeinflussen sie. Es gilt positive und negative Auswirkungen zu erkennen, abzuw\u00e4gen und zu integrieren. Dadurch lassen sich Eigenheiten und Potenziale mit geeigneten Planungen und Gestaltungen besser nutzen \u2013 regional, spezifisch, im Hinblick auf eine gew\u00fcnschte Landschaftsentwicklung.<\/p><div class=\"tab-content blue\"><ul><li>Welches sind die Freir\u00e4ume, welches die Grenzen f\u00fcr kreative Gestaltung und Entw\u00fcrfe?<br \/><br \/><\/li><li>Welche M\u00f6glichkeiten bieten sich, die k\u00fcnftige Entwicklung der Landschaft auf allen Massstabsebenen zu beeinflussen?<br \/><br \/><\/li><li>Welches sind die Handlungsm\u00f6glichkeiten der k\u00fcnftigen Entwicklung der Landschaft auf allen Massstabsebenen?<br \/><br \/><\/li><li>Wie variieren \u2013 regional oder je Landschaftstyp \u2212 die Rahmenbedingungen und Gestaltungsm\u00f6glichkeiten?<\/li><\/ul><\/div>\t\t\t\t\t\t\t\t<\/div>\n\t\t\t\t<\/div>\n\t\t\t\t<\/div>\n\t\t\t\t\t<\/details>\n\t\t\t\t\t\t<details id=\"e-n-accordion-item-1902\" class=\"e-n-accordion-item\" >\n\t\t\t\t<summary class=\"e-n-accordion-item-title\" data-accordion-index=\"3\" tabindex=\"-1\" aria-expanded=\"false\" aria-controls=\"e-n-accordion-item-1902\" >\n\t\t\t\t\t<span class='e-n-accordion-item-title-header'><div class=\"e-n-accordion-item-title-text\"> Thema 3.3 Politische Steuerungsinstrumente der Landschaftsentwicklung gestern, heute, morgen <\/div><\/span>\n\t\t\t\t\t\t\t<span class='e-n-accordion-item-title-icon'>\n\t\t\t<span class='e-opened' ><svg aria-hidden=\"true\" class=\"e-font-icon-svg e-fas-minus\" viewBox=\"0 0 448 512\" xmlns=\"http:\/\/www.w3.org\/2000\/svg\"><path d=\"M416 208H32c-17.67 0-32 14.33-32 32v32c0 17.67 14.33 32 32 32h384c17.67 0 32-14.33 32-32v-32c0-17.67-14.33-32-32-32z\"><\/path><\/svg><\/span>\n\t\t\t<span class='e-closed'><svg aria-hidden=\"true\" class=\"e-font-icon-svg e-fas-plus\" viewBox=\"0 0 448 512\" xmlns=\"http:\/\/www.w3.org\/2000\/svg\"><path d=\"M416 208H272V64c0-17.67-14.33-32-32-32h-32c-17.67 0-32 14.33-32 32v144H32c-17.67 0-32 14.33-32 32v32c0 17.67 14.33 32 32 32h144v144c0 17.67 14.33 32 32 32h32c17.67 0 32-14.33 32-32V304h144c17.67 0 32-14.33 32-32v-32c0-17.67-14.33-32-32-32z\"><\/path><\/svg><\/span>\n\t\t<\/span>\n\n\t\t\t\t\t\t<\/summary>\n\t\t\t\t<div role=\"region\" aria-labelledby=\"e-n-accordion-item-1902\" class=\"elementor-element elementor-element-f576b55 e-con-full e-flex e-con e-child\" data-id=\"f576b55\" data-element_type=\"container\" data-e-type=\"container\">\n\t\t\t\t<div class=\"elementor-element elementor-element-3c8629d elementor-widget elementor-widget-text-editor\" data-id=\"3c8629d\" data-element_type=\"widget\" data-e-type=\"widget\" data-widget_type=\"text-editor.default\">\n\t\t\t\t<div class=\"elementor-widget-container\">\n\t\t\t\t\t\t\t\t\t<p>Der 1. Schweizer Landschaftskongress erlaubt ein erstes Fazit zu den Entwicklungen der Landschaft in j\u00fcngerer Zeit und stellt die Frage nach erreichten und verworfenen Zielen, Erfolgen und Misserfolgen und k\u00fcnftigen Chancen und Herausforderungen. Ein Blick \u00fcber die Landesgrenzen, etwa auf die europ\u00e4ische Landschaftspolitik, ist ausdr\u00fccklich erw\u00fcnscht.<\/p><div class=\"tab-content blue\"><ul><li>Welche Chance bietet die Vereinfachung und Harmonisierung von Planungsinstrumenten? Welche Risiken sind damit verbunden?<br \/><br \/><\/li><li>Wie beeinflussen F\u00f6deralismus, Steuerwettbewerb und Deregulierung die Entwicklung der Landschaft?<br \/><br \/><\/li><li>Mit welchen Instrumenten l\u00e4sst sich eine regionaltypische Landschaftsentwicklung st\u00e4rken?<br \/><br \/><\/li><li>Wie lassen sich die Ziele der Landschaftsentwicklung sektor\u00fcbergreifend verfolgt werden?<\/li><\/ul><\/div>\t\t\t\t\t\t\t\t<\/div>\n\t\t\t\t<\/div>\n\t\t\t\t<\/div>\n\t\t\t\t\t<\/details>\n\t\t\t\t\t\t<details id=\"e-n-accordion-item-1903\" class=\"e-n-accordion-item\" >\n\t\t\t\t<summary class=\"e-n-accordion-item-title\" data-accordion-index=\"4\" tabindex=\"-1\" aria-expanded=\"false\" aria-controls=\"e-n-accordion-item-1903\" >\n\t\t\t\t\t<span class='e-n-accordion-item-title-header'><div class=\"e-n-accordion-item-title-text\"> Diskussionsrunde 3: Die Landschaft der Zukunft <\/div><\/span>\n\t\t\t\t\t\t\t<span class='e-n-accordion-item-title-icon'>\n\t\t\t<span class='e-opened' ><svg aria-hidden=\"true\" class=\"e-font-icon-svg e-fas-minus\" viewBox=\"0 0 448 512\" xmlns=\"http:\/\/www.w3.org\/2000\/svg\"><path d=\"M416 208H32c-17.67 0-32 14.33-32 32v32c0 17.67 14.33 32 32 32h384c17.67 0 32-14.33 32-32v-32c0-17.67-14.33-32-32-32z\"><\/path><\/svg><\/span>\n\t\t\t<span class='e-closed'><svg aria-hidden=\"true\" class=\"e-font-icon-svg e-fas-plus\" viewBox=\"0 0 448 512\" xmlns=\"http:\/\/www.w3.org\/2000\/svg\"><path d=\"M416 208H272V64c0-17.67-14.33-32-32-32h-32c-17.67 0-32 14.33-32 32v144H32c-17.67 0-32 14.33-32 32v32c0 17.67 14.33 32 32 32h144v144c0 17.67 14.33 32 32 32h32c17.67 0 32-14.33 32-32V304h144c17.67 0 32-14.33 32-32v-32c0-17.67-14.33-32-32-32z\"><\/path><\/svg><\/span>\n\t\t<\/span>\n\n\t\t\t\t\t\t<\/summary>\n\t\t\t\t<div role=\"region\" aria-labelledby=\"e-n-accordion-item-1903\" class=\"elementor-element elementor-element-ede5a78 e-con-full e-flex e-con e-child\" data-id=\"ede5a78\" data-element_type=\"container\" data-e-type=\"container\">\n\t\t\t\t<div class=\"elementor-element elementor-element-2d54ad0 elementor-widget elementor-widget-text-editor\" data-id=\"2d54ad0\" data-element_type=\"widget\" data-e-type=\"widget\" data-widget_type=\"text-editor.default\">\n\t\t\t\t<div class=\"elementor-widget-container\">\n\t\t\t\t\t\t\t\t\t<p>Landschaft ver\u00e4ndert sich stetig. Neue Bilder, neue Pr\u00e4ferenzen entstehen. Neue Akteurinnen und Akteure, neue Allianzen und eine ver\u00e4nderte Wahrnehmung schaffen neue Landschaften. Diese sind nicht allein das Resultat von Megatrends, sondern im besten Fall auch Ausdruck eines Gestaltungswillens und einer sich wandelnden \u00c4sthetik. Es sollen verschiedene Vorstellungen zur Landschaft der Zukunft er\u00f6rtert werden.<\/p>\t\t\t\t\t\t\t\t<\/div>\n\t\t\t\t<\/div>\n\t\t\t\t<\/div>\n\t\t\t\t\t<\/details>\n\t\t\t\t\t<\/div>\n\t\t\t\t\t\t<\/div>\n\t\t\t\t<\/div>\n\t\t\t\t<\/div>\n\t\t\t\t\t<\/div>\n\t\t\t\t<\/div>\n\t\t\t\t<\/div>\n\t\t","protected":false},"excerpt":{"rendered":"<p>Die Landschaft der Zukunft braucht Gestaltung Landschaft ist wertvoll. F\u00fcr Bewohnerinnen und Bewohner der Schweiz steht sie ganz oben, wenn es um Wohnen, Freizeit oder Ferien geht. Sie f\u00fchlen sich ihr verbunden. Als Wahrzeichen mit weltweiter Ausstrahlung zieht Schweizer Landschaft auch viele Besucherinnen und Besucher an. \u00a0 Landschaft ist aber kein statisches Gebilde, sondern befindet [&hellip;]<\/p>\n","protected":false},"author":1,"featured_media":0,"parent":0,"menu_order":0,"comment_status":"closed","ping_status":"closed","template":"","meta":{"footnotes":""},"class_list":["post-1078","page","type-page","status-publish","hentry"],"_links":{"self":[{"href":"https:\/\/landschaftskongress.ch\/2018\/wp-json\/wp\/v2\/pages\/1078","targetHints":{"allow":["GET"]}}],"collection":[{"href":"https:\/\/landschaftskongress.ch\/2018\/wp-json\/wp\/v2\/pages"}],"about":[{"href":"https:\/\/landschaftskongress.ch\/2018\/wp-json\/wp\/v2\/types\/page"}],"author":[{"embeddable":true,"href":"https:\/\/landschaftskongress.ch\/2018\/wp-json\/wp\/v2\/users\/1"}],"replies":[{"embeddable":true,"href":"https:\/\/landschaftskongress.ch\/2018\/wp-json\/wp\/v2\/comments?post=1078"}],"version-history":[{"count":55,"href":"https:\/\/landschaftskongress.ch\/2018\/wp-json\/wp\/v2\/pages\/1078\/revisions"}],"predecessor-version":[{"id":1135,"href":"https:\/\/landschaftskongress.ch\/2018\/wp-json\/wp\/v2\/pages\/1078\/revisions\/1135"}],"wp:attachment":[{"href":"https:\/\/landschaftskongress.ch\/2018\/wp-json\/wp\/v2\/media?parent=1078"}],"curies":[{"name":"wp","href":"https:\/\/api.w.org\/{rel}","templated":true}]}}