{"id":208,"date":"2025-07-07T07:07:06","date_gmt":"2025-07-07T07:07:06","guid":{"rendered":"https:\/\/landschaftskongress.ch\/2018\/?page_id=208"},"modified":"2025-10-15T08:45:23","modified_gmt":"2025-10-15T08:45:23","slug":"ueber-uns","status":"publish","type":"page","link":"https:\/\/landschaftskongress.ch\/2018\/ueber-uns\/","title":{"rendered":"\u00dcber uns"},"content":{"rendered":"\t\t<div data-elementor-type=\"wp-page\" data-elementor-id=\"208\" class=\"elementor elementor-208\" data-elementor-post-type=\"page\">\n\t\t\t\t<div class=\"elementor-element elementor-element-61b230c e-flex e-con-boxed elementor-invisible e-con e-parent\" data-id=\"61b230c\" data-element_type=\"container\" data-e-type=\"container\" data-settings=\"{&quot;sticky&quot;:&quot;top&quot;,&quot;animation&quot;:&quot;fadeInUp&quot;,&quot;position&quot;:&quot;absolute&quot;,&quot;sticky_on&quot;:[&quot;desktop&quot;,&quot;tablet&quot;,&quot;mobile&quot;],&quot;sticky_offset&quot;:0,&quot;sticky_effects_offset&quot;:0,&quot;sticky_anchor_link_offset&quot;:0}\">\n\t\t\t\t\t<div class=\"e-con-inner\">\n\t\t<div class=\"elementor-element elementor-element-eecb991 e-con-full e-flex e-con e-child\" data-id=\"eecb991\" data-element_type=\"container\" data-e-type=\"container\">\n\t\t\t\t<div class=\"elementor-element elementor-element-e7df01d elementor-invisible elementor-widget elementor-widget-heading\" data-id=\"e7df01d\" data-element_type=\"widget\" data-e-type=\"widget\" id=\"headerTitel\" data-settings=\"{&quot;_animation&quot;:&quot;fadeInUp&quot;}\" data-widget_type=\"heading.default\">\n\t\t\t\t<div class=\"elementor-widget-container\">\n\t\t\t\t\t<h1 class=\"elementor-heading-title elementor-size-default\">\u00dcber uns<\/h1>\t\t\t\t<\/div>\n\t\t\t\t<\/div>\n\t\t\t\t<\/div>\n\t\t\t\t\t<\/div>\n\t\t\t\t<\/div>\n\t\t<div class=\"elementor-element elementor-element-9271da4 e-con-full e-flex e-con e-parent\" data-id=\"9271da4\" data-element_type=\"container\" data-e-type=\"container\" data-settings=\"{&quot;background_background&quot;:&quot;classic&quot;}\">\n\t\t\t\t<div class=\"elementor-element elementor-element-59162a1 elementor-widget elementor-widget-spacer\" data-id=\"59162a1\" data-element_type=\"widget\" data-e-type=\"widget\" data-widget_type=\"spacer.default\">\n\t\t\t\t<div class=\"elementor-widget-container\">\n\t\t\t\t\t\t\t<div class=\"elementor-spacer\">\n\t\t\t<div class=\"elementor-spacer-inner\"><\/div>\n\t\t<\/div>\n\t\t\t\t\t\t<\/div>\n\t\t\t\t<\/div>\n\t\t\t\t<\/div>\n\t\t<div class=\"elementor-element elementor-element-0c59999 e-flex e-con-boxed e-con e-parent\" data-id=\"0c59999\" data-element_type=\"container\" data-e-type=\"container\" data-settings=\"{&quot;background_background&quot;:&quot;classic&quot;}\">\n\t\t\t\t\t<div class=\"e-con-inner\">\n\t\t\t\t<div class=\"elementor-element elementor-element-3a4fc3b elementor-invisible elementor-widget elementor-widget-heading\" data-id=\"3a4fc3b\" data-element_type=\"widget\" data-e-type=\"widget\" data-settings=\"{&quot;_animation&quot;:&quot;fadeInUp&quot;}\" data-widget_type=\"heading.default\">\n\t\t\t\t<div class=\"elementor-widget-container\">\n\t\t\t\t\t<h2 class=\"elementor-heading-title elementor-size-default\">Tr\u00e4gerschaft \u2013 1. Schweizer Landschaftskongress<\/h2>\t\t\t\t<\/div>\n\t\t\t\t<\/div>\n\t\t\t\t<div class=\"elementor-element elementor-element-386b0cb elementor-widget__width-initial elementor-invisible elementor-widget elementor-widget-text-editor\" data-id=\"386b0cb\" data-element_type=\"widget\" data-e-type=\"widget\" data-settings=\"{&quot;_animation&quot;:&quot;fadeIn&quot;,&quot;_animation_delay&quot;:300}\" data-widget_type=\"text-editor.default\">\n\t\t\t\t<div class=\"elementor-widget-container\">\n\t\t\t\t\t\t\t\t\t<p>Der 1. Schweizer Landschaftskongress wird mit zusammen mit den Tr\u00e4ger- und Partnerorganisationen unter der F\u00fchrung des Forums Landschaft organisiert.<\/p>\t\t\t\t\t\t\t\t<\/div>\n\t\t\t\t<\/div>\n\t\t<div class=\"elementor-element elementor-element-3af0ea8 e-con-full e-flex e-con e-child\" data-id=\"3af0ea8\" data-element_type=\"container\" data-e-type=\"container\">\n\t\t\t\t<div class=\"elementor-element elementor-element-d875208 elementor-invisible elementor-widget elementor-widget-heading\" data-id=\"d875208\" data-element_type=\"widget\" data-e-type=\"widget\" data-settings=\"{&quot;_animation&quot;:&quot;fadeInUp&quot;}\" data-widget_type=\"heading.default\">\n\t\t\t\t<div class=\"elementor-widget-container\">\n\t\t\t\t\t<h3 class=\"elementor-heading-title elementor-size-default\">Tr\u00e4ger<\/h3>\t\t\t\t<\/div>\n\t\t\t\t<\/div>\n\t\t\t\t<div class=\"elementor-element elementor-element-dfc4e54 Auflistung elementor-invisible elementor-widget elementor-widget-text-editor\" data-id=\"dfc4e54\" data-element_type=\"widget\" data-e-type=\"widget\" data-settings=\"{&quot;_animation&quot;:&quot;fadeIn&quot;,&quot;_animation_delay&quot;:300}\" data-widget_type=\"text-editor.default\">\n\t\t\t\t<div class=\"elementor-widget-container\">\n\t\t\t\t\t\t\t\t\t<ul><li><p>Akademie der Naturwissenschaften Schweiz SCNAT<\/p><\/li><li><p>Eidg. Forschungsanstalt f\u00fcr Wald, Schnee und Landschaft WSL<\/p><\/li><li><p>Bundesamt f\u00fcr Umwelt BAFU<\/p><\/li><li><p>Bundesamt f\u00fcr Raumentwicklung ARE<\/p><\/li><li><p>Bundesamt f\u00fcr Kultur BAK<\/p><\/li><li><p>Bundesamt f\u00fcr Landwirtschaft BLW<\/p><\/li><li><p>Schweizerischer Ingenieur- und Architektenverein SIA<\/p><\/li><li><p>Pro Natura<\/p><\/li><li><p>Konferenz der Beauftragten f\u00fcr Natur- und Landschaftsschutz KBNL<\/p><\/li><li><p>Kantonalplanerkonferenz KPK<\/p><\/li><li><p>Bund Schweizer Landschaftsarchitekten und Landschaftsarchitektinnen\u00a0BSLA\u00a0<\/p><\/li><li><p>Planning of Landscape and Urban Systems, ETH Z\u00fcrich<\/p><\/li><li><p>Institut f\u00fcr Landschaft und Freiraum, Hochschule Rapperswil<\/p><\/li><li><p>Kanton Luzern<\/p><\/li><\/ul>\t\t\t\t\t\t\t\t<\/div>\n\t\t\t\t<\/div>\n\t\t\t\t<\/div>\n\t\t<div class=\"elementor-element elementor-element-fa09aaa e-con-full e-flex elementor-invisible e-con e-child\" data-id=\"fa09aaa\" data-element_type=\"container\" data-e-type=\"container\" data-settings=\"{&quot;animation&quot;:&quot;fadeIn&quot;,&quot;animation_delay&quot;:300}\">\n\t\t<div class=\"elementor-element elementor-element-9325cd4 e-grid e-con-full e-con e-child\" data-id=\"9325cd4\" data-element_type=\"container\" data-e-type=\"container\">\n\t\t\t\t<div class=\"elementor-element elementor-element-9dedaa3 elementor-widget elementor-widget-image\" data-id=\"9dedaa3\" data-element_type=\"widget\" data-e-type=\"widget\" data-widget_type=\"image.default\">\n\t\t\t\t<div class=\"elementor-widget-container\">\n\t\t\t\t\t\t\t\t\t\t\t\t\t\t\t\t<a href=\"https:\/\/naturwissenschaften.ch\/organisations\/forum_landscape_alps_parks\" target=\"_blank\">\n\t\t\t\t\t\t\t<img fetchpriority=\"high\" decoding=\"async\" width=\"500\" height=\"250\" src=\"https:\/\/landschaftskongress.ch\/2018\/wp-content\/uploads\/2025\/07\/Akademie-der-Naturwissenschaften-Schweiz-SCNAT-Logo.jpg\" class=\"attachment-large size-large wp-image-237\" alt=\"\" srcset=\"https:\/\/landschaftskongress.ch\/2018\/wp-content\/uploads\/2025\/07\/Akademie-der-Naturwissenschaften-Schweiz-SCNAT-Logo.jpg 500w, https:\/\/landschaftskongress.ch\/2018\/wp-content\/uploads\/2025\/07\/Akademie-der-Naturwissenschaften-Schweiz-SCNAT-Logo-300x150.jpg 300w\" sizes=\"(max-width: 500px) 100vw, 500px\" \/>\t\t\t\t\t\t\t\t<\/a>\n\t\t\t\t\t\t\t\t\t\t\t\t\t\t\t<\/div>\n\t\t\t\t<\/div>\n\t\t\t\t<div class=\"elementor-element elementor-element-7f463d1 elementor-widget elementor-widget-image\" data-id=\"7f463d1\" data-element_type=\"widget\" data-e-type=\"widget\" data-widget_type=\"image.default\">\n\t\t\t\t<div class=\"elementor-widget-container\">\n\t\t\t\t\t\t\t\t\t\t\t\t\t\t\t\t<a href=\"https:\/\/www.wsl.ch\/de\/\" target=\"_blank\">\n\t\t\t\t\t\t\t<img decoding=\"async\" width=\"500\" height=\"250\" src=\"https:\/\/landschaftskongress.ch\/2018\/wp-content\/uploads\/2025\/07\/WSL-logo.png\" class=\"attachment-large size-large wp-image-219\" alt=\"\" srcset=\"https:\/\/landschaftskongress.ch\/2018\/wp-content\/uploads\/2025\/07\/WSL-logo.png 500w, https:\/\/landschaftskongress.ch\/2018\/wp-content\/uploads\/2025\/07\/WSL-logo-300x150.png 300w\" sizes=\"(max-width: 500px) 100vw, 500px\" \/>\t\t\t\t\t\t\t\t<\/a>\n\t\t\t\t\t\t\t\t\t\t\t\t\t\t\t<\/div>\n\t\t\t\t<\/div>\n\t\t\t\t<div class=\"elementor-element elementor-element-4ed5f92 elementor-widget elementor-widget-image\" data-id=\"4ed5f92\" data-element_type=\"widget\" data-e-type=\"widget\" data-widget_type=\"image.default\">\n\t\t\t\t<div class=\"elementor-widget-container\">\n\t\t\t\t\t\t\t\t\t\t\t\t\t\t\t\t<a href=\"https:\/\/www.bafu.admin.ch\/bafu\/de\/home\/themen\/landschaft.html\" target=\"_blank\">\n\t\t\t\t\t\t\t<img decoding=\"async\" width=\"500\" height=\"250\" src=\"https:\/\/landschaftskongress.ch\/2018\/wp-content\/uploads\/2025\/07\/Bundesamt-Umwelt-BAFU-Logo.jpg\" class=\"attachment-large size-large wp-image-232\" alt=\"\" srcset=\"https:\/\/landschaftskongress.ch\/2018\/wp-content\/uploads\/2025\/07\/Bundesamt-Umwelt-BAFU-Logo.jpg 500w, https:\/\/landschaftskongress.ch\/2018\/wp-content\/uploads\/2025\/07\/Bundesamt-Umwelt-BAFU-Logo-300x150.jpg 300w\" sizes=\"(max-width: 500px) 100vw, 500px\" \/>\t\t\t\t\t\t\t\t<\/a>\n\t\t\t\t\t\t\t\t\t\t\t\t\t\t\t<\/div>\n\t\t\t\t<\/div>\n\t\t\t\t<div class=\"elementor-element elementor-element-f8e4213 elementor-widget elementor-widget-image\" data-id=\"f8e4213\" data-element_type=\"widget\" data-e-type=\"widget\" data-widget_type=\"image.default\">\n\t\t\t\t<div class=\"elementor-widget-container\">\n\t\t\t\t\t\t\t\t\t\t\t\t\t\t\t\t<a href=\"https:\/\/www.are.admin.ch\/\" target=\"_blank\">\n\t\t\t\t\t\t\t<img loading=\"lazy\" decoding=\"async\" width=\"500\" height=\"250\" src=\"https:\/\/landschaftskongress.ch\/2018\/wp-content\/uploads\/2025\/08\/Bundesamt_Raumentwicklung_ARE-Logo.jpeg\" class=\"attachment-large size-large wp-image-801\" alt=\"\" srcset=\"https:\/\/landschaftskongress.ch\/2018\/wp-content\/uploads\/2025\/08\/Bundesamt_Raumentwicklung_ARE-Logo.jpeg 500w, https:\/\/landschaftskongress.ch\/2018\/wp-content\/uploads\/2025\/08\/Bundesamt_Raumentwicklung_ARE-Logo-300x150.jpeg 300w\" sizes=\"(max-width: 500px) 100vw, 500px\" \/>\t\t\t\t\t\t\t\t<\/a>\n\t\t\t\t\t\t\t\t\t\t\t\t\t\t\t<\/div>\n\t\t\t\t<\/div>\n\t\t\t\t<div class=\"elementor-element elementor-element-0114424 elementor-widget elementor-widget-image\" data-id=\"0114424\" data-element_type=\"widget\" data-e-type=\"widget\" data-widget_type=\"image.default\">\n\t\t\t\t<div class=\"elementor-widget-container\">\n\t\t\t\t\t\t\t\t\t\t\t\t\t\t\t\t<a href=\"https:\/\/www.bak.admin.ch\/\" target=\"_blank\">\n\t\t\t\t\t\t\t<img loading=\"lazy\" decoding=\"async\" width=\"500\" height=\"250\" src=\"https:\/\/landschaftskongress.ch\/2018\/wp-content\/uploads\/2025\/07\/Bundesamt-Kultur-BAK-Logo.jpg\" class=\"attachment-large size-large wp-image-234\" alt=\"\" srcset=\"https:\/\/landschaftskongress.ch\/2018\/wp-content\/uploads\/2025\/07\/Bundesamt-Kultur-BAK-Logo.jpg 500w, https:\/\/landschaftskongress.ch\/2018\/wp-content\/uploads\/2025\/07\/Bundesamt-Kultur-BAK-Logo-300x150.jpg 300w\" sizes=\"(max-width: 500px) 100vw, 500px\" \/>\t\t\t\t\t\t\t\t<\/a>\n\t\t\t\t\t\t\t\t\t\t\t\t\t\t\t<\/div>\n\t\t\t\t<\/div>\n\t\t\t\t<div class=\"elementor-element elementor-element-d3c8a9b elementor-widget elementor-widget-image\" data-id=\"d3c8a9b\" data-element_type=\"widget\" data-e-type=\"widget\" data-widget_type=\"image.default\">\n\t\t\t\t<div class=\"elementor-widget-container\">\n\t\t\t\t\t\t\t\t\t\t\t\t\t\t\t\t<a href=\"https:\/\/www.blw.admin.ch\/\" target=\"_blank\">\n\t\t\t\t\t\t\t<img loading=\"lazy\" decoding=\"async\" width=\"500\" height=\"250\" src=\"https:\/\/landschaftskongress.ch\/2018\/wp-content\/uploads\/2025\/08\/Bundesamt_Landwirtschaft_BLW-Logo.jpeg\" class=\"attachment-large size-large wp-image-799\" alt=\"\" srcset=\"https:\/\/landschaftskongress.ch\/2018\/wp-content\/uploads\/2025\/08\/Bundesamt_Landwirtschaft_BLW-Logo.jpeg 500w, https:\/\/landschaftskongress.ch\/2018\/wp-content\/uploads\/2025\/08\/Bundesamt_Landwirtschaft_BLW-Logo-300x150.jpeg 300w\" sizes=\"(max-width: 500px) 100vw, 500px\" \/>\t\t\t\t\t\t\t\t<\/a>\n\t\t\t\t\t\t\t\t\t\t\t\t\t\t\t<\/div>\n\t\t\t\t<\/div>\n\t\t\t\t<div class=\"elementor-element elementor-element-74c4634 elementor-widget elementor-widget-image\" data-id=\"74c4634\" data-element_type=\"widget\" data-e-type=\"widget\" data-widget_type=\"image.default\">\n\t\t\t\t<div class=\"elementor-widget-container\">\n\t\t\t\t\t\t\t\t\t\t\t\t\t\t\t\t<a href=\"https:\/\/www.sia.ch\/\" target=\"_blank\">\n\t\t\t\t\t\t\t<img loading=\"lazy\" decoding=\"async\" width=\"500\" height=\"250\" src=\"https:\/\/landschaftskongress.ch\/2018\/wp-content\/uploads\/2025\/07\/Schweizer-Ingenieur-und-Architektenverein-SIA-Logo.jpg\" class=\"attachment-large size-large wp-image-225\" alt=\"\" srcset=\"https:\/\/landschaftskongress.ch\/2018\/wp-content\/uploads\/2025\/07\/Schweizer-Ingenieur-und-Architektenverein-SIA-Logo.jpg 500w, https:\/\/landschaftskongress.ch\/2018\/wp-content\/uploads\/2025\/07\/Schweizer-Ingenieur-und-Architektenverein-SIA-Logo-300x150.jpg 300w\" sizes=\"(max-width: 500px) 100vw, 500px\" \/>\t\t\t\t\t\t\t\t<\/a>\n\t\t\t\t\t\t\t\t\t\t\t\t\t\t\t<\/div>\n\t\t\t\t<\/div>\n\t\t\t\t<div class=\"elementor-element elementor-element-2eb5cb8 elementor-widget elementor-widget-image\" data-id=\"2eb5cb8\" data-element_type=\"widget\" data-e-type=\"widget\" data-widget_type=\"image.default\">\n\t\t\t\t<div class=\"elementor-widget-container\">\n\t\t\t\t\t\t\t\t\t\t\t\t\t\t\t\t<a href=\"https:\/\/www.pronatura.ch\/\" target=\"_blank\">\n\t\t\t\t\t\t\t<img loading=\"lazy\" decoding=\"async\" width=\"500\" height=\"250\" src=\"https:\/\/landschaftskongress.ch\/2018\/wp-content\/uploads\/2025\/09\/logo20Pro20Natura.jpeg\" class=\"attachment-large size-large wp-image-987\" alt=\"\" srcset=\"https:\/\/landschaftskongress.ch\/2018\/wp-content\/uploads\/2025\/09\/logo20Pro20Natura.jpeg 500w, https:\/\/landschaftskongress.ch\/2018\/wp-content\/uploads\/2025\/09\/logo20Pro20Natura-300x150.jpeg 300w\" sizes=\"(max-width: 500px) 100vw, 500px\" \/>\t\t\t\t\t\t\t\t<\/a>\n\t\t\t\t\t\t\t\t\t\t\t\t\t\t\t<\/div>\n\t\t\t\t<\/div>\n\t\t\t\t<div class=\"elementor-element elementor-element-0f0c438 elementor-widget elementor-widget-image\" data-id=\"0f0c438\" data-element_type=\"widget\" data-e-type=\"widget\" data-widget_type=\"image.default\">\n\t\t\t\t<div class=\"elementor-widget-container\">\n\t\t\t\t\t\t\t\t\t\t\t\t\t\t\t\t<a href=\"https:\/\/kbnl.ch\/\" target=\"_blank\">\n\t\t\t\t\t\t\t<img loading=\"lazy\" decoding=\"async\" width=\"500\" height=\"250\" src=\"https:\/\/landschaftskongress.ch\/2018\/wp-content\/uploads\/2025\/09\/logo20Konferenz20der20Beauftragten20Natur20und20Landschaftsschutz20KBNL.jpeg\" class=\"attachment-large size-large wp-image-979\" alt=\"\" srcset=\"https:\/\/landschaftskongress.ch\/2018\/wp-content\/uploads\/2025\/09\/logo20Konferenz20der20Beauftragten20Natur20und20Landschaftsschutz20KBNL.jpeg 500w, https:\/\/landschaftskongress.ch\/2018\/wp-content\/uploads\/2025\/09\/logo20Konferenz20der20Beauftragten20Natur20und20Landschaftsschutz20KBNL-300x150.jpeg 300w\" sizes=\"(max-width: 500px) 100vw, 500px\" \/>\t\t\t\t\t\t\t\t<\/a>\n\t\t\t\t\t\t\t\t\t\t\t\t\t\t\t<\/div>\n\t\t\t\t<\/div>\n\t\t\t\t<div class=\"elementor-element elementor-element-c77d14b elementor-widget elementor-widget-image\" data-id=\"c77d14b\" data-element_type=\"widget\" data-e-type=\"widget\" data-widget_type=\"image.default\">\n\t\t\t\t<div class=\"elementor-widget-container\">\n\t\t\t\t\t\t\t\t\t\t\t\t\t\t\t\t<a href=\"https:\/\/www.bpuk.ch\/kpk\/ueber-kpk\" target=\"_blank\">\n\t\t\t\t\t\t\t<img loading=\"lazy\" decoding=\"async\" width=\"500\" height=\"250\" src=\"https:\/\/landschaftskongress.ch\/2018\/wp-content\/uploads\/2025\/07\/Kantonsplanerkonferenz-KPK-Logo.jpg\" class=\"attachment-large size-large wp-image-228\" alt=\"\" srcset=\"https:\/\/landschaftskongress.ch\/2018\/wp-content\/uploads\/2025\/07\/Kantonsplanerkonferenz-KPK-Logo.jpg 500w, https:\/\/landschaftskongress.ch\/2018\/wp-content\/uploads\/2025\/07\/Kantonsplanerkonferenz-KPK-Logo-300x150.jpg 300w\" sizes=\"(max-width: 500px) 100vw, 500px\" \/>\t\t\t\t\t\t\t\t<\/a>\n\t\t\t\t\t\t\t\t\t\t\t\t\t\t\t<\/div>\n\t\t\t\t<\/div>\n\t\t\t\t<div class=\"elementor-element elementor-element-5ea42d1 elementor-widget elementor-widget-image\" data-id=\"5ea42d1\" data-element_type=\"widget\" data-e-type=\"widget\" data-widget_type=\"image.default\">\n\t\t\t\t<div class=\"elementor-widget-container\">\n\t\t\t\t\t\t\t\t\t\t\t\t\t\t\t\t<a href=\"https:\/\/www.bsla.ch\/\" target=\"_blank\">\n\t\t\t\t\t\t\t<img loading=\"lazy\" decoding=\"async\" width=\"500\" height=\"250\" src=\"https:\/\/landschaftskongress.ch\/2018\/wp-content\/uploads\/2025\/07\/BSLA-Logo.jpg\" class=\"attachment-large size-large wp-image-235\" alt=\"\" srcset=\"https:\/\/landschaftskongress.ch\/2018\/wp-content\/uploads\/2025\/07\/BSLA-Logo.jpg 500w, https:\/\/landschaftskongress.ch\/2018\/wp-content\/uploads\/2025\/07\/BSLA-Logo-300x150.jpg 300w\" sizes=\"(max-width: 500px) 100vw, 500px\" \/>\t\t\t\t\t\t\t\t<\/a>\n\t\t\t\t\t\t\t\t\t\t\t\t\t\t\t<\/div>\n\t\t\t\t<\/div>\n\t\t\t\t<div class=\"elementor-element elementor-element-94a843a elementor-widget elementor-widget-image\" data-id=\"94a843a\" data-element_type=\"widget\" data-e-type=\"widget\" data-widget_type=\"image.default\">\n\t\t\t\t<div class=\"elementor-widget-container\">\n\t\t\t\t\t\t\t\t\t\t\t\t\t\t\t\t<a href=\"https:\/\/plus.ethz.ch\/de\/\" target=\"_blank\">\n\t\t\t\t\t\t\t<img loading=\"lazy\" decoding=\"async\" width=\"500\" height=\"250\" src=\"https:\/\/landschaftskongress.ch\/2018\/wp-content\/uploads\/2025\/09\/logo20ETH20Zuerich20IRL.jpeg\" class=\"attachment-large size-large wp-image-977\" alt=\"\" srcset=\"https:\/\/landschaftskongress.ch\/2018\/wp-content\/uploads\/2025\/09\/logo20ETH20Zuerich20IRL.jpeg 500w, https:\/\/landschaftskongress.ch\/2018\/wp-content\/uploads\/2025\/09\/logo20ETH20Zuerich20IRL-300x150.jpeg 300w\" sizes=\"(max-width: 500px) 100vw, 500px\" \/>\t\t\t\t\t\t\t\t<\/a>\n\t\t\t\t\t\t\t\t\t\t\t\t\t\t\t<\/div>\n\t\t\t\t<\/div>\n\t\t\t\t<div class=\"elementor-element elementor-element-58f016e elementor-widget elementor-widget-image\" data-id=\"58f016e\" data-element_type=\"widget\" data-e-type=\"widget\" data-widget_type=\"image.default\">\n\t\t\t\t<div class=\"elementor-widget-container\">\n\t\t\t\t\t\t\t\t\t\t\t\t\t\t\t\t<a href=\"https:\/\/www.hsr.ch\/de\/\" target=\"_blank\">\n\t\t\t\t\t\t\t<img loading=\"lazy\" decoding=\"async\" width=\"500\" height=\"250\" src=\"https:\/\/landschaftskongress.ch\/2018\/wp-content\/uploads\/2025\/09\/HSR-Logo.png\" class=\"attachment-large size-large wp-image-1146\" alt=\"\" srcset=\"https:\/\/landschaftskongress.ch\/2018\/wp-content\/uploads\/2025\/09\/HSR-Logo.png 500w, https:\/\/landschaftskongress.ch\/2018\/wp-content\/uploads\/2025\/09\/HSR-Logo-300x150.png 300w\" sizes=\"(max-width: 500px) 100vw, 500px\" \/>\t\t\t\t\t\t\t\t<\/a>\n\t\t\t\t\t\t\t\t\t\t\t\t\t\t\t<\/div>\n\t\t\t\t<\/div>\n\t\t\t\t<div class=\"elementor-element elementor-element-624553e elementor-widget elementor-widget-image\" data-id=\"624553e\" data-element_type=\"widget\" data-e-type=\"widget\" data-widget_type=\"image.default\">\n\t\t\t\t<div class=\"elementor-widget-container\">\n\t\t\t\t\t\t\t\t\t\t\t\t\t\t\t\t<a href=\"https:\/\/www.lu.ch\/verwaltung\/BUWD\" target=\"_blank\">\n\t\t\t\t\t\t\t<img loading=\"lazy\" decoding=\"async\" width=\"500\" height=\"250\" src=\"https:\/\/landschaftskongress.ch\/2018\/wp-content\/uploads\/2025\/09\/Kanton-Luzern-Logo.png\" class=\"attachment-large size-large wp-image-1144\" alt=\"\" srcset=\"https:\/\/landschaftskongress.ch\/2018\/wp-content\/uploads\/2025\/09\/Kanton-Luzern-Logo.png 500w, https:\/\/landschaftskongress.ch\/2018\/wp-content\/uploads\/2025\/09\/Kanton-Luzern-Logo-300x150.png 300w\" sizes=\"(max-width: 500px) 100vw, 500px\" \/>\t\t\t\t\t\t\t\t<\/a>\n\t\t\t\t\t\t\t\t\t\t\t\t\t\t\t<\/div>\n\t\t\t\t<\/div>\n\t\t\t\t<\/div>\n\t\t\t\t<\/div>\n\t\t\t\t\t<\/div>\n\t\t\t\t<\/div>\n\t\t<div class=\"elementor-element elementor-element-a8f13ab e-flex e-con-boxed e-con e-parent\" data-id=\"a8f13ab\" data-element_type=\"container\" data-e-type=\"container\" data-settings=\"{&quot;background_background&quot;:&quot;classic&quot;}\">\n\t\t\t\t\t<div class=\"e-con-inner\">\n\t\t\t\t<div class=\"elementor-element elementor-element-f2536c5 elementor-invisible elementor-widget elementor-widget-heading\" data-id=\"f2536c5\" data-element_type=\"widget\" data-e-type=\"widget\" data-settings=\"{&quot;_animation&quot;:&quot;fadeInUp&quot;}\" data-widget_type=\"heading.default\">\n\t\t\t\t<div class=\"elementor-widget-container\">\n\t\t\t\t\t<h2 class=\"elementor-heading-title elementor-size-default\">Partner<\/h2>\t\t\t\t<\/div>\n\t\t\t\t<\/div>\n\t\t<div class=\"elementor-element elementor-element-a6dd0cc e-con-full e-flex e-con e-child\" data-id=\"a6dd0cc\" data-element_type=\"container\" data-e-type=\"container\">\n\t\t<div class=\"elementor-element elementor-element-c151cf6 e-con-full e-flex e-con e-child\" data-id=\"c151cf6\" data-element_type=\"container\" data-e-type=\"container\">\n\t\t<div class=\"elementor-element elementor-element-4cc9f9f e-con-full e-flex e-con e-child\" data-id=\"4cc9f9f\" data-element_type=\"container\" data-e-type=\"container\">\n\t\t\t\t<div class=\"elementor-element elementor-element-0310e23 elementor-invisible elementor-widget elementor-widget-heading\" data-id=\"0310e23\" data-element_type=\"widget\" data-e-type=\"widget\" data-settings=\"{&quot;_animation&quot;:&quot;fadeInUp&quot;}\" data-widget_type=\"heading.default\">\n\t\t\t\t<div class=\"elementor-widget-container\">\n\t\t\t\t\t<h3 class=\"elementor-heading-title elementor-size-default\">Partnerorganisationen<\/h3>\t\t\t\t<\/div>\n\t\t\t\t<\/div>\n\t\t\t\t<div class=\"elementor-element elementor-element-e9efda2 Auflistung elementor-invisible elementor-widget elementor-widget-text-editor\" data-id=\"e9efda2\" data-element_type=\"widget\" data-e-type=\"widget\" data-settings=\"{&quot;_animation&quot;:&quot;fadeIn&quot;,&quot;_animation_delay&quot;:300}\" data-widget_type=\"text-editor.default\">\n\t\t\t\t<div class=\"elementor-widget-container\">\n\t\t\t\t\t\t\t\t\t<ul><li>Agroscope<\/li><li>Aqua viva<\/li><li>Bodenkundliche Gesellschaft der Schweiz<\/li><li>CDE Universit\u00e4t Bern<\/li><li>Fachfrauen Umwelt<\/li><li>Fachverband Schweizer Raumplaner<\/li><li>Fonds Landschaft Schweiz<\/li><li>Geographie Universit\u00e4t Z\u00fcrich<\/li><li>hepia Genf<\/li><li>Schweizer Verband f\u00fcr Raumplanung espacesuisse<\/li><li>Stiftung Landschaftsschutz Schweiz<\/li><li>Universit\u00e9 Lausanne G\u00e9ographie<\/li><li>Verband der Umweltfachleute<\/li><li>Vereinigung Schweizerischer Stadtg\u00e4rtnereien und Gartenbau\u00e4mter<\/li><\/ul>\t\t\t\t\t\t\t\t<\/div>\n\t\t\t\t<\/div>\n\t\t\t\t<\/div>\n\t\t<div class=\"elementor-element elementor-element-e831a7c e-con-full e-flex e-con e-child\" data-id=\"e831a7c\" data-element_type=\"container\" data-e-type=\"container\">\n\t\t\t\t<div class=\"elementor-element elementor-element-6d457cc elementor-invisible elementor-widget elementor-widget-heading\" data-id=\"6d457cc\" data-element_type=\"widget\" data-e-type=\"widget\" data-settings=\"{&quot;_animation&quot;:&quot;fadeInUp&quot;}\" data-widget_type=\"heading.default\">\n\t\t\t\t<div class=\"elementor-widget-container\">\n\t\t\t\t\t<h3 class=\"elementor-heading-title elementor-size-default\">Mitfinanzierung und Unterst\u00fctzung<\/h3>\t\t\t\t<\/div>\n\t\t\t\t<\/div>\n\t\t\t\t<div class=\"elementor-element elementor-element-78a8143 Auflistung elementor-invisible elementor-widget elementor-widget-text-editor\" data-id=\"78a8143\" data-element_type=\"widget\" data-e-type=\"widget\" data-settings=\"{&quot;_animation&quot;:&quot;fadeIn&quot;,&quot;_animation_delay&quot;:300}\" data-widget_type=\"text-editor.default\">\n\t\t\t\t<div class=\"elementor-widget-container\">\n\t\t\t\t\t\t\t\t\t<ul><li>Sophie und Karl Binding Stiftung<\/li><li>Stadt Luzern<\/li><li>Tourismus Luzern AG<\/li><li>Rigi Bahnen AG<\/li><li>B\u00fcrgenstock Resort<\/li><\/ul>\t\t\t\t\t\t\t\t<\/div>\n\t\t\t\t<\/div>\n\t\t\t\t<\/div>\n\t\t\t\t<\/div>\n\t\t\t\t<\/div>\n\t\t<div class=\"elementor-element elementor-element-711c199 e-con-full e-flex e-con e-child\" data-id=\"711c199\" data-element_type=\"container\" data-e-type=\"container\">\n\t\t\t\t<div class=\"elementor-element elementor-element-3ef368f elementor-invisible elementor-widget elementor-widget-heading\" data-id=\"3ef368f\" data-element_type=\"widget\" data-e-type=\"widget\" data-settings=\"{&quot;_animation&quot;:&quot;fadeInUp&quot;}\" data-widget_type=\"heading.default\">\n\t\t\t\t<div class=\"elementor-widget-container\">\n\t\t\t\t\t<h3 class=\"elementor-heading-title elementor-size-default\">Organisationskomitee<\/h3>\t\t\t\t<\/div>\n\t\t\t\t<\/div>\n\t\t\t\t<div class=\"elementor-element elementor-element-bb49296 Auflistung elementor-invisible elementor-widget elementor-widget-text-editor\" data-id=\"bb49296\" data-element_type=\"widget\" data-e-type=\"widget\" data-settings=\"{&quot;_animation&quot;:&quot;fadeIn&quot;,&quot;_animation_delay&quot;:300}\" data-widget_type=\"text-editor.default\">\n\t\t\t\t<div class=\"elementor-widget-container\">\n\t\t\t\t\t\t\t\t\t<ul class=\"tableStyle\"><li>Marcel Hunziker (Leitung)<br \/><a class=\"external\" href=\"https:\/\/www.wsl.ch\/de.html\" target=\"_blank\" rel=\"noopener\" data-link-target=\"blank\">WSL<\/a><\/li><li>Peter Wullschleger (Stv.)<br \/><a class=\"external\" href=\"http:\/\/www.bsla.ch\/de\/\" target=\"_blank\" rel=\"noopener\" data-link-target=\"blank\">BSLA<\/a><\/li><li>Maarit Str\u00f6bele (Kongressmanagement)<br \/><a class=\"external\" href=\"http:\/\/www.forumlandschaft.ch\/\" target=\"_blank\" rel=\"noopener\" data-link-target=\"blank\">Forum Landschaft<\/a><\/li><li>Reto Camenzind<br \/><a class=\"external\" href=\"https:\/\/www.are.admin.ch\/are\/de\/home.html\" target=\"_blank\" rel=\"noopener\" data-link-target=\"blank\">ARE<\/a><\/li><li>Daniel M\u00fcller-Jentsch<br \/><a class=\"external\" href=\"https:\/\/www.avenir-suisse.ch\/\" target=\"_blank\" rel=\"noopener\" data-link-target=\"blank\">avenir suisse<\/a><\/li><li>Claudia Moll<br \/><a class=\"external\" href=\"https:\/\/www.bafu.admin.ch\/bafu\/de\/home.html\" target=\"_blank\" rel=\"noopener\" data-link-target=\"blank\">BAFU<\/a>\u00a0<\/li><li>Matthieu Raemy<br \/><a class=\"external\" href=\"https:\/\/www.blw.admin.ch\/blw\/de\/home.html\" target=\"_blank\" rel=\"noopener\" data-link-target=\"blank\">BLW<\/a><\/li><li>Ulrike Wissen<br \/><a class=\"external\" href=\"http:\/\/www.irl.ethz.ch\/\" target=\"_blank\" rel=\"noopener\" data-link-target=\"blank\">ETH (IRL)<\/a><\/li><li>Dominik Siegrist<br \/><a class=\"external\" href=\"https:\/\/www.hsr.ch\/de\/\" target=\"_blank\" rel=\"noopener\" data-link-target=\"blank\">HSR<\/a><\/li><li>Flurin Baumann<br \/><a class=\"external\" href=\"http:\/\/kbnl.ch\/\" target=\"_blank\" rel=\"noopener\" data-link-target=\"blank\">KBNL<\/a><\/li><li>Damian Jerjen, Mike Siegrist<br \/><a class=\"external\" href=\"http:\/\/www.kpk-cosac.ch\/\" target=\"_blank\" rel=\"noopener\" data-link-target=\"blank\">KPK<\/a><\/li><li>Thomas Scheurer<br \/><a class=\"external\" href=\"https:\/\/naturwissenschaften.ch\/organisations\/scnat\" target=\"_blank\" rel=\"noopener\" data-link-target=\"blank\">SCNAT<\/a><\/li><li>Martin Stuber<br \/><a class=\"external\" href=\"http:\/\/www.unibe.ch\/\" target=\"_blank\" rel=\"noopener\" data-link-target=\"blank\">Universtit\u00e4t Bern<\/a><\/li><li>Emmanuel Reynard<br \/><a class=\"external\" href=\"http:\/\/www.unil.ch\/index.html\" target=\"_blank\" rel=\"noopener\" data-link-target=\"blank\">Universit\u00e4t Lausanne<\/a><\/li><li>Norman Backhaus\u00a0<br \/><a class=\"external\" href=\"https:\/\/www.uzh.ch\/de.html\" target=\"_blank\" rel=\"noopener\" data-link-target=\"blank\">Universit\u00e4t Z\u00fcrich<\/a><br \/><br \/><\/li><\/ul>\t\t\t\t\t\t\t\t<\/div>\n\t\t\t\t<\/div>\n\t\t\t\t<\/div>\n\t\t<div class=\"elementor-element elementor-element-334198b e-con-full e-flex e-con e-child\" data-id=\"334198b\" data-element_type=\"container\" data-e-type=\"container\">\n\t\t\t\t<div class=\"elementor-element elementor-element-a1f3687 elementor-invisible elementor-widget elementor-widget-heading\" data-id=\"a1f3687\" data-element_type=\"widget\" data-e-type=\"widget\" data-settings=\"{&quot;_animation&quot;:&quot;fadeInUp&quot;}\" data-widget_type=\"heading.default\">\n\t\t\t\t<div class=\"elementor-widget-container\">\n\t\t\t\t\t<h3 class=\"elementor-heading-title elementor-size-default\">Tagungsorganisation<\/h3>\t\t\t\t<\/div>\n\t\t\t\t<\/div>\n\t\t<div class=\"elementor-element elementor-element-b158d68 e-con-full e-flex e-con e-child\" data-id=\"b158d68\" data-element_type=\"container\" data-e-type=\"container\">\n\t\t<div class=\"elementor-element elementor-element-0f0bcbf e-con-full e-flex e-con e-child\" data-id=\"0f0bcbf\" data-element_type=\"container\" data-e-type=\"container\">\n\t\t\t\t<div class=\"elementor-element elementor-element-ad3b68a elementor-invisible elementor-widget elementor-widget-heading\" data-id=\"ad3b68a\" data-element_type=\"widget\" data-e-type=\"widget\" data-settings=\"{&quot;_animation&quot;:&quot;fadeInUp&quot;}\" data-widget_type=\"heading.default\">\n\t\t\t\t<div class=\"elementor-widget-container\">\n\t\t\t\t\t<h4 class=\"elementor-heading-title elementor-size-default\">Forum Landschaft, Alpen, P\u00e4rke<\/h4>\t\t\t\t<\/div>\n\t\t\t\t<\/div>\n\t\t\t\t<div class=\"elementor-element elementor-element-933df19 Auflistung elementor-invisible elementor-widget elementor-widget-text-editor\" data-id=\"933df19\" data-element_type=\"widget\" data-e-type=\"widget\" data-settings=\"{&quot;_animation&quot;:&quot;fadeIn&quot;,&quot;_animation_delay&quot;:300}\" data-widget_type=\"text-editor.default\">\n\t\t\t\t<div class=\"elementor-widget-container\">\n\t\t\t\t\t\t\t\t\t<ul><li>Maarit Str\u00f6bele (Kongressmanagement)<\/li><li>\u00a0Urs Steiger (Pr\u00e4sident OK)<\/li><li>Marcel Hunziker (WSL, Pr\u00e4sident Programmgruppe)<\/li><\/ul>\t\t\t\t\t\t\t\t<\/div>\n\t\t\t\t<\/div>\n\t\t\t\t<\/div>\n\t\t<div class=\"elementor-element elementor-element-10622ec e-con-full e-flex e-con e-child\" data-id=\"10622ec\" data-element_type=\"container\" data-e-type=\"container\">\n\t\t\t\t<div class=\"elementor-element elementor-element-80a09d9 elementor-invisible elementor-widget elementor-widget-heading\" data-id=\"80a09d9\" data-element_type=\"widget\" data-e-type=\"widget\" data-settings=\"{&quot;_animation&quot;:&quot;fadeInUp&quot;}\" data-widget_type=\"heading.default\">\n\t\t\t\t<div class=\"elementor-widget-container\">\n\t\t\t\t\t<h4 class=\"elementor-heading-title elementor-size-default\">SCNAT<\/h4>\t\t\t\t<\/div>\n\t\t\t\t<\/div>\n\t\t\t\t<div class=\"elementor-element elementor-element-adf2c4c Auflistung elementor-invisible elementor-widget elementor-widget-text-editor\" data-id=\"adf2c4c\" data-element_type=\"widget\" data-e-type=\"widget\" data-settings=\"{&quot;_animation&quot;:&quot;fadeIn&quot;,&quot;_animation_delay&quot;:300}\" data-widget_type=\"text-editor.default\">\n\t\t\t\t<div class=\"elementor-widget-container\">\n\t\t\t\t\t\t\t\t\t<ul><li>Marcel Falk (Kommunikation)<\/li><li>Gabriela Beuchat<\/li><li>Martin Kohli<\/li><li>Olivia Zwygart<\/li><li>Rina Wiedmer<\/li><li>Andres Jordi<\/li><\/ul>\t\t\t\t\t\t\t\t<\/div>\n\t\t\t\t<\/div>\n\t\t\t\t<\/div>\n\t\t\t\t<\/div>\n\t\t\t\t<\/div>\n\t\t\t\t\t<\/div>\n\t\t\t\t<\/div>\n\t\t\t\t<\/div>\n\t\t","protected":false},"excerpt":{"rendered":"<p>Tr\u00e4gerschaft \u2013 1. Schweizer Landschaftskongress Der 1. Schweizer Landschaftskongress wird mit zusammen mit den Tr\u00e4ger- und Partnerorganisationen unter der F\u00fchrung des Forums Landschaft organisiert. Tr\u00e4ger Akademie der Naturwissenschaften Schweiz SCNAT Eidg. Forschungsanstalt f\u00fcr Wald, Schnee und Landschaft WSL Bundesamt f\u00fcr Umwelt BAFU Bundesamt f\u00fcr Raumentwicklung ARE Bundesamt f\u00fcr Kultur BAK Bundesamt f\u00fcr Landwirtschaft BLW Schweizerischer [&hellip;]<\/p>\n","protected":false},"author":1,"featured_media":0,"parent":0,"menu_order":0,"comment_status":"closed","ping_status":"closed","template":"","meta":{"footnotes":""},"class_list":["post-208","page","type-page","status-publish","hentry"],"_links":{"self":[{"href":"https:\/\/landschaftskongress.ch\/2018\/wp-json\/wp\/v2\/pages\/208","targetHints":{"allow":["GET"]}}],"collection":[{"href":"https:\/\/landschaftskongress.ch\/2018\/wp-json\/wp\/v2\/pages"}],"about":[{"href":"https:\/\/landschaftskongress.ch\/2018\/wp-json\/wp\/v2\/types\/page"}],"author":[{"embeddable":true,"href":"https:\/\/landschaftskongress.ch\/2018\/wp-json\/wp\/v2\/users\/1"}],"replies":[{"embeddable":true,"href":"https:\/\/landschaftskongress.ch\/2018\/wp-json\/wp\/v2\/comments?post=208"}],"version-history":[{"count":190,"href":"https:\/\/landschaftskongress.ch\/2018\/wp-json\/wp\/v2\/pages\/208\/revisions"}],"predecessor-version":[{"id":1182,"href":"https:\/\/landschaftskongress.ch\/2018\/wp-json\/wp\/v2\/pages\/208\/revisions\/1182"}],"wp:attachment":[{"href":"https:\/\/landschaftskongress.ch\/2018\/wp-json\/wp\/v2\/media?parent=208"}],"curies":[{"name":"wp","href":"https:\/\/api.w.org\/{rel}","templated":true}]}}