{"id":208,"date":"2025-07-07T07:07:06","date_gmt":"2025-07-07T07:07:06","guid":{"rendered":"https:\/\/landschaftskongress.ch\/2020\/?page_id=208"},"modified":"2025-10-15T08:43:44","modified_gmt":"2025-10-15T08:43:44","slug":"ueber-uns","status":"publish","type":"page","link":"https:\/\/landschaftskongress.ch\/2020\/ueber-uns\/","title":{"rendered":"\u00dcber uns"},"content":{"rendered":"\t\t<div data-elementor-type=\"wp-page\" data-elementor-id=\"208\" class=\"elementor elementor-208\" data-elementor-post-type=\"page\">\n\t\t\t\t<div class=\"elementor-element elementor-element-61b230c e-flex e-con-boxed elementor-invisible e-con e-parent\" data-id=\"61b230c\" data-element_type=\"container\" data-e-type=\"container\" data-settings=\"{&quot;sticky&quot;:&quot;top&quot;,&quot;animation&quot;:&quot;fadeInUp&quot;,&quot;position&quot;:&quot;absolute&quot;,&quot;sticky_on&quot;:[&quot;desktop&quot;,&quot;tablet&quot;,&quot;mobile&quot;],&quot;sticky_offset&quot;:0,&quot;sticky_effects_offset&quot;:0,&quot;sticky_anchor_link_offset&quot;:0}\">\n\t\t\t\t\t<div class=\"e-con-inner\">\n\t\t<div class=\"elementor-element elementor-element-eecb991 e-con-full e-flex e-con e-child\" data-id=\"eecb991\" data-element_type=\"container\" data-e-type=\"container\">\n\t\t\t\t<div class=\"elementor-element elementor-element-e7df01d elementor-invisible elementor-widget elementor-widget-heading\" data-id=\"e7df01d\" data-element_type=\"widget\" data-e-type=\"widget\" id=\"headerTitel\" data-settings=\"{&quot;_animation&quot;:&quot;fadeInUp&quot;}\" data-widget_type=\"heading.default\">\n\t\t\t\t<div class=\"elementor-widget-container\">\n\t\t\t\t\t<h1 class=\"elementor-heading-title elementor-size-default\">\u00dcber uns<\/h1>\t\t\t\t<\/div>\n\t\t\t\t<\/div>\n\t\t\t\t<\/div>\n\t\t\t\t\t<\/div>\n\t\t\t\t<\/div>\n\t\t<div class=\"elementor-element elementor-element-9271da4 e-con-full e-flex e-con e-parent\" data-id=\"9271da4\" data-element_type=\"container\" data-e-type=\"container\" data-settings=\"{&quot;background_background&quot;:&quot;classic&quot;}\">\n\t\t\t\t<div class=\"elementor-element elementor-element-59162a1 elementor-widget elementor-widget-spacer\" data-id=\"59162a1\" data-element_type=\"widget\" data-e-type=\"widget\" data-widget_type=\"spacer.default\">\n\t\t\t\t<div class=\"elementor-widget-container\">\n\t\t\t\t\t\t\t<div class=\"elementor-spacer\">\n\t\t\t<div class=\"elementor-spacer-inner\"><\/div>\n\t\t<\/div>\n\t\t\t\t\t\t<\/div>\n\t\t\t\t<\/div>\n\t\t\t\t<\/div>\n\t\t<div class=\"elementor-element elementor-element-0c59999 e-flex e-con-boxed e-con e-parent\" data-id=\"0c59999\" data-element_type=\"container\" data-e-type=\"container\" data-settings=\"{&quot;background_background&quot;:&quot;classic&quot;}\">\n\t\t\t\t\t<div class=\"e-con-inner\">\n\t\t\t\t<div class=\"elementor-element elementor-element-3a4fc3b elementor-invisible elementor-widget elementor-widget-heading\" data-id=\"3a4fc3b\" data-element_type=\"widget\" data-e-type=\"widget\" data-settings=\"{&quot;_animation&quot;:&quot;fadeInUp&quot;}\" data-widget_type=\"heading.default\">\n\t\t\t\t<div class=\"elementor-widget-container\">\n\t\t\t\t\t<h2 class=\"elementor-heading-title elementor-size-default\">Tr\u00e4gerschaft \u2013 2. Schweizer Landschaftskongress<\/h2>\t\t\t\t<\/div>\n\t\t\t\t<\/div>\n\t\t\t\t<div class=\"elementor-element elementor-element-386b0cb elementor-widget__width-initial elementor-invisible elementor-widget elementor-widget-text-editor\" data-id=\"386b0cb\" data-element_type=\"widget\" data-e-type=\"widget\" data-settings=\"{&quot;_animation&quot;:&quot;fadeIn&quot;,&quot;_animation_delay&quot;:300}\" data-widget_type=\"text-editor.default\">\n\t\t\t\t<div class=\"elementor-widget-container\">\n\t\t\t\t\t\t\t\t\t<p>Der 2. Schweizer Landschaftskongress wird vom <a class=\"external_2020\" title=\"FoLAP\" href=\"https:\/\/naturwissenschaften.ch\/organisations\/forum_landscape_alps_parks\" target=\"_blank\" rel=\"noopener\" data-link-target=\"blank\">Forum Landschaft, Alpen, P\u00e4rke<\/a> (SCNAT) zusammen mit den Tr\u00e4ger- und Partnerorganisationen organisiert.<\/p>\t\t\t\t\t\t\t\t<\/div>\n\t\t\t\t<\/div>\n\t\t<div class=\"elementor-element elementor-element-3af0ea8 e-con-full e-flex e-con e-child\" data-id=\"3af0ea8\" data-element_type=\"container\" data-e-type=\"container\">\n\t\t\t\t<div class=\"elementor-element elementor-element-d875208 elementor-invisible elementor-widget elementor-widget-heading\" data-id=\"d875208\" data-element_type=\"widget\" data-e-type=\"widget\" data-settings=\"{&quot;_animation&quot;:&quot;fadeInUp&quot;}\" data-widget_type=\"heading.default\">\n\t\t\t\t<div class=\"elementor-widget-container\">\n\t\t\t\t\t<h3 class=\"elementor-heading-title elementor-size-default\">Tr\u00e4ger<\/h3>\t\t\t\t<\/div>\n\t\t\t\t<\/div>\n\t\t\t\t<div class=\"elementor-element elementor-element-dfc4e54 Auflistung elementor-invisible elementor-widget elementor-widget-text-editor\" data-id=\"dfc4e54\" data-element_type=\"widget\" data-e-type=\"widget\" data-settings=\"{&quot;_animation&quot;:&quot;fadeIn&quot;,&quot;_animation_delay&quot;:300}\" data-widget_type=\"text-editor.default\">\n\t\t\t\t<div class=\"elementor-widget-container\">\n\t\t\t\t\t\t\t\t\t<ul><li>Bundesamt f\u00fcr Umwelt BAFU<\/li><li>Bundesamt f\u00fcr Landwirtschaft BLW<\/li><li>Bundesamt f\u00fcr Kultur BAK<\/li><li>Bundesamt f\u00fcr Raumentwicklung ARE<\/li><li>Kanton Waadt<\/li><li>Akademie der Naturwissenschaften Schweiz SCNAT<\/li><li>Eidg. Forschungsanstalt f\u00fcr Wald, Schnee und Landschaft WSL<\/li><li>Haute \u00e9cole du paysage, d\u2019ing\u00e9nierie et d\u2019architecture de Gen\u00e8ve, HEPIA<\/li><li>Interdisziplin\u00e4rer Themencluster \u00abRaum &amp; Gesellschaft\u00bb, Hochschule Luzern HSLU<\/li><li>Institut f\u00fcr Raum- und Landschaftsentwicklung IRL, ETH Z\u00fcrich<\/li><li>Institut f\u00fcr Landschaft und Freiraum ILF, Hochschule Rapperswil<\/li><li>Konferenz der Beauftragten f\u00fcr Natur- und Landschaftsschutz KBNL<\/li><li>Kantonsplanerkonferenz KPK<\/li><li>Bund Schweizer Landschaftsarchitekten und Landschaftsarchitektinnen BSLA<\/li><li>Fonds Landschaft Schweiz<\/li><li>Netzwerk Schweizer P\u00e4rke<\/li><li>Pro Natura<\/li><li>Schweizer Ingenieur- und Architektenverein SIA<\/li><li>Stiftung Landschaftsschutz SL-FP<\/li><li>Schweizerischer Alpenclub SAC<\/li><\/ul>\t\t\t\t\t\t\t\t<\/div>\n\t\t\t\t<\/div>\n\t\t\t\t<\/div>\n\t\t<div class=\"elementor-element elementor-element-fa09aaa e-con-full e-flex elementor-invisible e-con e-child\" data-id=\"fa09aaa\" data-element_type=\"container\" data-e-type=\"container\" data-settings=\"{&quot;animation&quot;:&quot;fadeIn&quot;,&quot;animation_delay&quot;:300}\">\n\t\t<div class=\"elementor-element elementor-element-9325cd4 e-grid e-con-full e-con e-child\" data-id=\"9325cd4\" data-element_type=\"container\" data-e-type=\"container\">\n\t\t\t\t<div class=\"elementor-element elementor-element-9dedaa3 elementor-widget elementor-widget-image\" data-id=\"9dedaa3\" data-element_type=\"widget\" data-e-type=\"widget\" data-widget_type=\"image.default\">\n\t\t\t\t<div class=\"elementor-widget-container\">\n\t\t\t\t\t\t\t\t\t\t\t\t\t\t\t\t<a href=\"https:\/\/naturwissenschaften.ch\/organisations\/forum_landscape_alps_parks\" target=\"_blank\">\n\t\t\t\t\t\t\t<img fetchpriority=\"high\" decoding=\"async\" width=\"500\" height=\"250\" src=\"https:\/\/landschaftskongress.ch\/2020\/wp-content\/uploads\/2025\/07\/Akademie-der-Naturwissenschaften-Schweiz-SCNAT-Logo.jpg\" class=\"attachment-large size-large wp-image-237\" alt=\"\" srcset=\"https:\/\/landschaftskongress.ch\/2020\/wp-content\/uploads\/2025\/07\/Akademie-der-Naturwissenschaften-Schweiz-SCNAT-Logo.jpg 500w, https:\/\/landschaftskongress.ch\/2020\/wp-content\/uploads\/2025\/07\/Akademie-der-Naturwissenschaften-Schweiz-SCNAT-Logo-300x150.jpg 300w\" sizes=\"(max-width: 500px) 100vw, 500px\" \/>\t\t\t\t\t\t\t\t<\/a>\n\t\t\t\t\t\t\t\t\t\t\t\t\t\t\t<\/div>\n\t\t\t\t<\/div>\n\t\t\t\t<div class=\"elementor-element elementor-element-4ed5f92 elementor-widget elementor-widget-image\" data-id=\"4ed5f92\" data-element_type=\"widget\" data-e-type=\"widget\" data-widget_type=\"image.default\">\n\t\t\t\t<div class=\"elementor-widget-container\">\n\t\t\t\t\t\t\t\t\t\t\t\t\t\t\t\t<a href=\"https:\/\/www.bafu.admin.ch\/bafu\/de\/home\/themen\/landschaft.html\" target=\"_blank\">\n\t\t\t\t\t\t\t<img decoding=\"async\" width=\"500\" height=\"250\" src=\"https:\/\/landschaftskongress.ch\/2020\/wp-content\/uploads\/2025\/07\/Bundesamt-Umwelt-BAFU-Logo.jpg\" class=\"attachment-large size-large wp-image-232\" alt=\"\" srcset=\"https:\/\/landschaftskongress.ch\/2020\/wp-content\/uploads\/2025\/07\/Bundesamt-Umwelt-BAFU-Logo.jpg 500w, https:\/\/landschaftskongress.ch\/2020\/wp-content\/uploads\/2025\/07\/Bundesamt-Umwelt-BAFU-Logo-300x150.jpg 300w\" sizes=\"(max-width: 500px) 100vw, 500px\" \/>\t\t\t\t\t\t\t\t<\/a>\n\t\t\t\t\t\t\t\t\t\t\t\t\t\t\t<\/div>\n\t\t\t\t<\/div>\n\t\t\t\t<div class=\"elementor-element elementor-element-d3c8a9b elementor-widget elementor-widget-image\" data-id=\"d3c8a9b\" data-element_type=\"widget\" data-e-type=\"widget\" data-widget_type=\"image.default\">\n\t\t\t\t<div class=\"elementor-widget-container\">\n\t\t\t\t\t\t\t\t\t\t\t\t\t\t\t\t<a href=\"https:\/\/www.blw.admin.ch\/\" target=\"_blank\">\n\t\t\t\t\t\t\t<img decoding=\"async\" width=\"500\" height=\"250\" src=\"https:\/\/landschaftskongress.ch\/2020\/wp-content\/uploads\/2025\/08\/Bundesamt_Landwirtschaft_BLW-Logo.jpeg\" class=\"attachment-large size-large wp-image-799\" alt=\"\" srcset=\"https:\/\/landschaftskongress.ch\/2020\/wp-content\/uploads\/2025\/08\/Bundesamt_Landwirtschaft_BLW-Logo.jpeg 500w, https:\/\/landschaftskongress.ch\/2020\/wp-content\/uploads\/2025\/08\/Bundesamt_Landwirtschaft_BLW-Logo-300x150.jpeg 300w\" sizes=\"(max-width: 500px) 100vw, 500px\" \/>\t\t\t\t\t\t\t\t<\/a>\n\t\t\t\t\t\t\t\t\t\t\t\t\t\t\t<\/div>\n\t\t\t\t<\/div>\n\t\t\t\t<div class=\"elementor-element elementor-element-0114424 elementor-widget elementor-widget-image\" data-id=\"0114424\" data-element_type=\"widget\" data-e-type=\"widget\" data-widget_type=\"image.default\">\n\t\t\t\t<div class=\"elementor-widget-container\">\n\t\t\t\t\t\t\t\t\t\t\t\t\t\t\t\t<a href=\"https:\/\/www.bak.admin.ch\/\" target=\"_blank\">\n\t\t\t\t\t\t\t<img loading=\"lazy\" decoding=\"async\" width=\"500\" height=\"250\" src=\"https:\/\/landschaftskongress.ch\/2020\/wp-content\/uploads\/2025\/07\/Bundesamt-Kultur-BAK-Logo.jpg\" class=\"attachment-large size-large wp-image-234\" alt=\"\" srcset=\"https:\/\/landschaftskongress.ch\/2020\/wp-content\/uploads\/2025\/07\/Bundesamt-Kultur-BAK-Logo.jpg 500w, https:\/\/landschaftskongress.ch\/2020\/wp-content\/uploads\/2025\/07\/Bundesamt-Kultur-BAK-Logo-300x150.jpg 300w\" sizes=\"(max-width: 500px) 100vw, 500px\" \/>\t\t\t\t\t\t\t\t<\/a>\n\t\t\t\t\t\t\t\t\t\t\t\t\t\t\t<\/div>\n\t\t\t\t<\/div>\n\t\t\t\t<div class=\"elementor-element elementor-element-f8e4213 elementor-widget elementor-widget-image\" data-id=\"f8e4213\" data-element_type=\"widget\" data-e-type=\"widget\" data-widget_type=\"image.default\">\n\t\t\t\t<div class=\"elementor-widget-container\">\n\t\t\t\t\t\t\t\t\t\t\t\t\t\t\t\t<a href=\"https:\/\/www.are.admin.ch\/\" target=\"_blank\">\n\t\t\t\t\t\t\t<img loading=\"lazy\" decoding=\"async\" width=\"500\" height=\"250\" src=\"https:\/\/landschaftskongress.ch\/2020\/wp-content\/uploads\/2025\/08\/Bundesamt_Raumentwicklung_ARE-Logo.jpeg\" class=\"attachment-large size-large wp-image-801\" alt=\"\" srcset=\"https:\/\/landschaftskongress.ch\/2020\/wp-content\/uploads\/2025\/08\/Bundesamt_Raumentwicklung_ARE-Logo.jpeg 500w, https:\/\/landschaftskongress.ch\/2020\/wp-content\/uploads\/2025\/08\/Bundesamt_Raumentwicklung_ARE-Logo-300x150.jpeg 300w\" sizes=\"(max-width: 500px) 100vw, 500px\" \/>\t\t\t\t\t\t\t\t<\/a>\n\t\t\t\t\t\t\t\t\t\t\t\t\t\t\t<\/div>\n\t\t\t\t<\/div>\n\t\t\t\t<div class=\"elementor-element elementor-element-b1a60e2 elementor-widget elementor-widget-image\" data-id=\"b1a60e2\" data-element_type=\"widget\" data-e-type=\"widget\" data-widget_type=\"image.default\">\n\t\t\t\t<div class=\"elementor-widget-container\">\n\t\t\t\t\t\t\t\t\t\t\t\t\t\t\t\t<a href=\"https:\/\/www.vd.ch\/toutes-les-autorites\/departements\/departement-de-lenvironnement-et-de-la-securite-des\/direction-generale-de-lenvironnement-dge\/\" target=\"_blank\">\n\t\t\t\t\t\t\t<img loading=\"lazy\" decoding=\"async\" width=\"500\" height=\"250\" src=\"https:\/\/landschaftskongress.ch\/2020\/wp-content\/uploads\/2025\/09\/logo20Kanton20Waadt.jpeg\" class=\"attachment-large size-large wp-image-974\" alt=\"\" srcset=\"https:\/\/landschaftskongress.ch\/2020\/wp-content\/uploads\/2025\/09\/logo20Kanton20Waadt.jpeg 500w, https:\/\/landschaftskongress.ch\/2020\/wp-content\/uploads\/2025\/09\/logo20Kanton20Waadt-300x150.jpeg 300w\" sizes=\"(max-width: 500px) 100vw, 500px\" \/>\t\t\t\t\t\t\t\t<\/a>\n\t\t\t\t\t\t\t\t\t\t\t\t\t\t\t<\/div>\n\t\t\t\t<\/div>\n\t\t\t\t<div class=\"elementor-element elementor-element-7f463d1 elementor-widget elementor-widget-image\" data-id=\"7f463d1\" data-element_type=\"widget\" data-e-type=\"widget\" data-widget_type=\"image.default\">\n\t\t\t\t<div class=\"elementor-widget-container\">\n\t\t\t\t\t\t\t\t\t\t\t\t\t\t\t\t<a href=\"https:\/\/www.wsl.ch\/de\/\" target=\"_blank\">\n\t\t\t\t\t\t\t<img loading=\"lazy\" decoding=\"async\" width=\"500\" height=\"250\" src=\"https:\/\/landschaftskongress.ch\/2020\/wp-content\/uploads\/2025\/07\/WSL-logo.png\" class=\"attachment-large size-large wp-image-219\" alt=\"\" srcset=\"https:\/\/landschaftskongress.ch\/2020\/wp-content\/uploads\/2025\/07\/WSL-logo.png 500w, https:\/\/landschaftskongress.ch\/2020\/wp-content\/uploads\/2025\/07\/WSL-logo-300x150.png 300w\" sizes=\"(max-width: 500px) 100vw, 500px\" \/>\t\t\t\t\t\t\t\t<\/a>\n\t\t\t\t\t\t\t\t\t\t\t\t\t\t\t<\/div>\n\t\t\t\t<\/div>\n\t\t\t\t<div class=\"elementor-element elementor-element-58f016e elementor-widget elementor-widget-image\" data-id=\"58f016e\" data-element_type=\"widget\" data-e-type=\"widget\" data-widget_type=\"image.default\">\n\t\t\t\t<div class=\"elementor-widget-container\">\n\t\t\t\t\t\t\t\t\t\t\t\t\t\t\t\t<a href=\"https:\/\/www.hesge.ch\/hepia\/\" target=\"_blank\">\n\t\t\t\t\t\t\t<img loading=\"lazy\" decoding=\"async\" width=\"500\" height=\"250\" src=\"https:\/\/landschaftskongress.ch\/2020\/wp-content\/uploads\/2025\/08\/HEPIA-Logo.jpeg\" class=\"attachment-large size-large wp-image-803\" alt=\"\" srcset=\"https:\/\/landschaftskongress.ch\/2020\/wp-content\/uploads\/2025\/08\/HEPIA-Logo.jpeg 500w, https:\/\/landschaftskongress.ch\/2020\/wp-content\/uploads\/2025\/08\/HEPIA-Logo-300x150.jpeg 300w\" sizes=\"(max-width: 500px) 100vw, 500px\" \/>\t\t\t\t\t\t\t\t<\/a>\n\t\t\t\t\t\t\t\t\t\t\t\t\t\t\t<\/div>\n\t\t\t\t<\/div>\n\t\t\t\t<div class=\"elementor-element elementor-element-624553e elementor-widget elementor-widget-image\" data-id=\"624553e\" data-element_type=\"widget\" data-e-type=\"widget\" data-widget_type=\"image.default\">\n\t\t\t\t<div class=\"elementor-widget-container\">\n\t\t\t\t\t\t\t\t\t\t\t\t\t\t\t\t<a href=\"https:\/\/www.hslu.ch\/de-ch\/technik-architektur\/\" target=\"_blank\">\n\t\t\t\t\t\t\t<img loading=\"lazy\" decoding=\"async\" width=\"500\" height=\"250\" src=\"https:\/\/landschaftskongress.ch\/2020\/wp-content\/uploads\/2025\/07\/Hochschule-Luzern-HSLU-Raum-Gesellschaft-Logo.jpg\" class=\"attachment-large size-large wp-image-230\" alt=\"\" srcset=\"https:\/\/landschaftskongress.ch\/2020\/wp-content\/uploads\/2025\/07\/Hochschule-Luzern-HSLU-Raum-Gesellschaft-Logo.jpg 500w, https:\/\/landschaftskongress.ch\/2020\/wp-content\/uploads\/2025\/07\/Hochschule-Luzern-HSLU-Raum-Gesellschaft-Logo-300x150.jpg 300w\" sizes=\"(max-width: 500px) 100vw, 500px\" \/>\t\t\t\t\t\t\t\t<\/a>\n\t\t\t\t\t\t\t\t\t\t\t\t\t\t\t<\/div>\n\t\t\t\t<\/div>\n\t\t\t\t<div class=\"elementor-element elementor-element-94a843a elementor-widget elementor-widget-image\" data-id=\"94a843a\" data-element_type=\"widget\" data-e-type=\"widget\" data-widget_type=\"image.default\">\n\t\t\t\t<div class=\"elementor-widget-container\">\n\t\t\t\t\t\t\t\t\t\t\t\t\t\t\t\t<a href=\"https:\/\/plus.ethz.ch\/de\/\" target=\"_blank\">\n\t\t\t\t\t\t\t<img loading=\"lazy\" decoding=\"async\" width=\"500\" height=\"250\" src=\"https:\/\/landschaftskongress.ch\/2020\/wp-content\/uploads\/2025\/09\/logo20ETH20Zuerich20IRL.jpeg\" class=\"attachment-large size-large wp-image-977\" alt=\"\" srcset=\"https:\/\/landschaftskongress.ch\/2020\/wp-content\/uploads\/2025\/09\/logo20ETH20Zuerich20IRL.jpeg 500w, https:\/\/landschaftskongress.ch\/2020\/wp-content\/uploads\/2025\/09\/logo20ETH20Zuerich20IRL-300x150.jpeg 300w\" sizes=\"(max-width: 500px) 100vw, 500px\" \/>\t\t\t\t\t\t\t\t<\/a>\n\t\t\t\t\t\t\t\t\t\t\t\t\t\t\t<\/div>\n\t\t\t\t<\/div>\n\t\t\t\t<div class=\"elementor-element elementor-element-f451452 elementor-widget elementor-widget-image\" data-id=\"f451452\" data-element_type=\"widget\" data-e-type=\"widget\" data-widget_type=\"image.default\">\n\t\t\t\t<div class=\"elementor-widget-container\">\n\t\t\t\t\t\t\t\t\t\t\t\t\t\t\t\t<a href=\"https:\/\/ilf.hsr.ch\/\" target=\"_blank\">\n\t\t\t\t\t\t\t<img loading=\"lazy\" decoding=\"async\" width=\"500\" height=\"250\" src=\"https:\/\/landschaftskongress.ch\/2020\/wp-content\/uploads\/2025\/08\/Hochschule_Rapperswil_ILF-Logo.jpeg\" class=\"attachment-large size-large wp-image-795\" alt=\"\" srcset=\"https:\/\/landschaftskongress.ch\/2020\/wp-content\/uploads\/2025\/08\/Hochschule_Rapperswil_ILF-Logo.jpeg 500w, https:\/\/landschaftskongress.ch\/2020\/wp-content\/uploads\/2025\/08\/Hochschule_Rapperswil_ILF-Logo-300x150.jpeg 300w\" sizes=\"(max-width: 500px) 100vw, 500px\" \/>\t\t\t\t\t\t\t\t<\/a>\n\t\t\t\t\t\t\t\t\t\t\t\t\t\t\t<\/div>\n\t\t\t\t<\/div>\n\t\t\t\t<div class=\"elementor-element elementor-element-0f0c438 elementor-widget elementor-widget-image\" data-id=\"0f0c438\" data-element_type=\"widget\" data-e-type=\"widget\" data-widget_type=\"image.default\">\n\t\t\t\t<div class=\"elementor-widget-container\">\n\t\t\t\t\t\t\t\t\t\t\t\t\t\t\t\t<a href=\"https:\/\/kbnl.ch\/\" target=\"_blank\">\n\t\t\t\t\t\t\t<img loading=\"lazy\" decoding=\"async\" width=\"500\" height=\"250\" src=\"https:\/\/landschaftskongress.ch\/2020\/wp-content\/uploads\/2025\/09\/logo20Konferenz20der20Beauftragten20Natur20und20Landschaftsschutz20KBNL.jpeg\" class=\"attachment-large size-large wp-image-979\" alt=\"\" srcset=\"https:\/\/landschaftskongress.ch\/2020\/wp-content\/uploads\/2025\/09\/logo20Konferenz20der20Beauftragten20Natur20und20Landschaftsschutz20KBNL.jpeg 500w, https:\/\/landschaftskongress.ch\/2020\/wp-content\/uploads\/2025\/09\/logo20Konferenz20der20Beauftragten20Natur20und20Landschaftsschutz20KBNL-300x150.jpeg 300w\" sizes=\"(max-width: 500px) 100vw, 500px\" \/>\t\t\t\t\t\t\t\t<\/a>\n\t\t\t\t\t\t\t\t\t\t\t\t\t\t\t<\/div>\n\t\t\t\t<\/div>\n\t\t\t\t<div class=\"elementor-element elementor-element-c77d14b elementor-widget elementor-widget-image\" data-id=\"c77d14b\" data-element_type=\"widget\" data-e-type=\"widget\" data-widget_type=\"image.default\">\n\t\t\t\t<div class=\"elementor-widget-container\">\n\t\t\t\t\t\t\t\t\t\t\t\t\t\t\t\t<a href=\"https:\/\/www.bpuk.ch\/kpk\/ueber-kpk\" target=\"_blank\">\n\t\t\t\t\t\t\t<img loading=\"lazy\" decoding=\"async\" width=\"500\" height=\"250\" src=\"https:\/\/landschaftskongress.ch\/2020\/wp-content\/uploads\/2025\/07\/Kantonsplanerkonferenz-KPK-Logo.jpg\" class=\"attachment-large size-large wp-image-228\" alt=\"\" srcset=\"https:\/\/landschaftskongress.ch\/2020\/wp-content\/uploads\/2025\/07\/Kantonsplanerkonferenz-KPK-Logo.jpg 500w, https:\/\/landschaftskongress.ch\/2020\/wp-content\/uploads\/2025\/07\/Kantonsplanerkonferenz-KPK-Logo-300x150.jpg 300w\" sizes=\"(max-width: 500px) 100vw, 500px\" \/>\t\t\t\t\t\t\t\t<\/a>\n\t\t\t\t\t\t\t\t\t\t\t\t\t\t\t<\/div>\n\t\t\t\t<\/div>\n\t\t\t\t<div class=\"elementor-element elementor-element-5ea42d1 elementor-widget elementor-widget-image\" data-id=\"5ea42d1\" data-element_type=\"widget\" data-e-type=\"widget\" data-widget_type=\"image.default\">\n\t\t\t\t<div class=\"elementor-widget-container\">\n\t\t\t\t\t\t\t\t\t\t\t\t\t\t\t\t<a href=\"https:\/\/www.bsla.ch\/\" target=\"_blank\">\n\t\t\t\t\t\t\t<img loading=\"lazy\" decoding=\"async\" width=\"500\" height=\"250\" src=\"https:\/\/landschaftskongress.ch\/2020\/wp-content\/uploads\/2025\/07\/BSLA-Logo.jpg\" class=\"attachment-large size-large wp-image-235\" alt=\"\" srcset=\"https:\/\/landschaftskongress.ch\/2020\/wp-content\/uploads\/2025\/07\/BSLA-Logo.jpg 500w, https:\/\/landschaftskongress.ch\/2020\/wp-content\/uploads\/2025\/07\/BSLA-Logo-300x150.jpg 300w\" sizes=\"(max-width: 500px) 100vw, 500px\" \/>\t\t\t\t\t\t\t\t<\/a>\n\t\t\t\t\t\t\t\t\t\t\t\t\t\t\t<\/div>\n\t\t\t\t<\/div>\n\t\t\t\t<div class=\"elementor-element elementor-element-763a498 elementor-widget elementor-widget-image\" data-id=\"763a498\" data-element_type=\"widget\" data-e-type=\"widget\" data-widget_type=\"image.default\">\n\t\t\t\t<div class=\"elementor-widget-container\">\n\t\t\t\t\t\t\t\t\t\t\t\t\t\t\t\t<a href=\"https:\/\/fls-fsp.ch\/\" target=\"_blank\">\n\t\t\t\t\t\t\t<img loading=\"lazy\" decoding=\"async\" width=\"500\" height=\"250\" src=\"https:\/\/landschaftskongress.ch\/2020\/wp-content\/uploads\/2025\/07\/Fonds-Landschaft-Schweiz-Logo.jpg\" class=\"attachment-large size-large wp-image-231\" alt=\"\" srcset=\"https:\/\/landschaftskongress.ch\/2020\/wp-content\/uploads\/2025\/07\/Fonds-Landschaft-Schweiz-Logo.jpg 500w, https:\/\/landschaftskongress.ch\/2020\/wp-content\/uploads\/2025\/07\/Fonds-Landschaft-Schweiz-Logo-300x150.jpg 300w\" sizes=\"(max-width: 500px) 100vw, 500px\" \/>\t\t\t\t\t\t\t\t<\/a>\n\t\t\t\t\t\t\t\t\t\t\t\t\t\t\t<\/div>\n\t\t\t\t<\/div>\n\t\t\t\t<div class=\"elementor-element elementor-element-4f0e0ba elementor-widget elementor-widget-image\" data-id=\"4f0e0ba\" data-element_type=\"widget\" data-e-type=\"widget\" data-widget_type=\"image.default\">\n\t\t\t\t<div class=\"elementor-widget-container\">\n\t\t\t\t\t\t\t\t\t\t\t\t\t\t\t\t<a href=\"https:\/\/www.parks.swiss\/de\/\" target=\"_blank\">\n\t\t\t\t\t\t\t<img loading=\"lazy\" decoding=\"async\" width=\"500\" height=\"250\" src=\"https:\/\/landschaftskongress.ch\/2020\/wp-content\/uploads\/2025\/07\/Netzwerk-Schweizer-Paerke-Logo.jpg\" class=\"attachment-large size-large wp-image-227\" alt=\"\" srcset=\"https:\/\/landschaftskongress.ch\/2020\/wp-content\/uploads\/2025\/07\/Netzwerk-Schweizer-Paerke-Logo.jpg 500w, https:\/\/landschaftskongress.ch\/2020\/wp-content\/uploads\/2025\/07\/Netzwerk-Schweizer-Paerke-Logo-300x150.jpg 300w\" sizes=\"(max-width: 500px) 100vw, 500px\" \/>\t\t\t\t\t\t\t\t<\/a>\n\t\t\t\t\t\t\t\t\t\t\t\t\t\t\t<\/div>\n\t\t\t\t<\/div>\n\t\t\t\t<div class=\"elementor-element elementor-element-2eb5cb8 elementor-widget elementor-widget-image\" data-id=\"2eb5cb8\" data-element_type=\"widget\" data-e-type=\"widget\" data-widget_type=\"image.default\">\n\t\t\t\t<div class=\"elementor-widget-container\">\n\t\t\t\t\t\t\t\t\t\t\t\t\t\t\t\t<a href=\"https:\/\/www.pronatura.ch\/\" target=\"_blank\">\n\t\t\t\t\t\t\t<img loading=\"lazy\" decoding=\"async\" width=\"500\" height=\"250\" src=\"https:\/\/landschaftskongress.ch\/2020\/wp-content\/uploads\/2025\/09\/logo20Pro20Natura.jpeg\" class=\"attachment-large size-large wp-image-987\" alt=\"\" srcset=\"https:\/\/landschaftskongress.ch\/2020\/wp-content\/uploads\/2025\/09\/logo20Pro20Natura.jpeg 500w, https:\/\/landschaftskongress.ch\/2020\/wp-content\/uploads\/2025\/09\/logo20Pro20Natura-300x150.jpeg 300w\" sizes=\"(max-width: 500px) 100vw, 500px\" \/>\t\t\t\t\t\t\t\t<\/a>\n\t\t\t\t\t\t\t\t\t\t\t\t\t\t\t<\/div>\n\t\t\t\t<\/div>\n\t\t\t\t<div class=\"elementor-element elementor-element-74c4634 elementor-widget elementor-widget-image\" data-id=\"74c4634\" data-element_type=\"widget\" data-e-type=\"widget\" data-widget_type=\"image.default\">\n\t\t\t\t<div class=\"elementor-widget-container\">\n\t\t\t\t\t\t\t\t\t\t\t\t\t\t\t\t<a href=\"https:\/\/www.sia.ch\/\" target=\"_blank\">\n\t\t\t\t\t\t\t<img loading=\"lazy\" decoding=\"async\" width=\"500\" height=\"250\" src=\"https:\/\/landschaftskongress.ch\/2020\/wp-content\/uploads\/2025\/07\/Schweizer-Ingenieur-und-Architektenverein-SIA-Logo.jpg\" class=\"attachment-large size-large wp-image-225\" alt=\"\" srcset=\"https:\/\/landschaftskongress.ch\/2020\/wp-content\/uploads\/2025\/07\/Schweizer-Ingenieur-und-Architektenverein-SIA-Logo.jpg 500w, https:\/\/landschaftskongress.ch\/2020\/wp-content\/uploads\/2025\/07\/Schweizer-Ingenieur-und-Architektenverein-SIA-Logo-300x150.jpg 300w\" sizes=\"(max-width: 500px) 100vw, 500px\" \/>\t\t\t\t\t\t\t\t<\/a>\n\t\t\t\t\t\t\t\t\t\t\t\t\t\t\t<\/div>\n\t\t\t\t<\/div>\n\t\t\t\t<div class=\"elementor-element elementor-element-feab3d4 elementor-widget elementor-widget-image\" data-id=\"feab3d4\" data-element_type=\"widget\" data-e-type=\"widget\" data-widget_type=\"image.default\">\n\t\t\t\t<div class=\"elementor-widget-container\">\n\t\t\t\t\t\t\t\t\t\t\t\t\t\t\t<img loading=\"lazy\" decoding=\"async\" width=\"500\" height=\"250\" src=\"https:\/\/landschaftskongress.ch\/2020\/wp-content\/uploads\/2025\/07\/slfp-Logo.png\" class=\"attachment-large size-large wp-image-223\" alt=\"\" srcset=\"https:\/\/landschaftskongress.ch\/2020\/wp-content\/uploads\/2025\/07\/slfp-Logo.png 500w, https:\/\/landschaftskongress.ch\/2020\/wp-content\/uploads\/2025\/07\/slfp-Logo-300x150.png 300w\" sizes=\"(max-width: 500px) 100vw, 500px\" \/>\t\t\t\t\t\t\t\t\t\t\t\t\t\t\t<\/div>\n\t\t\t\t<\/div>\n\t\t\t\t<div class=\"elementor-element elementor-element-af58c47 elementor-widget elementor-widget-image\" data-id=\"af58c47\" data-element_type=\"widget\" data-e-type=\"widget\" data-widget_type=\"image.default\">\n\t\t\t\t<div class=\"elementor-widget-container\">\n\t\t\t\t\t\t\t\t\t\t\t\t\t\t\t\t<a href=\"https:\/\/www.sac-cas.ch\/\" target=\"_blank\">\n\t\t\t\t\t\t\t<img loading=\"lazy\" decoding=\"async\" width=\"500\" height=\"250\" src=\"https:\/\/landschaftskongress.ch\/2020\/wp-content\/uploads\/2025\/09\/logo20Schweizerischer20Alpenclub20SAC.jpeg\" class=\"attachment-large size-large wp-image-985\" alt=\"\" srcset=\"https:\/\/landschaftskongress.ch\/2020\/wp-content\/uploads\/2025\/09\/logo20Schweizerischer20Alpenclub20SAC.jpeg 500w, https:\/\/landschaftskongress.ch\/2020\/wp-content\/uploads\/2025\/09\/logo20Schweizerischer20Alpenclub20SAC-300x150.jpeg 300w\" sizes=\"(max-width: 500px) 100vw, 500px\" \/>\t\t\t\t\t\t\t\t<\/a>\n\t\t\t\t\t\t\t\t\t\t\t\t\t\t\t<\/div>\n\t\t\t\t<\/div>\n\t\t\t\t<div class=\"elementor-element elementor-element-752f4e0 elementor-widget elementor-widget-image\" data-id=\"752f4e0\" data-element_type=\"widget\" data-e-type=\"widget\" data-widget_type=\"image.default\">\n\t\t\t\t<div class=\"elementor-widget-container\">\n\t\t\t\t\t\t\t\t\t\t\t\t\t\t\t\t<a href=\"https:\/\/www.binding-stiftung.ch\/\" target=\"_blank\">\n\t\t\t\t\t\t\t<img loading=\"lazy\" decoding=\"async\" width=\"500\" height=\"250\" src=\"https:\/\/landschaftskongress.ch\/2020\/wp-content\/uploads\/2025\/09\/logo20Sophie20und20Karl20Binding20Stiftung.jpeg\" class=\"attachment-large size-large wp-image-983\" alt=\"\" srcset=\"https:\/\/landschaftskongress.ch\/2020\/wp-content\/uploads\/2025\/09\/logo20Sophie20und20Karl20Binding20Stiftung.jpeg 500w, https:\/\/landschaftskongress.ch\/2020\/wp-content\/uploads\/2025\/09\/logo20Sophie20und20Karl20Binding20Stiftung-300x150.jpeg 300w\" sizes=\"(max-width: 500px) 100vw, 500px\" \/>\t\t\t\t\t\t\t\t<\/a>\n\t\t\t\t\t\t\t\t\t\t\t\t\t\t\t<\/div>\n\t\t\t\t<\/div>\n\t\t\t\t<div class=\"elementor-element elementor-element-77f2746 elementor-widget elementor-widget-image\" data-id=\"77f2746\" data-element_type=\"widget\" data-e-type=\"widget\" data-widget_type=\"image.default\">\n\t\t\t\t<div class=\"elementor-widget-container\">\n\t\t\t\t\t\t\t\t\t\t\t\t\t\t\t<img loading=\"lazy\" decoding=\"async\" width=\"500\" height=\"250\" src=\"https:\/\/landschaftskongress.ch\/2020\/wp-content\/uploads\/2025\/09\/logo20Bristol-Stiftung.jpeg\" class=\"attachment-large size-large wp-image-989\" alt=\"\" srcset=\"https:\/\/landschaftskongress.ch\/2020\/wp-content\/uploads\/2025\/09\/logo20Bristol-Stiftung.jpeg 500w, https:\/\/landschaftskongress.ch\/2020\/wp-content\/uploads\/2025\/09\/logo20Bristol-Stiftung-300x150.jpeg 300w\" sizes=\"(max-width: 500px) 100vw, 500px\" \/>\t\t\t\t\t\t\t\t\t\t\t\t\t\t\t<\/div>\n\t\t\t\t<\/div>\n\t\t\t\t<div class=\"elementor-element elementor-element-620f284 elementor-widget elementor-widget-image\" data-id=\"620f284\" data-element_type=\"widget\" data-e-type=\"widget\" data-widget_type=\"image.default\">\n\t\t\t\t<div class=\"elementor-widget-container\">\n\t\t\t\t\t\t\t\t\t\t\t\t\t\t\t\t<a href=\"https:\/\/paul-schiller-stiftung.ch\/\" target=\"_blank\">\n\t\t\t\t\t\t\t<img loading=\"lazy\" decoding=\"async\" width=\"500\" height=\"250\" src=\"https:\/\/landschaftskongress.ch\/2020\/wp-content\/uploads\/2025\/09\/logo20Paul20Schiller20Stiftung.jpeg\" class=\"attachment-large size-large wp-image-981\" alt=\"\" srcset=\"https:\/\/landschaftskongress.ch\/2020\/wp-content\/uploads\/2025\/09\/logo20Paul20Schiller20Stiftung.jpeg 500w, https:\/\/landschaftskongress.ch\/2020\/wp-content\/uploads\/2025\/09\/logo20Paul20Schiller20Stiftung-300x150.jpeg 300w\" sizes=\"(max-width: 500px) 100vw, 500px\" \/>\t\t\t\t\t\t\t\t<\/a>\n\t\t\t\t\t\t\t\t\t\t\t\t\t\t\t<\/div>\n\t\t\t\t<\/div>\n\t\t\t\t<\/div>\n\t\t\t\t<\/div>\n\t\t\t\t\t<\/div>\n\t\t\t\t<\/div>\n\t\t<div class=\"elementor-element elementor-element-a8f13ab e-flex e-con-boxed e-con e-parent\" data-id=\"a8f13ab\" data-element_type=\"container\" data-e-type=\"container\" data-settings=\"{&quot;background_background&quot;:&quot;classic&quot;}\">\n\t\t\t\t\t<div class=\"e-con-inner\">\n\t\t\t\t<div class=\"elementor-element elementor-element-f2536c5 elementor-invisible elementor-widget elementor-widget-heading\" data-id=\"f2536c5\" data-element_type=\"widget\" data-e-type=\"widget\" data-settings=\"{&quot;_animation&quot;:&quot;fadeInUp&quot;}\" data-widget_type=\"heading.default\">\n\t\t\t\t<div class=\"elementor-widget-container\">\n\t\t\t\t\t<h2 class=\"elementor-heading-title elementor-size-default\">Partner<\/h2>\t\t\t\t<\/div>\n\t\t\t\t<\/div>\n\t\t<div class=\"elementor-element elementor-element-a6dd0cc e-con-full e-flex e-con e-child\" data-id=\"a6dd0cc\" data-element_type=\"container\" data-e-type=\"container\">\n\t\t<div class=\"elementor-element elementor-element-c151cf6 e-con-full e-flex e-con e-child\" data-id=\"c151cf6\" data-element_type=\"container\" data-e-type=\"container\">\n\t\t<div class=\"elementor-element elementor-element-4cc9f9f e-con-full e-flex e-con e-child\" data-id=\"4cc9f9f\" data-element_type=\"container\" data-e-type=\"container\">\n\t\t\t\t<div class=\"elementor-element elementor-element-0310e23 elementor-invisible elementor-widget elementor-widget-heading\" data-id=\"0310e23\" data-element_type=\"widget\" data-e-type=\"widget\" data-settings=\"{&quot;_animation&quot;:&quot;fadeInUp&quot;}\" data-widget_type=\"heading.default\">\n\t\t\t\t<div class=\"elementor-widget-container\">\n\t\t\t\t\t<h3 class=\"elementor-heading-title elementor-size-default\">Partnerorganisationen<\/h3>\t\t\t\t<\/div>\n\t\t\t\t<\/div>\n\t\t\t\t<div class=\"elementor-element elementor-element-e9efda2 Auflistung elementor-invisible elementor-widget elementor-widget-text-editor\" data-id=\"e9efda2\" data-element_type=\"widget\" data-e-type=\"widget\" data-settings=\"{&quot;_animation&quot;:&quot;fadeIn&quot;,&quot;_animation_delay&quot;:300}\" data-widget_type=\"text-editor.default\">\n\t\t\t\t<div class=\"elementor-widget-container\">\n\t\t\t\t\t\t\t\t\t<ul><li>Agridea<\/li><li>Birdlife<\/li><li>CDE, Universit\u00e4t Bern<\/li><li>CIPRA<\/li><li>Espacesuisse<\/li><li>FiBL (Forschungsinstitut f\u00fcr biologischen Landbau)<\/li><li>Forum Biodiversit\u00e4t, SCNAT<\/li><li>Schweizer Heimatschutz<\/li><li>Schweizerischer St\u00e4dteverband<\/li><li>svu-asep (Schweizerischer Verband f\u00fcr Umweltfachleute)<\/li><\/ul>\t\t\t\t\t\t\t\t<\/div>\n\t\t\t\t<\/div>\n\t\t\t\t<\/div>\n\t\t<div class=\"elementor-element elementor-element-e831a7c e-con-full e-flex e-con e-child\" data-id=\"e831a7c\" data-element_type=\"container\" data-e-type=\"container\">\n\t\t\t\t<div class=\"elementor-element elementor-element-6d457cc elementor-invisible elementor-widget elementor-widget-heading\" data-id=\"6d457cc\" data-element_type=\"widget\" data-e-type=\"widget\" data-settings=\"{&quot;_animation&quot;:&quot;fadeInUp&quot;}\" data-widget_type=\"heading.default\">\n\t\t\t\t<div class=\"elementor-widget-container\">\n\t\t\t\t\t<h3 class=\"elementor-heading-title elementor-size-default\">Mitfinanzierung und Unterst\u00fctzung<\/h3>\t\t\t\t<\/div>\n\t\t\t\t<\/div>\n\t\t\t\t<div class=\"elementor-element elementor-element-78a8143 Auflistung elementor-invisible elementor-widget elementor-widget-text-editor\" data-id=\"78a8143\" data-element_type=\"widget\" data-e-type=\"widget\" data-settings=\"{&quot;_animation&quot;:&quot;fadeIn&quot;,&quot;_animation_delay&quot;:300}\" data-widget_type=\"text-editor.default\">\n\t\t\t\t<div class=\"elementor-widget-container\">\n\t\t\t\t\t\t\t\t\t<ul><li>Sophie und Karl Binding Stiftung<\/li><li>Bristol-Stiftung<\/li><li>Paul Schiller Stiftung<\/li><\/ul>\t\t\t\t\t\t\t\t<\/div>\n\t\t\t\t<\/div>\n\t\t\t\t<\/div>\n\t\t\t\t<\/div>\n\t\t\t\t<\/div>\n\t\t<div class=\"elementor-element elementor-element-711c199 e-con-full e-flex e-con e-child\" data-id=\"711c199\" data-element_type=\"container\" data-e-type=\"container\">\n\t\t\t\t<div class=\"elementor-element elementor-element-3ef368f elementor-invisible elementor-widget elementor-widget-heading\" data-id=\"3ef368f\" data-element_type=\"widget\" data-e-type=\"widget\" data-settings=\"{&quot;_animation&quot;:&quot;fadeInUp&quot;}\" data-widget_type=\"heading.default\">\n\t\t\t\t<div class=\"elementor-widget-container\">\n\t\t\t\t\t<h3 class=\"elementor-heading-title elementor-size-default\">Organisationskomitee<\/h3>\t\t\t\t<\/div>\n\t\t\t\t<\/div>\n\t\t\t\t<div class=\"elementor-element elementor-element-bb49296 Auflistung elementor-invisible elementor-widget elementor-widget-text-editor\" data-id=\"bb49296\" data-element_type=\"widget\" data-e-type=\"widget\" data-settings=\"{&quot;_animation&quot;:&quot;fadeIn&quot;,&quot;_animation_delay&quot;:300}\" data-widget_type=\"text-editor.default\">\n\t\t\t\t<div class=\"elementor-widget-container\">\n\t\t\t\t\t\t\t\t\t<ul class=\"tableStyle\"><li><span class=\"cell_name\">Urs Steiger (<span class=\"cell_funktion\">Pr\u00e4sident)<\/span><br \/><\/span><span class=\"cell_institut\">Kuratorium Forum Landschaft, Alpen, P\u00e4rke<\/span><\/li><li><span class=\"cell_name\">Anea Schmidlin\u00a0<br \/><\/span><span class=\"cell_institut\">Fachstelle Forum Landschaft, Alpen, P\u00e4rke<\/span><\/li><li><span class=\"cell_name\">Maarit Str\u00f6bele\u00a0<br \/><\/span><span class=\"cell_institut\">Fachstelle Forum Landschaft, Alpen, P\u00e4rke<\/span><\/li><li><span class=\"cell_name\">S\u00e9bastien Beuchat<br \/><\/span><span class=\"cell_institut\">Kanton Waadt<\/span><\/li><li><span class=\"cell_name\">Natacha Guillaumont<br \/><\/span><span class=\"cell_institut\"><span class=\"cell_institut\">HEPIA<\/span><\/span><\/li><li><span class=\"cell_name\">Roman Hapka<br \/><\/span><span class=\"cell_institut\">Stiftung Landschaftsschutz<\/span><\/li><li><span class=\"cell_name\">Marcel Hunziker<br \/><\/span><span class=\"cell_institut\">WSL, Kuratorium Forum Landschaft, Alpen, P\u00e4rke<\/span><\/li><li><span class=\"cell_name\">Claudia Moll<br \/><\/span><span class=\"cell_institut\">BAFU<\/span><\/li><li><span class=\"cell_name\">Hans-Michael Schmitt<br \/><\/span><span class=\"cell_institut\">Institut f\u00fcr Landschaft und Freiraum ILF, Hochschule f\u00fcr Technik Rapperswil HSR<\/span><\/li><li><span class=\"cell_name\">Peter Wullschleger<br \/><\/span><span class=\"cell_institut\">BSLA, Kuratorium Forum Landschaft, Alpen, P\u00e4rke<\/span><\/li><\/ul>\t\t\t\t\t\t\t\t<\/div>\n\t\t\t\t<\/div>\n\t\t\t\t<\/div>\n\t\t<div class=\"elementor-element elementor-element-334198b e-con-full e-flex e-con e-child\" data-id=\"334198b\" data-element_type=\"container\" data-e-type=\"container\">\n\t\t\t\t<div class=\"elementor-element elementor-element-a1f3687 elementor-invisible elementor-widget elementor-widget-heading\" data-id=\"a1f3687\" data-element_type=\"widget\" data-e-type=\"widget\" data-settings=\"{&quot;_animation&quot;:&quot;fadeInUp&quot;}\" data-widget_type=\"heading.default\">\n\t\t\t\t<div class=\"elementor-widget-container\">\n\t\t\t\t\t<h3 class=\"elementor-heading-title elementor-size-default\">Tagungsorganisation<\/h3>\t\t\t\t<\/div>\n\t\t\t\t<\/div>\n\t\t<div class=\"elementor-element elementor-element-b158d68 e-con-full e-flex e-con e-child\" data-id=\"b158d68\" data-element_type=\"container\" data-e-type=\"container\">\n\t\t<div class=\"elementor-element elementor-element-0f0bcbf e-con-full e-flex e-con e-child\" data-id=\"0f0bcbf\" data-element_type=\"container\" data-e-type=\"container\">\n\t\t\t\t<div class=\"elementor-element elementor-element-ad3b68a elementor-invisible elementor-widget elementor-widget-heading\" data-id=\"ad3b68a\" data-element_type=\"widget\" data-e-type=\"widget\" data-settings=\"{&quot;_animation&quot;:&quot;fadeInUp&quot;}\" data-widget_type=\"heading.default\">\n\t\t\t\t<div class=\"elementor-widget-container\">\n\t\t\t\t\t<h4 class=\"elementor-heading-title elementor-size-default\">Forum Landschaft, Alpen, P\u00e4rke<\/h4>\t\t\t\t<\/div>\n\t\t\t\t<\/div>\n\t\t\t\t<div class=\"elementor-element elementor-element-933df19 Auflistung elementor-invisible elementor-widget elementor-widget-text-editor\" data-id=\"933df19\" data-element_type=\"widget\" data-e-type=\"widget\" data-settings=\"{&quot;_animation&quot;:&quot;fadeIn&quot;,&quot;_animation_delay&quot;:300}\" data-widget_type=\"text-editor.default\">\n\t\t\t\t<div class=\"elementor-widget-container\">\n\t\t\t\t\t\t\t\t\t<ul><li><span class=\"cell_name\">Anea Schmidlin<\/span><\/li><li><span class=\"cell_name\">Maarit Str\u00f6bele<\/span><\/li><\/ul>\t\t\t\t\t\t\t\t<\/div>\n\t\t\t\t<\/div>\n\t\t\t\t<\/div>\n\t\t\t\t<\/div>\n\t\t\t\t<\/div>\n\t\t\t\t\t<\/div>\n\t\t\t\t<\/div>\n\t\t\t\t<\/div>\n\t\t","protected":false},"excerpt":{"rendered":"<p>Tr\u00e4gerschaft \u2013 2. Schweizer Landschaftskongress Der 2. Schweizer Landschaftskongress wird vom Forum Landschaft, Alpen, P\u00e4rke (SCNAT) zusammen mit den Tr\u00e4ger- und Partnerorganisationen organisiert. Tr\u00e4ger Bundesamt f\u00fcr Umwelt BAFU Bundesamt f\u00fcr Landwirtschaft BLW Bundesamt f\u00fcr Kultur BAK Bundesamt f\u00fcr Raumentwicklung ARE Kanton Waadt Akademie der Naturwissenschaften Schweiz SCNAT Eidg. Forschungsanstalt f\u00fcr Wald, Schnee und Landschaft WSL [&hellip;]<\/p>\n","protected":false},"author":1,"featured_media":0,"parent":0,"menu_order":0,"comment_status":"closed","ping_status":"closed","template":"","meta":{"footnotes":""},"class_list":["post-208","page","type-page","status-publish","hentry"],"_links":{"self":[{"href":"https:\/\/landschaftskongress.ch\/2020\/wp-json\/wp\/v2\/pages\/208","targetHints":{"allow":["GET"]}}],"collection":[{"href":"https:\/\/landschaftskongress.ch\/2020\/wp-json\/wp\/v2\/pages"}],"about":[{"href":"https:\/\/landschaftskongress.ch\/2020\/wp-json\/wp\/v2\/types\/page"}],"author":[{"embeddable":true,"href":"https:\/\/landschaftskongress.ch\/2020\/wp-json\/wp\/v2\/users\/1"}],"replies":[{"embeddable":true,"href":"https:\/\/landschaftskongress.ch\/2020\/wp-json\/wp\/v2\/comments?post=208"}],"version-history":[{"count":172,"href":"https:\/\/landschaftskongress.ch\/2020\/wp-json\/wp\/v2\/pages\/208\/revisions"}],"predecessor-version":[{"id":1043,"href":"https:\/\/landschaftskongress.ch\/2020\/wp-json\/wp\/v2\/pages\/208\/revisions\/1043"}],"wp:attachment":[{"href":"https:\/\/landschaftskongress.ch\/2020\/wp-json\/wp\/v2\/media?parent=208"}],"curies":[{"name":"wp","href":"https:\/\/api.w.org\/{rel}","templated":true}]}}