{"id":208,"date":"2025-07-07T07:07:06","date_gmt":"2025-07-07T07:07:06","guid":{"rendered":"https:\/\/landschaftskongress.ch\/2022\/?page_id=208"},"modified":"2025-10-15T08:47:07","modified_gmt":"2025-10-15T08:47:07","slug":"ueber-uns","status":"publish","type":"page","link":"https:\/\/landschaftskongress.ch\/2022\/ueber-uns\/","title":{"rendered":"\u00dcber uns"},"content":{"rendered":"\t\t<div data-elementor-type=\"wp-page\" data-elementor-id=\"208\" class=\"elementor elementor-208\" data-elementor-post-type=\"page\">\n\t\t\t\t<div class=\"elementor-element elementor-element-61b230c e-flex e-con-boxed elementor-invisible e-con e-parent\" data-id=\"61b230c\" data-element_type=\"container\" data-e-type=\"container\" data-settings=\"{&quot;sticky&quot;:&quot;top&quot;,&quot;animation&quot;:&quot;fadeInUp&quot;,&quot;position&quot;:&quot;absolute&quot;,&quot;sticky_on&quot;:[&quot;desktop&quot;,&quot;tablet&quot;,&quot;mobile&quot;],&quot;sticky_offset&quot;:0,&quot;sticky_effects_offset&quot;:0,&quot;sticky_anchor_link_offset&quot;:0}\">\n\t\t\t\t\t<div class=\"e-con-inner\">\n\t\t<div class=\"elementor-element elementor-element-eecb991 e-con-full e-flex e-con e-child\" data-id=\"eecb991\" data-element_type=\"container\" data-e-type=\"container\">\n\t\t\t\t<div class=\"elementor-element elementor-element-e7df01d elementor-invisible elementor-widget elementor-widget-heading\" data-id=\"e7df01d\" data-element_type=\"widget\" data-e-type=\"widget\" id=\"headerTitel\" data-settings=\"{&quot;_animation&quot;:&quot;fadeInUp&quot;}\" data-widget_type=\"heading.default\">\n\t\t\t\t<div class=\"elementor-widget-container\">\n\t\t\t\t\t<h1 class=\"elementor-heading-title elementor-size-default\">\u00dcber uns<\/h1>\t\t\t\t<\/div>\n\t\t\t\t<\/div>\n\t\t\t\t<\/div>\n\t\t\t\t\t<\/div>\n\t\t\t\t<\/div>\n\t\t<div class=\"elementor-element elementor-element-9271da4 e-con-full e-flex e-con e-parent\" data-id=\"9271da4\" data-element_type=\"container\" data-e-type=\"container\" data-settings=\"{&quot;background_background&quot;:&quot;classic&quot;}\">\n\t\t\t\t<div class=\"elementor-element elementor-element-59162a1 elementor-widget elementor-widget-spacer\" data-id=\"59162a1\" data-element_type=\"widget\" data-e-type=\"widget\" data-widget_type=\"spacer.default\">\n\t\t\t\t<div class=\"elementor-widget-container\">\n\t\t\t\t\t\t\t<div class=\"elementor-spacer\">\n\t\t\t<div class=\"elementor-spacer-inner\"><\/div>\n\t\t<\/div>\n\t\t\t\t\t\t<\/div>\n\t\t\t\t<\/div>\n\t\t\t\t<\/div>\n\t\t<div class=\"elementor-element elementor-element-0c59999 e-flex e-con-boxed e-con e-parent\" data-id=\"0c59999\" data-element_type=\"container\" data-e-type=\"container\" data-settings=\"{&quot;background_background&quot;:&quot;classic&quot;}\">\n\t\t\t\t\t<div class=\"e-con-inner\">\n\t\t\t\t<div class=\"elementor-element elementor-element-3a4fc3b elementor-invisible elementor-widget elementor-widget-heading\" data-id=\"3a4fc3b\" data-element_type=\"widget\" data-e-type=\"widget\" data-settings=\"{&quot;_animation&quot;:&quot;fadeInUp&quot;}\" data-widget_type=\"heading.default\">\n\t\t\t\t<div class=\"elementor-widget-container\">\n\t\t\t\t\t<h2 class=\"elementor-heading-title elementor-size-default\">Tr\u00e4gerschaft \u2013 3. Schweizer Landschaftskongress<\/h2>\t\t\t\t<\/div>\n\t\t\t\t<\/div>\n\t\t\t\t<div class=\"elementor-element elementor-element-386b0cb elementor-widget__width-initial elementor-invisible elementor-widget elementor-widget-text-editor\" data-id=\"386b0cb\" data-element_type=\"widget\" data-e-type=\"widget\" data-settings=\"{&quot;_animation&quot;:&quot;fadeIn&quot;,&quot;_animation_delay&quot;:300}\" data-widget_type=\"text-editor.default\">\n\t\t\t\t<div class=\"elementor-widget-container\">\n\t\t\t\t\t\t\t\t\tDer 3. Schweizer Landschaftskongress wird vom <a class=\"external_2022\" title=\"FoLAP\" href=\"https:\/\/naturwissenschaften.ch\/organisations\/forum_landscape_alps_parks\" target=\"_blank\" rel=\"noopener\" data-link-target=\"blank\">Forum Landschaft, Alpen, P\u00e4rke<\/a> (SCNAT) und der Gastgeberin <a class=\"external_2022\" href=\"https:\/\/ilf.hsr.ch\/\" target=\"_blank\" rel=\"noopener\" data-link-target=\"blank\">OST \u2013 Ostschweizer Fachhochschule <\/a>zusammen mit den Tr\u00e4ger- und Partnerorganisationen organisiert.\t\t\t\t\t\t\t\t<\/div>\n\t\t\t\t<\/div>\n\t\t<div class=\"elementor-element elementor-element-50365b6 e-con-full e-flex e-con e-child\" data-id=\"50365b6\" data-element_type=\"container\" data-e-type=\"container\">\n\t\t\t\t<div class=\"elementor-element elementor-element-deb05a3 elementor-invisible elementor-widget elementor-widget-heading\" data-id=\"deb05a3\" data-element_type=\"widget\" data-e-type=\"widget\" data-settings=\"{&quot;_animation&quot;:&quot;fadeInUp&quot;}\" data-widget_type=\"heading.default\">\n\t\t\t\t<div class=\"elementor-widget-container\">\n\t\t\t\t\t<h3 class=\"elementor-heading-title elementor-size-default\">Gastgeberinstitution<\/h3>\t\t\t\t<\/div>\n\t\t\t\t<\/div>\n\t\t\t\t<div class=\"elementor-element elementor-element-bc91cfd elementor-widget__width-initial elementor-invisible elementor-widget elementor-widget-text-editor\" data-id=\"bc91cfd\" data-element_type=\"widget\" data-e-type=\"widget\" data-settings=\"{&quot;_animation&quot;:&quot;fadeIn&quot;,&quot;_animation_delay&quot;:300}\" data-widget_type=\"text-editor.default\">\n\t\t\t\t<div class=\"elementor-widget-container\">\n\t\t\t\t\t\t\t\t\t<p><a class=\"external_2022\" href=\"https:\/\/ilf.hsr.ch\/\" target=\"_blank\" rel=\"noopener\" data-link-target=\"blank\">OST \u2013 Ostschweizer Fachhochschule<\/a><\/p>\t\t\t\t\t\t\t\t<\/div>\n\t\t\t\t<\/div>\n\t\t\t\t<\/div>\n\t\t<div class=\"elementor-element elementor-element-3af0ea8 e-con-full e-flex e-con e-child\" data-id=\"3af0ea8\" data-element_type=\"container\" data-e-type=\"container\">\n\t\t\t\t<div class=\"elementor-element elementor-element-d875208 elementor-invisible elementor-widget elementor-widget-heading\" data-id=\"d875208\" data-element_type=\"widget\" data-e-type=\"widget\" data-settings=\"{&quot;_animation&quot;:&quot;fadeInUp&quot;}\" data-widget_type=\"heading.default\">\n\t\t\t\t<div class=\"elementor-widget-container\">\n\t\t\t\t\t<h3 class=\"elementor-heading-title elementor-size-default\">Tr\u00e4ger<\/h3>\t\t\t\t<\/div>\n\t\t\t\t<\/div>\n\t\t\t\t<div class=\"elementor-element elementor-element-dfc4e54 Auflistung elementor-invisible elementor-widget elementor-widget-text-editor\" data-id=\"dfc4e54\" data-element_type=\"widget\" data-e-type=\"widget\" data-settings=\"{&quot;_animation&quot;:&quot;fadeIn&quot;,&quot;_animation_delay&quot;:300}\" data-widget_type=\"text-editor.default\">\n\t\t\t\t<div class=\"elementor-widget-container\">\n\t\t\t\t\t\t\t\t\t<ul><li>Bundesamt f\u00fcr Umwelt BAFU<\/li><li>Bundesamt f\u00fcr Landwirtschaft BLW<\/li><li>Bundesamt f\u00fcr Kultur BAK<\/li><li>Bundesamt f\u00fcr Raumentwicklung ARE<\/li><li>Kanton St. Gallen<\/li><li>Akademie der Naturwissenschaften Schweiz SCNAT<\/li><li>Schweizerische Akademie der Geistes- und Sozialwissenschaften SAGW<\/li><li>Eidg. Forschungsanstalt f\u00fcr Wald, Schnee und Landschaft WSL<\/li><li>Z\u00fcrcher Hochschule f\u00fcr Angewandte Wissenschaften ZHAW, Institut Urban Landscape<\/li><li>Haute \u00e9cole du paysage, d\u2019ing\u00e9nierie et d\u2019architecture de Gen\u00e8ve HEPIA<\/li><li>Interdisziplin\u00e4rer Themencluster \u00abRaum &amp; Gesellschaft\u00bb, Hochschule Luzern HSLU<\/li><li>Institut f\u00fcr Raum- und Landschaftsentwicklung IRL, ETH Z\u00fcrich<\/li><li>Kantonsplanerkonferenz KPK<\/li><li>Bund Schweizer Landschaftsarchitekten und Landschaftsarchitektinnen BSLA<\/li><li>Netzwerk Schweizer P\u00e4rke<\/li><li>Fonds Landschaft Schweiz<\/li><li>Schweizer Ingenieur- und Architektenverein SIA<\/li><li>Stiftung Landschaftsschutz SL-FP<\/li><\/ul>\t\t\t\t\t\t\t\t<\/div>\n\t\t\t\t<\/div>\n\t\t\t\t<\/div>\n\t\t<div class=\"elementor-element elementor-element-fa09aaa e-con-full e-flex elementor-invisible e-con e-child\" data-id=\"fa09aaa\" data-element_type=\"container\" data-e-type=\"container\" data-settings=\"{&quot;animation&quot;:&quot;fadeIn&quot;,&quot;animation_delay&quot;:300}\">\n\t\t<div class=\"elementor-element elementor-element-9325cd4 e-grid e-con-full e-con e-child\" data-id=\"9325cd4\" data-element_type=\"container\" data-e-type=\"container\">\n\t\t\t\t<div class=\"elementor-element elementor-element-9dedaa3 elementor-widget elementor-widget-image\" data-id=\"9dedaa3\" data-element_type=\"widget\" data-e-type=\"widget\" data-widget_type=\"image.default\">\n\t\t\t\t<div class=\"elementor-widget-container\">\n\t\t\t\t\t\t\t\t\t\t\t\t\t\t\t\t<a href=\"https:\/\/naturwissenschaften.ch\/organisations\/forum_landscape_alps_parks\" target=\"_blank\">\n\t\t\t\t\t\t\t<img fetchpriority=\"high\" decoding=\"async\" width=\"500\" height=\"250\" src=\"https:\/\/landschaftskongress.ch\/2022\/wp-content\/uploads\/2025\/07\/Akademie-der-Naturwissenschaften-Schweiz-SCNAT-Logo.jpg\" class=\"attachment-large size-large wp-image-237\" alt=\"\" srcset=\"https:\/\/landschaftskongress.ch\/2022\/wp-content\/uploads\/2025\/07\/Akademie-der-Naturwissenschaften-Schweiz-SCNAT-Logo.jpg 500w, https:\/\/landschaftskongress.ch\/2022\/wp-content\/uploads\/2025\/07\/Akademie-der-Naturwissenschaften-Schweiz-SCNAT-Logo-300x150.jpg 300w\" sizes=\"(max-width: 500px) 100vw, 500px\" \/>\t\t\t\t\t\t\t\t<\/a>\n\t\t\t\t\t\t\t\t\t\t\t\t\t\t\t<\/div>\n\t\t\t\t<\/div>\n\t\t\t\t<div class=\"elementor-element elementor-element-b79ab31 elementor-widget elementor-widget-image\" data-id=\"b79ab31\" data-element_type=\"widget\" data-e-type=\"widget\" data-widget_type=\"image.default\">\n\t\t\t\t<div class=\"elementor-widget-container\">\n\t\t\t\t\t\t\t\t\t\t\t\t\t\t\t\t<a href=\"https:\/\/ilf.hsr.ch\/\" target=\"_blank\">\n\t\t\t\t\t\t\t<img decoding=\"async\" width=\"500\" height=\"250\" src=\"https:\/\/landschaftskongress.ch\/2022\/wp-content\/uploads\/2025\/08\/Hochschule_Rapperswil_ILF-Logo.jpeg\" class=\"attachment-large size-large wp-image-795\" alt=\"\" srcset=\"https:\/\/landschaftskongress.ch\/2022\/wp-content\/uploads\/2025\/08\/Hochschule_Rapperswil_ILF-Logo.jpeg 500w, https:\/\/landschaftskongress.ch\/2022\/wp-content\/uploads\/2025\/08\/Hochschule_Rapperswil_ILF-Logo-300x150.jpeg 300w\" sizes=\"(max-width: 500px) 100vw, 500px\" \/>\t\t\t\t\t\t\t\t<\/a>\n\t\t\t\t\t\t\t\t\t\t\t\t\t\t\t<\/div>\n\t\t\t\t<\/div>\n\t\t\t\t<div class=\"elementor-element elementor-element-e97bcbd elementor-widget elementor-widget-image\" data-id=\"e97bcbd\" data-element_type=\"widget\" data-e-type=\"widget\" data-widget_type=\"image.default\">\n\t\t\t\t<div class=\"elementor-widget-container\">\n\t\t\t\t\t\t\t\t\t\t\t\t\t\t\t\t<a href=\"https:\/\/www.sg.ch\/\" target=\"_blank\">\n\t\t\t\t\t\t\t<img decoding=\"async\" width=\"500\" height=\"250\" src=\"https:\/\/landschaftskongress.ch\/2022\/wp-content\/uploads\/2025\/08\/Kanton_St_Gallen_ANJF-Logo.jpeg\" class=\"attachment-large size-large wp-image-797\" alt=\"\" srcset=\"https:\/\/landschaftskongress.ch\/2022\/wp-content\/uploads\/2025\/08\/Kanton_St_Gallen_ANJF-Logo.jpeg 500w, https:\/\/landschaftskongress.ch\/2022\/wp-content\/uploads\/2025\/08\/Kanton_St_Gallen_ANJF-Logo-300x150.jpeg 300w\" sizes=\"(max-width: 500px) 100vw, 500px\" \/>\t\t\t\t\t\t\t\t<\/a>\n\t\t\t\t\t\t\t\t\t\t\t\t\t\t\t<\/div>\n\t\t\t\t<\/div>\n\t\t\t\t<div class=\"elementor-element elementor-element-4ed5f92 elementor-widget elementor-widget-image\" data-id=\"4ed5f92\" data-element_type=\"widget\" data-e-type=\"widget\" data-widget_type=\"image.default\">\n\t\t\t\t<div class=\"elementor-widget-container\">\n\t\t\t\t\t\t\t\t\t\t\t\t\t\t\t\t<a href=\"https:\/\/www.bafu.admin.ch\/bafu\/de\/home\/themen\/landschaft.html\" target=\"_blank\">\n\t\t\t\t\t\t\t<img loading=\"lazy\" decoding=\"async\" width=\"500\" height=\"250\" src=\"https:\/\/landschaftskongress.ch\/2022\/wp-content\/uploads\/2025\/07\/Bundesamt-Umwelt-BAFU-Logo.jpg\" class=\"attachment-large size-large wp-image-232\" alt=\"\" srcset=\"https:\/\/landschaftskongress.ch\/2022\/wp-content\/uploads\/2025\/07\/Bundesamt-Umwelt-BAFU-Logo.jpg 500w, https:\/\/landschaftskongress.ch\/2022\/wp-content\/uploads\/2025\/07\/Bundesamt-Umwelt-BAFU-Logo-300x150.jpg 300w\" sizes=\"(max-width: 500px) 100vw, 500px\" \/>\t\t\t\t\t\t\t\t<\/a>\n\t\t\t\t\t\t\t\t\t\t\t\t\t\t\t<\/div>\n\t\t\t\t<\/div>\n\t\t\t\t<div class=\"elementor-element elementor-element-d3c8a9b elementor-widget elementor-widget-image\" data-id=\"d3c8a9b\" data-element_type=\"widget\" data-e-type=\"widget\" data-widget_type=\"image.default\">\n\t\t\t\t<div class=\"elementor-widget-container\">\n\t\t\t\t\t\t\t\t\t\t\t\t\t\t\t\t<a href=\"https:\/\/www.blw.admin.ch\/\" target=\"_blank\">\n\t\t\t\t\t\t\t<img loading=\"lazy\" decoding=\"async\" width=\"500\" height=\"250\" src=\"https:\/\/landschaftskongress.ch\/2022\/wp-content\/uploads\/2025\/08\/Bundesamt_Landwirtschaft_BLW-Logo.jpeg\" class=\"attachment-large size-large wp-image-799\" alt=\"\" srcset=\"https:\/\/landschaftskongress.ch\/2022\/wp-content\/uploads\/2025\/08\/Bundesamt_Landwirtschaft_BLW-Logo.jpeg 500w, https:\/\/landschaftskongress.ch\/2022\/wp-content\/uploads\/2025\/08\/Bundesamt_Landwirtschaft_BLW-Logo-300x150.jpeg 300w\" sizes=\"(max-width: 500px) 100vw, 500px\" \/>\t\t\t\t\t\t\t\t<\/a>\n\t\t\t\t\t\t\t\t\t\t\t\t\t\t\t<\/div>\n\t\t\t\t<\/div>\n\t\t\t\t<div class=\"elementor-element elementor-element-0114424 elementor-widget elementor-widget-image\" data-id=\"0114424\" data-element_type=\"widget\" data-e-type=\"widget\" data-widget_type=\"image.default\">\n\t\t\t\t<div class=\"elementor-widget-container\">\n\t\t\t\t\t\t\t\t\t\t\t\t\t\t\t\t<a href=\"https:\/\/www.bak.admin.ch\/\" target=\"_blank\">\n\t\t\t\t\t\t\t<img loading=\"lazy\" decoding=\"async\" width=\"500\" height=\"250\" src=\"https:\/\/landschaftskongress.ch\/2022\/wp-content\/uploads\/2025\/07\/Bundesamt-Kultur-BAK-Logo.jpg\" class=\"attachment-large size-large wp-image-234\" alt=\"\" srcset=\"https:\/\/landschaftskongress.ch\/2022\/wp-content\/uploads\/2025\/07\/Bundesamt-Kultur-BAK-Logo.jpg 500w, https:\/\/landschaftskongress.ch\/2022\/wp-content\/uploads\/2025\/07\/Bundesamt-Kultur-BAK-Logo-300x150.jpg 300w\" sizes=\"(max-width: 500px) 100vw, 500px\" \/>\t\t\t\t\t\t\t\t<\/a>\n\t\t\t\t\t\t\t\t\t\t\t\t\t\t\t<\/div>\n\t\t\t\t<\/div>\n\t\t\t\t<div class=\"elementor-element elementor-element-f8e4213 elementor-widget elementor-widget-image\" data-id=\"f8e4213\" data-element_type=\"widget\" data-e-type=\"widget\" data-widget_type=\"image.default\">\n\t\t\t\t<div class=\"elementor-widget-container\">\n\t\t\t\t\t\t\t\t\t\t\t\t\t\t\t\t<a href=\"https:\/\/www.are.admin.ch\/\" target=\"_blank\">\n\t\t\t\t\t\t\t<img loading=\"lazy\" decoding=\"async\" width=\"500\" height=\"250\" src=\"https:\/\/landschaftskongress.ch\/2022\/wp-content\/uploads\/2025\/08\/Bundesamt_Raumentwicklung_ARE-Logo.jpeg\" class=\"attachment-large size-large wp-image-801\" alt=\"\" srcset=\"https:\/\/landschaftskongress.ch\/2022\/wp-content\/uploads\/2025\/08\/Bundesamt_Raumentwicklung_ARE-Logo.jpeg 500w, https:\/\/landschaftskongress.ch\/2022\/wp-content\/uploads\/2025\/08\/Bundesamt_Raumentwicklung_ARE-Logo-300x150.jpeg 300w\" sizes=\"(max-width: 500px) 100vw, 500px\" \/>\t\t\t\t\t\t\t\t<\/a>\n\t\t\t\t\t\t\t\t\t\t\t\t\t\t\t<\/div>\n\t\t\t\t<\/div>\n\t\t\t\t<div class=\"elementor-element elementor-element-7f463d1 elementor-widget elementor-widget-image\" data-id=\"7f463d1\" data-element_type=\"widget\" data-e-type=\"widget\" data-widget_type=\"image.default\">\n\t\t\t\t<div class=\"elementor-widget-container\">\n\t\t\t\t\t\t\t\t\t\t\t\t\t\t\t\t<a href=\"https:\/\/www.wsl.ch\/de\/\" target=\"_blank\">\n\t\t\t\t\t\t\t<img loading=\"lazy\" decoding=\"async\" width=\"500\" height=\"250\" src=\"https:\/\/landschaftskongress.ch\/2022\/wp-content\/uploads\/2025\/07\/WSL-logo.png\" class=\"attachment-large size-large wp-image-219\" alt=\"\" srcset=\"https:\/\/landschaftskongress.ch\/2022\/wp-content\/uploads\/2025\/07\/WSL-logo.png 500w, https:\/\/landschaftskongress.ch\/2022\/wp-content\/uploads\/2025\/07\/WSL-logo-300x150.png 300w\" sizes=\"(max-width: 500px) 100vw, 500px\" \/>\t\t\t\t\t\t\t\t<\/a>\n\t\t\t\t\t\t\t\t\t\t\t\t\t\t\t<\/div>\n\t\t\t\t<\/div>\n\t\t\t\t<div class=\"elementor-element elementor-element-58f016e elementor-widget elementor-widget-image\" data-id=\"58f016e\" data-element_type=\"widget\" data-e-type=\"widget\" data-widget_type=\"image.default\">\n\t\t\t\t<div class=\"elementor-widget-container\">\n\t\t\t\t\t\t\t\t\t\t\t\t\t\t\t\t<a href=\"https:\/\/www.hesge.ch\/hepia\/\" target=\"_blank\">\n\t\t\t\t\t\t\t<img loading=\"lazy\" decoding=\"async\" width=\"500\" height=\"250\" src=\"https:\/\/landschaftskongress.ch\/2022\/wp-content\/uploads\/2025\/08\/HEPIA-Logo.jpeg\" class=\"attachment-large size-large wp-image-803\" alt=\"\" srcset=\"https:\/\/landschaftskongress.ch\/2022\/wp-content\/uploads\/2025\/08\/HEPIA-Logo.jpeg 500w, https:\/\/landschaftskongress.ch\/2022\/wp-content\/uploads\/2025\/08\/HEPIA-Logo-300x150.jpeg 300w\" sizes=\"(max-width: 500px) 100vw, 500px\" \/>\t\t\t\t\t\t\t\t<\/a>\n\t\t\t\t\t\t\t\t\t\t\t\t\t\t\t<\/div>\n\t\t\t\t<\/div>\n\t\t\t\t<div class=\"elementor-element elementor-element-624553e elementor-widget elementor-widget-image\" data-id=\"624553e\" data-element_type=\"widget\" data-e-type=\"widget\" data-widget_type=\"image.default\">\n\t\t\t\t<div class=\"elementor-widget-container\">\n\t\t\t\t\t\t\t\t\t\t\t\t\t\t\t\t<a href=\"https:\/\/www.hslu.ch\/de-ch\/technik-architektur\/\" target=\"_blank\">\n\t\t\t\t\t\t\t<img loading=\"lazy\" decoding=\"async\" width=\"500\" height=\"250\" src=\"https:\/\/landschaftskongress.ch\/2022\/wp-content\/uploads\/2025\/07\/Hochschule-Luzern-HSLU-Raum-Gesellschaft-Logo.jpg\" class=\"attachment-large size-large wp-image-230\" alt=\"\" srcset=\"https:\/\/landschaftskongress.ch\/2022\/wp-content\/uploads\/2025\/07\/Hochschule-Luzern-HSLU-Raum-Gesellschaft-Logo.jpg 500w, https:\/\/landschaftskongress.ch\/2022\/wp-content\/uploads\/2025\/07\/Hochschule-Luzern-HSLU-Raum-Gesellschaft-Logo-300x150.jpg 300w\" sizes=\"(max-width: 500px) 100vw, 500px\" \/>\t\t\t\t\t\t\t\t<\/a>\n\t\t\t\t\t\t\t\t\t\t\t\t\t\t\t<\/div>\n\t\t\t\t<\/div>\n\t\t\t\t<div class=\"elementor-element elementor-element-c77d14b elementor-widget elementor-widget-image\" data-id=\"c77d14b\" data-element_type=\"widget\" data-e-type=\"widget\" data-widget_type=\"image.default\">\n\t\t\t\t<div class=\"elementor-widget-container\">\n\t\t\t\t\t\t\t\t\t\t\t\t\t\t\t\t<a href=\"https:\/\/www.bpuk.ch\/kpk\/ueber-kpk\" target=\"_blank\">\n\t\t\t\t\t\t\t<img loading=\"lazy\" decoding=\"async\" width=\"500\" height=\"250\" src=\"https:\/\/landschaftskongress.ch\/2022\/wp-content\/uploads\/2025\/07\/Kantonsplanerkonferenz-KPK-Logo.jpg\" class=\"attachment-large size-large wp-image-228\" alt=\"\" srcset=\"https:\/\/landschaftskongress.ch\/2022\/wp-content\/uploads\/2025\/07\/Kantonsplanerkonferenz-KPK-Logo.jpg 500w, https:\/\/landschaftskongress.ch\/2022\/wp-content\/uploads\/2025\/07\/Kantonsplanerkonferenz-KPK-Logo-300x150.jpg 300w\" sizes=\"(max-width: 500px) 100vw, 500px\" \/>\t\t\t\t\t\t\t\t<\/a>\n\t\t\t\t\t\t\t\t\t\t\t\t\t\t\t<\/div>\n\t\t\t\t<\/div>\n\t\t\t\t<div class=\"elementor-element elementor-element-5ea42d1 elementor-widget elementor-widget-image\" data-id=\"5ea42d1\" data-element_type=\"widget\" data-e-type=\"widget\" data-widget_type=\"image.default\">\n\t\t\t\t<div class=\"elementor-widget-container\">\n\t\t\t\t\t\t\t\t\t\t\t\t\t\t\t\t<a href=\"https:\/\/www.bsla.ch\/\" target=\"_blank\">\n\t\t\t\t\t\t\t<img loading=\"lazy\" decoding=\"async\" width=\"500\" height=\"250\" src=\"https:\/\/landschaftskongress.ch\/2022\/wp-content\/uploads\/2025\/07\/BSLA-Logo.jpg\" class=\"attachment-large size-large wp-image-235\" alt=\"\" srcset=\"https:\/\/landschaftskongress.ch\/2022\/wp-content\/uploads\/2025\/07\/BSLA-Logo.jpg 500w, https:\/\/landschaftskongress.ch\/2022\/wp-content\/uploads\/2025\/07\/BSLA-Logo-300x150.jpg 300w\" sizes=\"(max-width: 500px) 100vw, 500px\" \/>\t\t\t\t\t\t\t\t<\/a>\n\t\t\t\t\t\t\t\t\t\t\t\t\t\t\t<\/div>\n\t\t\t\t<\/div>\n\t\t\t\t<div class=\"elementor-element elementor-element-763a498 elementor-widget elementor-widget-image\" data-id=\"763a498\" data-element_type=\"widget\" data-e-type=\"widget\" data-widget_type=\"image.default\">\n\t\t\t\t<div class=\"elementor-widget-container\">\n\t\t\t\t\t\t\t\t\t\t\t\t\t\t\t\t<a href=\"https:\/\/fls-fsp.ch\/\" target=\"_blank\">\n\t\t\t\t\t\t\t<img loading=\"lazy\" decoding=\"async\" width=\"500\" height=\"250\" src=\"https:\/\/landschaftskongress.ch\/2022\/wp-content\/uploads\/2025\/07\/Fonds-Landschaft-Schweiz-Logo.jpg\" class=\"attachment-large size-large wp-image-231\" alt=\"\" srcset=\"https:\/\/landschaftskongress.ch\/2022\/wp-content\/uploads\/2025\/07\/Fonds-Landschaft-Schweiz-Logo.jpg 500w, https:\/\/landschaftskongress.ch\/2022\/wp-content\/uploads\/2025\/07\/Fonds-Landschaft-Schweiz-Logo-300x150.jpg 300w\" sizes=\"(max-width: 500px) 100vw, 500px\" \/>\t\t\t\t\t\t\t\t<\/a>\n\t\t\t\t\t\t\t\t\t\t\t\t\t\t\t<\/div>\n\t\t\t\t<\/div>\n\t\t\t\t<div class=\"elementor-element elementor-element-2eb5cb8 elementor-widget elementor-widget-image\" data-id=\"2eb5cb8\" data-element_type=\"widget\" data-e-type=\"widget\" data-widget_type=\"image.default\">\n\t\t\t\t<div class=\"elementor-widget-container\">\n\t\t\t\t\t\t\t\t\t\t\t\t\t\t\t\t<a href=\"https:\/\/www.sia.ch\/\" target=\"_blank\">\n\t\t\t\t\t\t\t<img loading=\"lazy\" decoding=\"async\" width=\"500\" height=\"250\" src=\"https:\/\/landschaftskongress.ch\/2022\/wp-content\/uploads\/2025\/07\/Schweizer-Ingenieur-und-Architektenverein-SIA-Logo.jpg\" class=\"attachment-large size-large wp-image-225\" alt=\"\" srcset=\"https:\/\/landschaftskongress.ch\/2022\/wp-content\/uploads\/2025\/07\/Schweizer-Ingenieur-und-Architektenverein-SIA-Logo.jpg 500w, https:\/\/landschaftskongress.ch\/2022\/wp-content\/uploads\/2025\/07\/Schweizer-Ingenieur-und-Architektenverein-SIA-Logo-300x150.jpg 300w\" sizes=\"(max-width: 500px) 100vw, 500px\" \/>\t\t\t\t\t\t\t\t<\/a>\n\t\t\t\t\t\t\t\t\t\t\t\t\t\t\t<\/div>\n\t\t\t\t<\/div>\n\t\t\t\t<div class=\"elementor-element elementor-element-4f0e0ba elementor-widget elementor-widget-image\" data-id=\"4f0e0ba\" data-element_type=\"widget\" data-e-type=\"widget\" data-widget_type=\"image.default\">\n\t\t\t\t<div class=\"elementor-widget-container\">\n\t\t\t\t\t\t\t\t\t\t\t\t\t\t\t\t<a href=\"https:\/\/www.parks.swiss\/de\/\" target=\"_blank\">\n\t\t\t\t\t\t\t<img loading=\"lazy\" decoding=\"async\" width=\"500\" height=\"250\" src=\"https:\/\/landschaftskongress.ch\/2022\/wp-content\/uploads\/2025\/07\/Netzwerk-Schweizer-Paerke-Logo.jpg\" class=\"attachment-large size-large wp-image-227\" alt=\"\" srcset=\"https:\/\/landschaftskongress.ch\/2022\/wp-content\/uploads\/2025\/07\/Netzwerk-Schweizer-Paerke-Logo.jpg 500w, https:\/\/landschaftskongress.ch\/2022\/wp-content\/uploads\/2025\/07\/Netzwerk-Schweizer-Paerke-Logo-300x150.jpg 300w\" sizes=\"(max-width: 500px) 100vw, 500px\" \/>\t\t\t\t\t\t\t\t<\/a>\n\t\t\t\t\t\t\t\t\t\t\t\t\t\t\t<\/div>\n\t\t\t\t<\/div>\n\t\t\t\t<div class=\"elementor-element elementor-element-0a2d3fa elementor-widget elementor-widget-image\" data-id=\"0a2d3fa\" data-element_type=\"widget\" data-e-type=\"widget\" data-widget_type=\"image.default\">\n\t\t\t\t<div class=\"elementor-widget-container\">\n\t\t\t\t\t\t\t\t\t\t\t\t\t\t\t<img loading=\"lazy\" decoding=\"async\" width=\"500\" height=\"250\" src=\"https:\/\/landschaftskongress.ch\/2022\/wp-content\/uploads\/2025\/08\/eth-Logo.png\" class=\"attachment-large size-large wp-image-793\" alt=\"\" srcset=\"https:\/\/landschaftskongress.ch\/2022\/wp-content\/uploads\/2025\/08\/eth-Logo.png 500w, https:\/\/landschaftskongress.ch\/2022\/wp-content\/uploads\/2025\/08\/eth-Logo-300x150.png 300w\" sizes=\"(max-width: 500px) 100vw, 500px\" \/>\t\t\t\t\t\t\t\t\t\t\t\t\t\t\t<\/div>\n\t\t\t\t<\/div>\n\t\t\t\t<div class=\"elementor-element elementor-element-a73b871 elementor-widget elementor-widget-image\" data-id=\"a73b871\" data-element_type=\"widget\" data-e-type=\"widget\" data-widget_type=\"image.default\">\n\t\t\t\t<div class=\"elementor-widget-container\">\n\t\t\t\t\t\t\t\t\t\t\t\t\t\t\t<img loading=\"lazy\" decoding=\"async\" width=\"500\" height=\"250\" src=\"https:\/\/landschaftskongress.ch\/2022\/wp-content\/uploads\/2025\/07\/zhaw-Logo.png\" class=\"attachment-large size-large wp-image-222\" alt=\"\" srcset=\"https:\/\/landschaftskongress.ch\/2022\/wp-content\/uploads\/2025\/07\/zhaw-Logo.png 500w, https:\/\/landschaftskongress.ch\/2022\/wp-content\/uploads\/2025\/07\/zhaw-Logo-300x150.png 300w\" sizes=\"(max-width: 500px) 100vw, 500px\" \/>\t\t\t\t\t\t\t\t\t\t\t\t\t\t\t<\/div>\n\t\t\t\t<\/div>\n\t\t\t\t<div class=\"elementor-element elementor-element-feab3d4 elementor-widget elementor-widget-image\" data-id=\"feab3d4\" data-element_type=\"widget\" data-e-type=\"widget\" data-widget_type=\"image.default\">\n\t\t\t\t<div class=\"elementor-widget-container\">\n\t\t\t\t\t\t\t\t\t\t\t\t\t\t\t<img loading=\"lazy\" decoding=\"async\" width=\"500\" height=\"250\" src=\"https:\/\/landschaftskongress.ch\/2022\/wp-content\/uploads\/2025\/07\/slfp-Logo.png\" class=\"attachment-large size-large wp-image-223\" alt=\"\" srcset=\"https:\/\/landschaftskongress.ch\/2022\/wp-content\/uploads\/2025\/07\/slfp-Logo.png 500w, https:\/\/landschaftskongress.ch\/2022\/wp-content\/uploads\/2025\/07\/slfp-Logo-300x150.png 300w\" sizes=\"(max-width: 500px) 100vw, 500px\" \/>\t\t\t\t\t\t\t\t\t\t\t\t\t\t\t<\/div>\n\t\t\t\t<\/div>\n\t\t\t\t<div class=\"elementor-element elementor-element-0f7a9bb elementor-widget elementor-widget-image\" data-id=\"0f7a9bb\" data-element_type=\"widget\" data-e-type=\"widget\" data-widget_type=\"image.default\">\n\t\t\t\t<div class=\"elementor-widget-container\">\n\t\t\t\t\t\t\t\t\t\t\t\t\t\t\t<img loading=\"lazy\" decoding=\"async\" width=\"500\" height=\"250\" src=\"https:\/\/landschaftskongress.ch\/2022\/wp-content\/uploads\/2025\/07\/sagw-Logo.png\" class=\"attachment-large size-large wp-image-226\" alt=\"\" srcset=\"https:\/\/landschaftskongress.ch\/2022\/wp-content\/uploads\/2025\/07\/sagw-Logo.png 500w, https:\/\/landschaftskongress.ch\/2022\/wp-content\/uploads\/2025\/07\/sagw-Logo-300x150.png 300w\" sizes=\"(max-width: 500px) 100vw, 500px\" \/>\t\t\t\t\t\t\t\t\t\t\t\t\t\t\t<\/div>\n\t\t\t\t<\/div>\n\t\t\t\t<\/div>\n\t\t\t\t<\/div>\n\t\t\t\t\t<\/div>\n\t\t\t\t<\/div>\n\t\t<div class=\"elementor-element elementor-element-a8f13ab e-flex e-con-boxed e-con e-parent\" data-id=\"a8f13ab\" data-element_type=\"container\" data-e-type=\"container\" data-settings=\"{&quot;background_background&quot;:&quot;classic&quot;}\">\n\t\t\t\t\t<div class=\"e-con-inner\">\n\t\t\t\t<div class=\"elementor-element elementor-element-f2536c5 elementor-invisible elementor-widget elementor-widget-heading\" data-id=\"f2536c5\" data-element_type=\"widget\" data-e-type=\"widget\" data-settings=\"{&quot;_animation&quot;:&quot;fadeInUp&quot;}\" data-widget_type=\"heading.default\">\n\t\t\t\t<div class=\"elementor-widget-container\">\n\t\t\t\t\t<h2 class=\"elementor-heading-title elementor-size-default\">Partner<\/h2>\t\t\t\t<\/div>\n\t\t\t\t<\/div>\n\t\t<div class=\"elementor-element elementor-element-a6dd0cc e-con-full e-flex e-con e-child\" data-id=\"a6dd0cc\" data-element_type=\"container\" data-e-type=\"container\">\n\t\t<div class=\"elementor-element elementor-element-c151cf6 e-con-full e-flex e-con e-child\" data-id=\"c151cf6\" data-element_type=\"container\" data-e-type=\"container\">\n\t\t<div class=\"elementor-element elementor-element-4cc9f9f e-con-full e-flex e-con e-child\" data-id=\"4cc9f9f\" data-element_type=\"container\" data-e-type=\"container\">\n\t\t\t\t<div class=\"elementor-element elementor-element-0310e23 elementor-invisible elementor-widget elementor-widget-heading\" data-id=\"0310e23\" data-element_type=\"widget\" data-e-type=\"widget\" data-settings=\"{&quot;_animation&quot;:&quot;fadeInUp&quot;}\" data-widget_type=\"heading.default\">\n\t\t\t\t<div class=\"elementor-widget-container\">\n\t\t\t\t\t<h3 class=\"elementor-heading-title elementor-size-default\">Partnerorganisationen<\/h3>\t\t\t\t<\/div>\n\t\t\t\t<\/div>\n\t\t\t\t<div class=\"elementor-element elementor-element-e9efda2 Auflistung elementor-invisible elementor-widget elementor-widget-text-editor\" data-id=\"e9efda2\" data-element_type=\"widget\" data-e-type=\"widget\" data-settings=\"{&quot;_animation&quot;:&quot;fadeIn&quot;,&quot;_animation_delay&quot;:300}\" data-widget_type=\"text-editor.default\">\n\t\t\t\t<div class=\"elementor-widget-container\">\n\t\t\t\t\t\t\t\t\t<ul><li>Pro Natura<\/li><li>USIC Schweizerische Vereinigung <br \/>Beratender Ingenieurunternehmungen\u00a0<\/li><\/ul>\t\t\t\t\t\t\t\t<\/div>\n\t\t\t\t<\/div>\n\t\t\t\t<\/div>\n\t\t<div class=\"elementor-element elementor-element-e831a7c e-con-full e-flex e-con e-child\" data-id=\"e831a7c\" data-element_type=\"container\" data-e-type=\"container\">\n\t\t\t\t<div class=\"elementor-element elementor-element-6d457cc elementor-invisible elementor-widget elementor-widget-heading\" data-id=\"6d457cc\" data-element_type=\"widget\" data-e-type=\"widget\" data-settings=\"{&quot;_animation&quot;:&quot;fadeInUp&quot;}\" data-widget_type=\"heading.default\">\n\t\t\t\t<div class=\"elementor-widget-container\">\n\t\t\t\t\t<h3 class=\"elementor-heading-title elementor-size-default\">Mitfinanzierung und Unterst\u00fctzung<\/h3>\t\t\t\t<\/div>\n\t\t\t\t<\/div>\n\t\t\t\t<div class=\"elementor-element elementor-element-78a8143 Auflistung elementor-invisible elementor-widget elementor-widget-text-editor\" data-id=\"78a8143\" data-element_type=\"widget\" data-e-type=\"widget\" data-settings=\"{&quot;_animation&quot;:&quot;fadeIn&quot;,&quot;_animation_delay&quot;:300}\" data-widget_type=\"text-editor.default\">\n\t\t\t\t<div class=\"elementor-widget-container\">\n\t\t\t\t\t\t\t\t\t<ul><li>Stadt Rapperswil-Jona<\/li><li>Hager Partner AG<\/li><li>Bristol-Stiftung<\/li><li>Binding-Stiftung<\/li><li>enea landscape architecture<\/li><li>SKK Landschaftsarchitekten<\/li><\/ul>\t\t\t\t\t\t\t\t<\/div>\n\t\t\t\t<\/div>\n\t\t\t\t<\/div>\n\t\t\t\t<\/div>\n\t\t\t\t<\/div>\n\t\t<div class=\"elementor-element elementor-element-711c199 e-con-full e-flex e-con e-child\" data-id=\"711c199\" data-element_type=\"container\" data-e-type=\"container\">\n\t\t\t\t<div class=\"elementor-element elementor-element-3ef368f elementor-invisible elementor-widget elementor-widget-heading\" data-id=\"3ef368f\" data-element_type=\"widget\" data-e-type=\"widget\" data-settings=\"{&quot;_animation&quot;:&quot;fadeInUp&quot;}\" data-widget_type=\"heading.default\">\n\t\t\t\t<div class=\"elementor-widget-container\">\n\t\t\t\t\t<h3 class=\"elementor-heading-title elementor-size-default\">Organisationskomitee<\/h3>\t\t\t\t<\/div>\n\t\t\t\t<\/div>\n\t\t\t\t<div class=\"elementor-element elementor-element-bb49296 Auflistung elementor-invisible elementor-widget elementor-widget-text-editor\" data-id=\"bb49296\" data-element_type=\"widget\" data-e-type=\"widget\" data-settings=\"{&quot;_animation&quot;:&quot;fadeIn&quot;,&quot;_animation_delay&quot;:300}\" data-widget_type=\"text-editor.default\">\n\t\t\t\t<div class=\"elementor-widget-container\">\n\t\t\t\t\t\t\t\t\t<ul class=\"tableStyle\"><li>Dominik Siegrist (Co-Chair OK)<br \/>OST \u2013 Ostschweizer Fachhochschule, Kuratorium Forum Landschaft, Alpen, P\u00e4rke<\/li><li>Anke Domschky<br \/>Z\u00fcrcher Hochschule f\u00fcr Angewandte Wissenschaften ZHAW<\/li><li>Roman Hapka<br \/>Stiftung Landschaftsschutz<\/li><li>Marcel Hunziker<br \/>Eidg. Forschungsanstalt f\u00fcr Wald, Schnee und Landschaft WSL, Kuratorium Forum Landschaft, Alpen, P\u00e4rke<\/li><li>Lea Ketterer Bonnelame<br \/>OST \u2013 Ostschweizer Fachhochschule<\/li><li>Claudia Moll<br \/>Bundesamt f\u00fcr Umwelt BAFU<\/li><li>Lea Schwendener <br \/>Kanton St.Gallen<\/li><li>Hans-Michael Schmitt (Co-Chair OK)<br \/>OST \u2013 Ostschweizer Fachhochschule<\/li><li>Urs Steiger<br \/>Kuratorium Forum Landschaft, Alpen, P\u00e4rke<\/li><li>Maarit Str\u00f6bele<br \/>Fachstelle Forum Landschaft, Alpen, P\u00e4rke<\/li><li>Micha\u00ebl Tranchellini<br \/>Haute \u00e9cole du paysage, d\u2019ing\u00e9nierie et d\u2019architecture de Gen\u00e8ve HEPIA<\/li><li>Peter Wullschleger<br \/>Bund Schweizer Landschaftsarchitekten und Landschaftsarchitektinnen BSLA, Kuratorium Forum Landschaft, Alpen, P\u00e4rke<\/li><\/ul>\t\t\t\t\t\t\t\t<\/div>\n\t\t\t\t<\/div>\n\t\t\t\t<\/div>\n\t\t<div class=\"elementor-element elementor-element-334198b e-con-full e-flex e-con e-child\" data-id=\"334198b\" data-element_type=\"container\" data-e-type=\"container\">\n\t\t\t\t<div class=\"elementor-element elementor-element-a1f3687 elementor-invisible elementor-widget elementor-widget-heading\" data-id=\"a1f3687\" data-element_type=\"widget\" data-e-type=\"widget\" data-settings=\"{&quot;_animation&quot;:&quot;fadeInUp&quot;}\" data-widget_type=\"heading.default\">\n\t\t\t\t<div class=\"elementor-widget-container\">\n\t\t\t\t\t<h3 class=\"elementor-heading-title elementor-size-default\">Tagungsorganisation<\/h3>\t\t\t\t<\/div>\n\t\t\t\t<\/div>\n\t\t<div class=\"elementor-element elementor-element-b158d68 e-con-full e-flex e-con e-child\" data-id=\"b158d68\" data-element_type=\"container\" data-e-type=\"container\">\n\t\t<div class=\"elementor-element elementor-element-0f0bcbf e-con-full e-flex e-con e-child\" data-id=\"0f0bcbf\" data-element_type=\"container\" data-e-type=\"container\">\n\t\t\t\t<div class=\"elementor-element elementor-element-ad3b68a elementor-invisible elementor-widget elementor-widget-heading\" data-id=\"ad3b68a\" data-element_type=\"widget\" data-e-type=\"widget\" data-settings=\"{&quot;_animation&quot;:&quot;fadeInUp&quot;}\" data-widget_type=\"heading.default\">\n\t\t\t\t<div class=\"elementor-widget-container\">\n\t\t\t\t\t<h4 class=\"elementor-heading-title elementor-size-default\">OST \u2013 Ostschweizer Fachhochschule<\/h4>\t\t\t\t<\/div>\n\t\t\t\t<\/div>\n\t\t\t\t<div class=\"elementor-element elementor-element-933df19 Auflistung elementor-invisible elementor-widget elementor-widget-text-editor\" data-id=\"933df19\" data-element_type=\"widget\" data-e-type=\"widget\" data-settings=\"{&quot;_animation&quot;:&quot;fadeIn&quot;,&quot;_animation_delay&quot;:300}\" data-widget_type=\"text-editor.default\">\n\t\t\t\t<div class=\"elementor-widget-container\">\n\t\t\t\t\t\t\t\t\t<ul><li>Manuela Egeter<\/li><li>Lea Ketterer Bonnelame<\/li><li>Tatjana Pegam<\/li><li>Dominik Siegrist<\/li><\/ul><p>Kontakt: <a href=\"mailto:ilf@ost.ch\" target=\"_blank\" rel=\"noopener\">ilf@ost.ch<\/a><\/p>\t\t\t\t\t\t\t\t<\/div>\n\t\t\t\t<\/div>\n\t\t\t\t<\/div>\n\t\t\t\t<\/div>\n\t\t\t\t<\/div>\n\t\t\t\t\t<\/div>\n\t\t\t\t<\/div>\n\t\t\t\t<\/div>\n\t\t","protected":false},"excerpt":{"rendered":"<p>Tr\u00e4gerschaft \u2013 3. Schweizer Landschaftskongress Der 3. Schweizer Landschaftskongress wird vom Forum Landschaft, Alpen, P\u00e4rke (SCNAT) und der Gastgeberin OST \u2013 Ostschweizer Fachhochschule zusammen mit den Tr\u00e4ger- und Partnerorganisationen organisiert. Gastgeberinstitution OST \u2013 Ostschweizer Fachhochschule Tr\u00e4ger Bundesamt f\u00fcr Umwelt BAFU Bundesamt f\u00fcr Landwirtschaft BLW Bundesamt f\u00fcr Kultur BAK Bundesamt f\u00fcr Raumentwicklung ARE Kanton St. Gallen [&hellip;]<\/p>\n","protected":false},"author":1,"featured_media":0,"parent":0,"menu_order":0,"comment_status":"closed","ping_status":"closed","template":"","meta":{"footnotes":""},"class_list":["post-208","page","type-page","status-publish","hentry"],"_links":{"self":[{"href":"https:\/\/landschaftskongress.ch\/2022\/wp-json\/wp\/v2\/pages\/208","targetHints":{"allow":["GET"]}}],"collection":[{"href":"https:\/\/landschaftskongress.ch\/2022\/wp-json\/wp\/v2\/pages"}],"about":[{"href":"https:\/\/landschaftskongress.ch\/2022\/wp-json\/wp\/v2\/types\/page"}],"author":[{"embeddable":true,"href":"https:\/\/landschaftskongress.ch\/2022\/wp-json\/wp\/v2\/users\/1"}],"replies":[{"embeddable":true,"href":"https:\/\/landschaftskongress.ch\/2022\/wp-json\/wp\/v2\/comments?post=208"}],"version-history":[{"count":169,"href":"https:\/\/landschaftskongress.ch\/2022\/wp-json\/wp\/v2\/pages\/208\/revisions"}],"predecessor-version":[{"id":971,"href":"https:\/\/landschaftskongress.ch\/2022\/wp-json\/wp\/v2\/pages\/208\/revisions\/971"}],"wp:attachment":[{"href":"https:\/\/landschaftskongress.ch\/2022\/wp-json\/wp\/v2\/media?parent=208"}],"curies":[{"name":"wp","href":"https:\/\/api.w.org\/{rel}","templated":true}]}}